{"id":4738,"date":"2021-10-28T14:21:19","date_gmt":"2021-10-28T17:21:19","guid":{"rendered":"https:\/\/www.sertras.com\/gestao-de-fornecedores\/?page_id=4738"},"modified":"2025-04-14T17:24:42","modified_gmt":"2025-04-14T20:24:42","slug":"blog","status":"publish","type":"page","link":"https:\/\/www.sertras.com\/gestao-de-fornecedores\/blog\/","title":{"rendered":"Blog"},"content":{"rendered":"\t\t<div data-elementor-type=\"wp-page\" data-elementor-id=\"4738\" class=\"elementor elementor-4738\" data-elementor-post-type=\"page\">\n\t\t\t\t\t\t<section class=\"elementor-section elementor-top-section elementor-element elementor-element-1a3c4499 elementor-section-height-min-height elementor-section-boxed elementor-section-height-default elementor-section-items-middle\" data-id=\"1a3c4499\" data-element_type=\"section\" data-e-type=\"section\" data-settings=\"{&quot;background_background&quot;:&quot;gradient&quot;,&quot;shape_divider_bottom&quot;:&quot;waves&quot;}\">\n\t\t\t\t\t\t\t<div class=\"elementor-background-overlay\"><\/div>\n\t\t\t\t\t\t<div class=\"elementor-shape elementor-shape-bottom\" aria-hidden=\"true\" data-negative=\"false\">\n\t\t\t<svg xmlns=\"http:\/\/www.w3.org\/2000\/svg\" viewBox=\"0 0 1000 100\" preserveAspectRatio=\"none\">\n\t<path class=\"elementor-shape-fill\" d=\"M421.9,6.5c22.6-2.5,51.5,0.4,75.5,5.3c23.6,4.9,70.9,23.5,100.5,35.7c75.8,32.2,133.7,44.5,192.6,49.7\n\tc23.6,2.1,48.7,3.5,103.4-2.5c54.7-6,106.2-25.6,106.2-25.6V0H0v30.3c0,0,72,32.6,158.4,30.5c39.2-0.7,92.8-6.7,134-22.4\n\tc21.2-8.1,52.2-18.2,79.7-24.2C399.3,7.9,411.6,7.5,421.9,6.5z\"\/>\n<\/svg>\t\t<\/div>\n\t\t\t\t\t<div class=\"elementor-container elementor-column-gap-default\">\n\t\t\t\t\t<div class=\"elementor-column elementor-col-100 elementor-top-column elementor-element elementor-element-50bc5f3f\" data-id=\"50bc5f3f\" data-element_type=\"column\" data-e-type=\"column\">\n\t\t\t<div class=\"elementor-widget-wrap elementor-element-populated\">\n\t\t\t\t\t\t<div class=\"elementor-element elementor-element-83b47eb elementor-widget elementor-widget-heading\" data-id=\"83b47eb\" data-element_type=\"widget\" data-e-type=\"widget\" data-widget_type=\"heading.default\">\n\t\t\t\t<div class=\"elementor-widget-container\">\n\t\t\t\t\t<h2 class=\"elementor-heading-title elementor-size-default\">Blog do Comprador<\/h2>\t\t\t\t<\/div>\n\t\t\t\t<\/div>\n\t\t\t\t<div class=\"elementor-element elementor-element-4ca68066 elementor-widget elementor-widget-heading\" data-id=\"4ca68066\" data-element_type=\"widget\" data-e-type=\"widget\" data-widget_type=\"heading.default\">\n\t\t\t\t<div class=\"elementor-widget-container\">\n\t\t\t\t\t<h3 class=\"elementor-heading-title elementor-size-default\">Material para compradores profissionais.<\/h3>\t\t\t\t<\/div>\n\t\t\t\t<\/div>\n\t\t\t\t\t<\/div>\n\t\t<\/div>\n\t\t\t\t\t<\/div>\n\t\t<\/section>\n\t\t\t\t<section class=\"elementor-section elementor-top-section elementor-element elementor-element-4278704 elementor-section-boxed elementor-section-height-default elementor-section-height-default\" data-id=\"4278704\" data-element_type=\"section\" data-e-type=\"section\">\n\t\t\t\t\t\t<div class=\"elementor-container elementor-column-gap-default\">\n\t\t\t\t\t<div class=\"elementor-column elementor-col-100 elementor-top-column elementor-element elementor-element-4d165a0\" data-id=\"4d165a0\" data-element_type=\"column\" data-e-type=\"column\">\n\t\t\t<div class=\"elementor-widget-wrap elementor-element-populated\">\n\t\t\t\t\t\t<div class=\"elementor-element elementor-element-e1cf0e4 elementor-widget elementor-widget-spacer\" data-id=\"e1cf0e4\" data-element_type=\"widget\" data-e-type=\"widget\" data-widget_type=\"spacer.default\">\n\t\t\t\t<div class=\"elementor-widget-container\">\n\t\t\t\t\t\t\t<div class=\"elementor-spacer\">\n\t\t\t<div class=\"elementor-spacer-inner\"><\/div>\n\t\t<\/div>\n\t\t\t\t\t\t<\/div>\n\t\t\t\t<\/div>\n\t\t\t\t\t<\/div>\n\t\t<\/div>\n\t\t\t\t\t<\/div>\n\t\t<\/section>\n\t\t\t\t<section class=\"elementor-section elementor-top-section elementor-element elementor-element-2843e38 elementor-section-boxed elementor-section-height-default elementor-section-height-default\" data-id=\"2843e38\" data-element_type=\"section\" data-e-type=\"section\">\n\t\t\t\t\t\t<div class=\"elementor-container elementor-column-gap-default\">\n\t\t\t\t\t<div class=\"elementor-column elementor-col-50 elementor-top-column elementor-element elementor-element-6d5e091\" data-id=\"6d5e091\" data-element_type=\"column\" data-e-type=\"column\">\n\t\t\t<div class=\"elementor-widget-wrap elementor-element-populated\">\n\t\t\t\t\t\t<div class=\"elementor-element elementor-element-65c0177 elementor-widget__width-initial elementor-widget elementor-widget-the7_elements\" data-id=\"65c0177\" data-element_type=\"widget\" data-e-type=\"widget\" data-widget_type=\"the7_elements.default\">\n\t\t\t\t<div class=\"elementor-widget-container\">\n\t\t\t\t\t<div class=\"portfolio-shortcode the7-elementor-widget the7_elements-65c0177 mode-grid dt-css-grid-wrap classic-layout-list description-under-image quick-scale-img content-bg-on resize-by-browser-width loading-effect-none jquery-filter\" data-padding=\"30px\" data-mobile-columns-num=\"1\" data-tablet-columns-num=\"2\" data-desktop-columns-num=\"3\" data-wide-desktop-columns-num=\"2\" data-post-limit=\"-1\" data-pagination-mode=\"none\" data-scroll-offset=\"\" aria-live=\"assertive\"><div class=\"dt-css-grid custom-pagination-handler\"><div class=\"visible wf-cell\" data-post-id=\"14665\" data-date=\"2026-02-23T13:14:53-03:00\" data-name=\"ESG: A Nova Maquiagem Corporativa? (Ou Como 5 Minutos Podem Estragar Tudo)\"><article class=\"post visible post-14665 type-post status-publish format-standard has-post-thumbnail hentry category-compliance category-esg category-homologacao category-utilidade-publica tag-compradores tag-due-diligence tag-esg tag-fornecedores tag-gestao-de-fornecedores tag-ia\" data-name=\"ESG: A Nova Maquiagem Corporativa? (Ou Como 5 Minutos Podem Estragar Tudo)\" data-date=\"2026-02-23T13:14:53-03:00\">\n\n\t<div class=\"post-thumbnail-wrap\">\n\t\t<div class=\"post-thumbnail\">\n\n\t\t\t<a class=\"post-thumbnail-rollover layzr-bg img-css-resize-wrapper\" aria-label=\"Post image\" href=\"https:\/\/www.sertras.com\/gestao-de-fornecedores\/esg-nao-e-slogan-greenwashing-real\/\"><img fetchpriority=\"high\" decoding=\"async\" width=\"1200\" height=\"1200\" src=\"data:image\/svg+xml,%3Csvg%20xmlns%3D&#039;http%3A%2F%2Fwww.w3.org%2F2000%2Fsvg&#039;%20viewBox%3D&#039;0%200%201200%201200&#039;%2F%3E\" class=\"attachment-full size-full preload-me aspect lazy lazy-load\" alt=\"Imagem corporativa representando greenwashing e discrep\u00e2ncia entre discurso ESG e a\u00e7\u00f5es reais\" sizes=\"(max-width: 1200px) 100vw, 1200px\" style=\"--ratio: 1200 \/ 1200;\" data-src=\"https:\/\/www.sertras.com\/gestao-de-fornecedores\/wp-content\/uploads\/2026\/02\/ESG-Quebra-evidencias-Blog-Sertras.webp\" loading=\"eager\" data-srcset=\"https:\/\/www.sertras.com\/gestao-de-fornecedores\/wp-content\/uploads\/2026\/02\/ESG-Quebra-evidencias-Blog-Sertras.webp 1200w, https:\/\/www.sertras.com\/gestao-de-fornecedores\/wp-content\/uploads\/2026\/02\/ESG-Quebra-evidencias-Blog-Sertras-300x300.webp 300w, https:\/\/www.sertras.com\/gestao-de-fornecedores\/wp-content\/uploads\/2026\/02\/ESG-Quebra-evidencias-Blog-Sertras-1024x1024.webp 1024w, https:\/\/www.sertras.com\/gestao-de-fornecedores\/wp-content\/uploads\/2026\/02\/ESG-Quebra-evidencias-Blog-Sertras-150x150.webp 150w, https:\/\/www.sertras.com\/gestao-de-fornecedores\/wp-content\/uploads\/2026\/02\/ESG-Quebra-evidencias-Blog-Sertras-768x768.webp 768w\" \/><\/a>\n\t\t<\/div>\n\t<\/div>\n\n\n<div class=\"post-entry-content\">\n\n\t<h3 class=\"ele-entry-title\"><a href=\"https:\/\/www.sertras.com\/gestao-de-fornecedores\/esg-nao-e-slogan-greenwashing-real\/\" rel=\"bookmark\" title=\"ESG: A Nova Maquiagem Corporativa? (Ou Como 5 Minutos Podem Estragar Tudo)\">ESG: A Nova Maquiagem Corporativa? (Ou Como 5 Minutos Podem Estragar Tudo)<\/a><\/h3><div class=\"entry-meta\"><span class=\"meta-item category-link\"><a href=\"https:\/\/www.sertras.com\/gestao-de-fornecedores\/category\/compliance\/\" rel=\"tag\">Compliance<\/a>, <a href=\"https:\/\/www.sertras.com\/gestao-de-fornecedores\/category\/esg\/\" rel=\"tag\">ESG<\/a>, <a href=\"https:\/\/www.sertras.com\/gestao-de-fornecedores\/category\/homologacao\/\" rel=\"tag\">Homologa\u00e7\u00e3o<\/a>, <a href=\"https:\/\/www.sertras.com\/gestao-de-fornecedores\/category\/utilidade-publica\/\" rel=\"tag\">Utilidade P\u00fablica<\/a><\/span><a href=\"https:\/\/www.sertras.com\/gestao-de-fornecedores\/2026\/02\/23\/\" title=\"13:14\" class=\"meta-item data-link\" rel=\"bookmark\"><time class=\"entry-date updated\" datetime=\"2026-02-23T13:14:53-03:00\">23 de fevereiro de 2026<\/time><\/a><\/div>\n<\/div><\/article><\/div><div class=\"visible wf-cell\" data-post-id=\"14385\" data-date=\"2026-01-27T11:00:56-03:00\" data-name=\"Alucina\u00e7\u00e3o de IA: o risco invis\u00edvel na Gest\u00e3o de Fornecedores, Compliance e ESG\"><article class=\"post visible post-14385 type-post status-publish format-standard has-post-thumbnail hentry category-analise-financeira category-compliance category-esg category-gestao-de-terceiros category-homologacao category-utilidade-publica tag-compradores tag-due-diligence tag-esg tag-fornecedores tag-gestao-de-fornecedores tag-ia\" data-name=\"Alucina\u00e7\u00e3o de IA: o risco invis\u00edvel na Gest\u00e3o de Fornecedores, Compliance e ESG\" data-date=\"2026-01-27T11:00:56-03:00\">\n\n\t<div class=\"post-thumbnail-wrap\">\n\t\t<div class=\"post-thumbnail\">\n\n\t\t\t<a class=\"post-thumbnail-rollover layzr-bg img-css-resize-wrapper\" aria-label=\"Post image\" href=\"https:\/\/www.sertras.com\/gestao-de-fornecedores\/alucinacao-ia-gestao-fornecedores-compliance-esg\/\"><img decoding=\"async\" width=\"1536\" height=\"1024\" src=\"data:image\/svg+xml,%3Csvg%20xmlns%3D&#039;http%3A%2F%2Fwww.w3.org%2F2000%2Fsvg&#039;%20viewBox%3D&#039;0%200%201536%201024&#039;%2F%3E\" class=\"attachment-full size-full preload-me aspect lazy lazy-load\" alt=\"\" sizes=\"(max-width: 1536px) 100vw, 1536px\" style=\"--ratio: 1536 \/ 1024;\" data-src=\"https:\/\/www.sertras.com\/gestao-de-fornecedores\/wp-content\/uploads\/2026\/01\/Alucinacao-de-IA-foto.webp\" loading=\"eager\" data-srcset=\"https:\/\/www.sertras.com\/gestao-de-fornecedores\/wp-content\/uploads\/2026\/01\/Alucinacao-de-IA-foto.webp 1536w, https:\/\/www.sertras.com\/gestao-de-fornecedores\/wp-content\/uploads\/2026\/01\/Alucinacao-de-IA-foto-300x200.webp 300w, https:\/\/www.sertras.com\/gestao-de-fornecedores\/wp-content\/uploads\/2026\/01\/Alucinacao-de-IA-foto-1024x683.webp 1024w, https:\/\/www.sertras.com\/gestao-de-fornecedores\/wp-content\/uploads\/2026\/01\/Alucinacao-de-IA-foto-768x512.webp 768w\" \/><\/a>\n\t\t<\/div>\n\t<\/div>\n\n\n<div class=\"post-entry-content\">\n\n\t<h3 class=\"ele-entry-title\"><a href=\"https:\/\/www.sertras.com\/gestao-de-fornecedores\/alucinacao-ia-gestao-fornecedores-compliance-esg\/\" rel=\"bookmark\" title=\"Alucina\u00e7\u00e3o de IA: o risco invis\u00edvel na Gest\u00e3o de Fornecedores, Compliance e ESG\">Alucina\u00e7\u00e3o de IA: o risco invis\u00edvel na Gest\u00e3o de Fornecedores, Compliance e ESG<\/a><\/h3><div class=\"entry-meta\"><span class=\"meta-item category-link\"><a href=\"https:\/\/www.sertras.com\/gestao-de-fornecedores\/category\/analise-financeira\/\" rel=\"tag\">An\u00e1lise Financeira<\/a>, <a href=\"https:\/\/www.sertras.com\/gestao-de-fornecedores\/category\/compliance\/\" rel=\"tag\">Compliance<\/a>, <a href=\"https:\/\/www.sertras.com\/gestao-de-fornecedores\/category\/esg\/\" rel=\"tag\">ESG<\/a>, <a href=\"https:\/\/www.sertras.com\/gestao-de-fornecedores\/category\/gestao-de-terceiros\/\" rel=\"tag\">Gest\u00e3o de Terceiros<\/a>, <a href=\"https:\/\/www.sertras.com\/gestao-de-fornecedores\/category\/homologacao\/\" rel=\"tag\">Homologa\u00e7\u00e3o<\/a>, <a href=\"https:\/\/www.sertras.com\/gestao-de-fornecedores\/category\/utilidade-publica\/\" rel=\"tag\">Utilidade P\u00fablica<\/a><\/span><a href=\"https:\/\/www.sertras.com\/gestao-de-fornecedores\/2026\/01\/27\/\" title=\"11:00\" class=\"meta-item data-link\" rel=\"bookmark\"><time class=\"entry-date updated\" datetime=\"2026-01-27T11:00:56-03:00\">27 de janeiro de 2026<\/time><\/a><\/div>\n<\/div><\/article><\/div><div class=\"visible wf-cell\" data-post-id=\"14361\" data-date=\"2026-01-05T14:46:19-03:00\" data-name=\"Homologa\u00e7\u00e3o de Fornecedores e o AT Kearney Chessboard\"><article class=\"post visible post-14361 type-post status-publish format-standard has-post-thumbnail hentry category-analise-financeira category-esg category-homologacao category-utilidade-publica tag-compradores tag-due-diligence tag-esg tag-fornecedores tag-gestao-de-fornecedores tag-kraljic\" data-name=\"Homologa\u00e7\u00e3o de Fornecedores e o AT Kearney Chessboard\" data-date=\"2026-01-05T14:46:19-03:00\">\n\n\t<div class=\"post-thumbnail-wrap\">\n\t\t<div class=\"post-thumbnail\">\n\n\t\t\t<a class=\"post-thumbnail-rollover layzr-bg img-css-resize-wrapper\" aria-label=\"Post image\" href=\"https:\/\/www.sertras.com\/gestao-de-fornecedores\/homologacao-fornecedores-at-kearney-chessboard\/\"><img decoding=\"async\" width=\"1200\" height=\"628\" src=\"data:image\/svg+xml,%3Csvg%20xmlns%3D&#039;http%3A%2F%2Fwww.w3.org%2F2000%2Fsvg&#039;%20viewBox%3D&#039;0%200%201200%20628&#039;%2F%3E\" class=\"attachment-full size-full preload-me aspect lazy lazy-load\" alt=\"Homologa\u00e7\u00e3o de fornecedores como base de evid\u00eancias para aplicar o AT Kearney Chessboard com governan\u00e7a\" sizes=\"(max-width: 1200px) 100vw, 1200px\" style=\"--ratio: 1200 \/ 628;\" data-src=\"https:\/\/www.sertras.com\/gestao-de-fornecedores\/wp-content\/uploads\/2026\/01\/Chessboard-mais-Homologacao.webp\" loading=\"eager\" data-srcset=\"https:\/\/www.sertras.com\/gestao-de-fornecedores\/wp-content\/uploads\/2026\/01\/Chessboard-mais-Homologacao.webp 1200w, https:\/\/www.sertras.com\/gestao-de-fornecedores\/wp-content\/uploads\/2026\/01\/Chessboard-mais-Homologacao-300x157.webp 300w, https:\/\/www.sertras.com\/gestao-de-fornecedores\/wp-content\/uploads\/2026\/01\/Chessboard-mais-Homologacao-1024x536.webp 1024w, https:\/\/www.sertras.com\/gestao-de-fornecedores\/wp-content\/uploads\/2026\/01\/Chessboard-mais-Homologacao-768x402.webp 768w\" \/><\/a>\n\t\t<\/div>\n\t<\/div>\n\n\n<div class=\"post-entry-content\">\n\n\t<h3 class=\"ele-entry-title\"><a href=\"https:\/\/www.sertras.com\/gestao-de-fornecedores\/homologacao-fornecedores-at-kearney-chessboard\/\" rel=\"bookmark\" title=\"Homologa\u00e7\u00e3o de Fornecedores e o AT Kearney Chessboard\">Homologa\u00e7\u00e3o de Fornecedores e o AT Kearney Chessboard<\/a><\/h3><div class=\"entry-meta\"><span class=\"meta-item category-link\"><a href=\"https:\/\/www.sertras.com\/gestao-de-fornecedores\/category\/analise-financeira\/\" rel=\"tag\">An\u00e1lise Financeira<\/a>, <a href=\"https:\/\/www.sertras.com\/gestao-de-fornecedores\/category\/esg\/\" rel=\"tag\">ESG<\/a>, <a href=\"https:\/\/www.sertras.com\/gestao-de-fornecedores\/category\/homologacao\/\" rel=\"tag\">Homologa\u00e7\u00e3o<\/a>, <a href=\"https:\/\/www.sertras.com\/gestao-de-fornecedores\/category\/utilidade-publica\/\" rel=\"tag\">Utilidade P\u00fablica<\/a><\/span><a href=\"https:\/\/www.sertras.com\/gestao-de-fornecedores\/2026\/01\/05\/\" title=\"14:46\" class=\"meta-item data-link\" rel=\"bookmark\"><time class=\"entry-date updated\" datetime=\"2026-01-05T14:46:19-03:00\">5 de janeiro de 2026<\/time><\/a><\/div>\n<\/div><\/article><\/div><div class=\"visible wf-cell\" data-post-id=\"14323\" data-date=\"2026-01-02T16:18:54-03:00\" data-name=\"Homologa\u00e7\u00e3o de fornecedores: o que ela \u00e9, o que ela n\u00e3o garante e por que negligenci\u00e1-la \u00e9 um erro grave\"><article class=\"post visible post-14323 type-post status-publish format-standard has-post-thumbnail hentry category-homologacao category-utilidade-publica tag-compliance tag-compradores tag-due-diligence tag-fornecedores tag-gestao-de-fornecedores\" data-name=\"Homologa\u00e7\u00e3o de fornecedores: o que ela \u00e9, o que ela n\u00e3o garante e por que negligenci\u00e1-la \u00e9 um erro grave\" data-date=\"2026-01-02T16:18:54-03:00\">\n\n\t<div class=\"post-thumbnail-wrap\">\n\t\t<div class=\"post-thumbnail\">\n\n\t\t\t<a class=\"post-thumbnail-rollover layzr-bg img-css-resize-wrapper\" aria-label=\"Post image\" href=\"https:\/\/www.sertras.com\/gestao-de-fornecedores\/homologacao-de-fornecedores-o-que-e-e-riscos\/\"><img decoding=\"async\" width=\"1536\" height=\"1024\" src=\"data:image\/svg+xml,%3Csvg%20xmlns%3D&#039;http%3A%2F%2Fwww.w3.org%2F2000%2Fsvg&#039;%20viewBox%3D&#039;0%200%201536%201024&#039;%2F%3E\" class=\"attachment-full size-full preload-me aspect lazy lazy-load\" alt=\"Mesa de reuni\u00e3o corporativa representando o processo interno de homologa\u00e7\u00e3o de fornecedores e an\u00e1lise de risco nas compras\" sizes=\"(max-width: 1536px) 100vw, 1536px\" style=\"--ratio: 1536 \/ 1024;\" data-src=\"https:\/\/www.sertras.com\/gestao-de-fornecedores\/wp-content\/uploads\/2026\/01\/Imagem-Blog-Homologacao.webp\" loading=\"eager\" data-srcset=\"https:\/\/www.sertras.com\/gestao-de-fornecedores\/wp-content\/uploads\/2026\/01\/Imagem-Blog-Homologacao.webp 1536w, https:\/\/www.sertras.com\/gestao-de-fornecedores\/wp-content\/uploads\/2026\/01\/Imagem-Blog-Homologacao-300x200.webp 300w, https:\/\/www.sertras.com\/gestao-de-fornecedores\/wp-content\/uploads\/2026\/01\/Imagem-Blog-Homologacao-1024x683.webp 1024w, https:\/\/www.sertras.com\/gestao-de-fornecedores\/wp-content\/uploads\/2026\/01\/Imagem-Blog-Homologacao-768x512.webp 768w\" \/><\/a>\n\t\t<\/div>\n\t<\/div>\n\n\n<div class=\"post-entry-content\">\n\n\t<h3 class=\"ele-entry-title\"><a href=\"https:\/\/www.sertras.com\/gestao-de-fornecedores\/homologacao-de-fornecedores-o-que-e-e-riscos\/\" rel=\"bookmark\" title=\"Homologa\u00e7\u00e3o de fornecedores: o que ela \u00e9, o que ela n\u00e3o garante e por que negligenci\u00e1-la \u00e9 um erro grave\">Homologa\u00e7\u00e3o de fornecedores: o que ela \u00e9, o que ela n\u00e3o garante e por que negligenci\u00e1-la \u00e9 um erro grave<\/a><\/h3><div class=\"entry-meta\"><span class=\"meta-item category-link\"><a href=\"https:\/\/www.sertras.com\/gestao-de-fornecedores\/category\/homologacao\/\" rel=\"tag\">Homologa\u00e7\u00e3o<\/a>, <a href=\"https:\/\/www.sertras.com\/gestao-de-fornecedores\/category\/utilidade-publica\/\" rel=\"tag\">Utilidade P\u00fablica<\/a><\/span><a href=\"https:\/\/www.sertras.com\/gestao-de-fornecedores\/2026\/01\/02\/\" title=\"16:18\" class=\"meta-item data-link\" rel=\"bookmark\"><time class=\"entry-date updated\" datetime=\"2026-01-02T16:18:54-03:00\">2 de janeiro de 2026<\/time><\/a><\/div>\n<\/div><\/article><\/div><div class=\"visible wf-cell\" data-post-id=\"13462\" data-date=\"2025-08-08T10:52:42-03:00\" data-name=\"\ud83d\udce3 LGPD \u00e9 uma piada\"><article class=\"post visible post-13462 type-post status-publish format-standard has-post-thumbnail hentry category-compliance category-esg category-lgpd category-utilidade-publica tag-compradores tag-fornecedores\" data-name=\"\ud83d\udce3 LGPD \u00e9 uma piada\" data-date=\"2025-08-08T10:52:42-03:00\">\n\n\t<div class=\"post-thumbnail-wrap\">\n\t\t<div class=\"post-thumbnail\">\n\n\t\t\t<a class=\"post-thumbnail-rollover layzr-bg img-css-resize-wrapper\" aria-label=\"Post image\" href=\"https:\/\/www.sertras.com\/gestao-de-fornecedores\/falhas-na-aplicacao-da-lgpd\/\"><img decoding=\"async\" width=\"1440\" height=\"900\" src=\"data:image\/svg+xml,%3Csvg%20xmlns%3D&#039;http%3A%2F%2Fwww.w3.org%2F2000%2Fsvg&#039;%20viewBox%3D&#039;0%200%201440%20900&#039;%2F%3E\" class=\"attachment-full size-full preload-me aspect lazy lazy-load\" alt=\"Imagem LGPD\" sizes=\"(max-width: 1440px) 100vw, 1440px\" style=\"--ratio: 1440 \/ 900;\" data-src=\"https:\/\/www.sertras.com\/gestao-de-fornecedores\/wp-content\/uploads\/2025\/07\/49c0175972f1ebc08e5223721f5e8e74bae8c1a3.webp\" loading=\"eager\" data-srcset=\"https:\/\/www.sertras.com\/gestao-de-fornecedores\/wp-content\/uploads\/2025\/07\/49c0175972f1ebc08e5223721f5e8e74bae8c1a3.webp 1440w, https:\/\/www.sertras.com\/gestao-de-fornecedores\/wp-content\/uploads\/2025\/07\/49c0175972f1ebc08e5223721f5e8e74bae8c1a3-300x188.webp 300w, https:\/\/www.sertras.com\/gestao-de-fornecedores\/wp-content\/uploads\/2025\/07\/49c0175972f1ebc08e5223721f5e8e74bae8c1a3-1024x640.webp 1024w, https:\/\/www.sertras.com\/gestao-de-fornecedores\/wp-content\/uploads\/2025\/07\/49c0175972f1ebc08e5223721f5e8e74bae8c1a3-768x480.webp 768w\" \/><\/a>\n\t\t<\/div>\n\t<\/div>\n\n\n<div class=\"post-entry-content\">\n\n\t<h3 class=\"ele-entry-title\"><a href=\"https:\/\/www.sertras.com\/gestao-de-fornecedores\/falhas-na-aplicacao-da-lgpd\/\" rel=\"bookmark\" title=\"\ud83d\udce3 LGPD \u00e9 uma piada\">\ud83d\udce3 LGPD \u00e9 uma piada<\/a><\/h3><div class=\"entry-meta\"><span class=\"meta-item category-link\"><a href=\"https:\/\/www.sertras.com\/gestao-de-fornecedores\/category\/compliance\/\" rel=\"tag\">Compliance<\/a>, <a href=\"https:\/\/www.sertras.com\/gestao-de-fornecedores\/category\/esg\/\" rel=\"tag\">ESG<\/a>, <a href=\"https:\/\/www.sertras.com\/gestao-de-fornecedores\/category\/lgpd\/\" rel=\"tag\">LGPD<\/a>, <a href=\"https:\/\/www.sertras.com\/gestao-de-fornecedores\/category\/utilidade-publica\/\" rel=\"tag\">Utilidade P\u00fablica<\/a><\/span><a href=\"https:\/\/www.sertras.com\/gestao-de-fornecedores\/2025\/08\/08\/\" title=\"10:52\" class=\"meta-item data-link\" rel=\"bookmark\"><time class=\"entry-date updated\" datetime=\"2025-08-08T10:52:42-03:00\">8 de agosto de 2025<\/time><\/a><\/div>\n<\/div><\/article><\/div><div class=\"visible wf-cell\" data-post-id=\"13431\" data-date=\"2025-08-07T17:16:55-03:00\" data-name=\"Canal de den\u00fancias: obriga\u00e7\u00e3o legal para fornecedores s\u00e9rios. E o que a maioria ainda finge n\u00e3o ver!\"><article class=\"post visible post-13431 type-post status-publish format-standard has-post-thumbnail hentry category-compliance category-esg category-homologacao category-lgpd category-utilidade-publica tag-compradores tag-fornecedores\" data-name=\"Canal de den\u00fancias: obriga\u00e7\u00e3o legal para fornecedores s\u00e9rios. E o que a maioria ainda finge n\u00e3o ver!\" data-date=\"2025-08-07T17:16:55-03:00\">\n\n\t<div class=\"post-thumbnail-wrap\">\n\t\t<div class=\"post-thumbnail\">\n\n\t\t\t<a class=\"post-thumbnail-rollover layzr-bg img-css-resize-wrapper\" aria-label=\"Post image\" href=\"https:\/\/www.sertras.com\/gestao-de-fornecedores\/canal-de-denuncias-obrigatorio-fornecedores\/\"><img decoding=\"async\" width=\"1024\" height=\"1024\" src=\"data:image\/svg+xml,%3Csvg%20xmlns%3D&#039;http%3A%2F%2Fwww.w3.org%2F2000%2Fsvg&#039;%20viewBox%3D&#039;0%200%201024%201024&#039;%2F%3E\" class=\"attachment-full size-full preload-me aspect lazy lazy-load\" alt=\"Canal de denuncias\" sizes=\"(max-width: 1024px) 100vw, 1024px\" style=\"--ratio: 1024 \/ 1024;\" data-src=\"https:\/\/www.sertras.com\/gestao-de-fornecedores\/wp-content\/uploads\/2025\/08\/Imagem-artigo-cnal-de-denuncias.webp\" loading=\"eager\" data-srcset=\"https:\/\/www.sertras.com\/gestao-de-fornecedores\/wp-content\/uploads\/2025\/08\/Imagem-artigo-cnal-de-denuncias.webp 1024w, https:\/\/www.sertras.com\/gestao-de-fornecedores\/wp-content\/uploads\/2025\/08\/Imagem-artigo-cnal-de-denuncias-300x300.webp 300w, https:\/\/www.sertras.com\/gestao-de-fornecedores\/wp-content\/uploads\/2025\/08\/Imagem-artigo-cnal-de-denuncias-150x150.webp 150w, https:\/\/www.sertras.com\/gestao-de-fornecedores\/wp-content\/uploads\/2025\/08\/Imagem-artigo-cnal-de-denuncias-768x768.webp 768w\" \/><\/a>\n\t\t<\/div>\n\t<\/div>\n\n\n<div class=\"post-entry-content\">\n\n\t<h3 class=\"ele-entry-title\"><a href=\"https:\/\/www.sertras.com\/gestao-de-fornecedores\/canal-de-denuncias-obrigatorio-fornecedores\/\" rel=\"bookmark\" title=\"Canal de den\u00fancias: obriga\u00e7\u00e3o legal para fornecedores s\u00e9rios. E o que a maioria ainda finge n\u00e3o ver!\">Canal de den\u00fancias: obriga\u00e7\u00e3o legal para fornecedores s\u00e9rios. E o que a maioria ainda finge n\u00e3o ver!<\/a><\/h3><div class=\"entry-meta\"><span class=\"meta-item category-link\"><a href=\"https:\/\/www.sertras.com\/gestao-de-fornecedores\/category\/compliance\/\" rel=\"tag\">Compliance<\/a>, <a href=\"https:\/\/www.sertras.com\/gestao-de-fornecedores\/category\/esg\/\" rel=\"tag\">ESG<\/a>, <a href=\"https:\/\/www.sertras.com\/gestao-de-fornecedores\/category\/homologacao\/\" rel=\"tag\">Homologa\u00e7\u00e3o<\/a>, <a href=\"https:\/\/www.sertras.com\/gestao-de-fornecedores\/category\/lgpd\/\" rel=\"tag\">LGPD<\/a>, <a href=\"https:\/\/www.sertras.com\/gestao-de-fornecedores\/category\/utilidade-publica\/\" rel=\"tag\">Utilidade P\u00fablica<\/a><\/span><a href=\"https:\/\/www.sertras.com\/gestao-de-fornecedores\/2025\/08\/07\/\" title=\"17:16\" class=\"meta-item data-link\" rel=\"bookmark\"><time class=\"entry-date updated\" datetime=\"2025-08-07T17:16:55-03:00\">7 de agosto de 2025<\/time><\/a><\/div>\n<\/div><\/article><\/div><div class=\"visible wf-cell\" data-post-id=\"12225\" data-date=\"2024-06-04T19:32:43-03:00\" data-name=\"Como Vender para Compradores Profissionais\"><article class=\"post visible post-12225 type-post status-publish format-standard has-post-thumbnail hentry category-homologacao category-utilidade-publica tag-compradores tag-fornecedores\" data-name=\"Como Vender para Compradores Profissionais\" data-date=\"2024-06-04T19:32:43-03:00\">\n\n\t<div class=\"post-thumbnail-wrap\">\n\t\t<div class=\"post-thumbnail\">\n\n\t\t\t<a class=\"post-thumbnail-rollover layzr-bg img-css-resize-wrapper\" aria-label=\"Post image\" href=\"https:\/\/www.sertras.com\/gestao-de-fornecedores\/como-vender-para-compradores-profissionais\/\"><img decoding=\"async\" width=\"2560\" height=\"2560\" src=\"data:image\/svg+xml,%3Csvg%20xmlns%3D&#039;http%3A%2F%2Fwww.w3.org%2F2000%2Fsvg&#039;%20viewBox%3D&#039;0%200%202560%202560&#039;%2F%3E\" class=\"attachment-full size-full preload-me aspect lazy lazy-load\" alt=\"Compradores profissionais, homem e mulher apertando as m\u00e3os\" sizes=\"(max-width: 2560px) 100vw, 2560px\" style=\"--ratio: 2560 \/ 2560;\" data-src=\"https:\/\/www.sertras.com\/gestao-de-fornecedores\/wp-content\/uploads\/2024\/06\/view-professional-handshake-business-people-scaled.webp\" loading=\"eager\" data-srcset=\"https:\/\/www.sertras.com\/gestao-de-fornecedores\/wp-content\/uploads\/2024\/06\/view-professional-handshake-business-people-scaled.webp 2560w, https:\/\/www.sertras.com\/gestao-de-fornecedores\/wp-content\/uploads\/2024\/06\/view-professional-handshake-business-people-300x300.webp 300w, https:\/\/www.sertras.com\/gestao-de-fornecedores\/wp-content\/uploads\/2024\/06\/view-professional-handshake-business-people-1024x1024.webp 1024w, https:\/\/www.sertras.com\/gestao-de-fornecedores\/wp-content\/uploads\/2024\/06\/view-professional-handshake-business-people-150x150.webp 150w, https:\/\/www.sertras.com\/gestao-de-fornecedores\/wp-content\/uploads\/2024\/06\/view-professional-handshake-business-people-768x768.webp 768w, https:\/\/www.sertras.com\/gestao-de-fornecedores\/wp-content\/uploads\/2024\/06\/view-professional-handshake-business-people-1536x1536.webp 1536w, https:\/\/www.sertras.com\/gestao-de-fornecedores\/wp-content\/uploads\/2024\/06\/view-professional-handshake-business-people-2048x2048.webp 1920w\" \/><\/a>\n\t\t<\/div>\n\t<\/div>\n\n\n<div class=\"post-entry-content\">\n\n\t<h3 class=\"ele-entry-title\"><a href=\"https:\/\/www.sertras.com\/gestao-de-fornecedores\/como-vender-para-compradores-profissionais\/\" rel=\"bookmark\" title=\"Como Vender para Compradores Profissionais\">Como Vender para Compradores Profissionais<\/a><\/h3><div class=\"entry-meta\"><span class=\"meta-item category-link\"><a href=\"https:\/\/www.sertras.com\/gestao-de-fornecedores\/category\/homologacao\/\" rel=\"tag\">Homologa\u00e7\u00e3o<\/a>, <a href=\"https:\/\/www.sertras.com\/gestao-de-fornecedores\/category\/utilidade-publica\/\" rel=\"tag\">Utilidade P\u00fablica<\/a><\/span><a href=\"https:\/\/www.sertras.com\/gestao-de-fornecedores\/2024\/06\/04\/\" title=\"19:32\" class=\"meta-item data-link\" rel=\"bookmark\"><time class=\"entry-date updated\" datetime=\"2024-06-04T19:32:43-03:00\">4 de junho de 2024<\/time><\/a><\/div>\n<\/div><\/article><\/div><div class=\"visible wf-cell\" data-post-id=\"12095\" data-date=\"2024-02-28T08:24:39-03:00\" data-name=\"Relat\u00f3rio de Homologa\u00e7\u00f5es - 2023\"><article class=\"post visible post-12095 type-post status-publish format-standard has-post-thumbnail hentry category-homologacao category-sertras tag-compradores tag-esg tag-fornecedores tag-gestao-de-fornecedores\" data-name=\"Relat\u00f3rio de Homologa\u00e7\u00f5es &#8211; 2023\" data-date=\"2024-02-28T08:24:39-03:00\">\n\n\t<div class=\"post-thumbnail-wrap\">\n\t\t<div class=\"post-thumbnail\">\n\n\t\t\t<a class=\"post-thumbnail-rollover layzr-bg img-css-resize-wrapper\" aria-label=\"Post image\" href=\"https:\/\/www.sertras.com\/gestao-de-fornecedores\/relatorio-de-homologacoes-2023\/\"><img decoding=\"async\" width=\"1920\" height=\"1080\" src=\"data:image\/svg+xml,%3Csvg%20xmlns%3D&#039;http%3A%2F%2Fwww.w3.org%2F2000%2Fsvg&#039;%20viewBox%3D&#039;0%200%201920%201080&#039;%2F%3E\" class=\"attachment-full size-full preload-me aspect lazy lazy-load\" alt=\"\" sizes=\"(max-width: 1920px) 100vw, 1920px\" style=\"--ratio: 1920 \/ 1080;\" data-src=\"https:\/\/www.sertras.com\/gestao-de-fornecedores\/wp-content\/uploads\/2024\/02\/Design-sem-nome.webp\" loading=\"eager\" data-srcset=\"https:\/\/www.sertras.com\/gestao-de-fornecedores\/wp-content\/uploads\/2024\/02\/Design-sem-nome.webp 1920w, https:\/\/www.sertras.com\/gestao-de-fornecedores\/wp-content\/uploads\/2024\/02\/Design-sem-nome-300x169.webp 300w, https:\/\/www.sertras.com\/gestao-de-fornecedores\/wp-content\/uploads\/2024\/02\/Design-sem-nome-1024x576.webp 1024w, https:\/\/www.sertras.com\/gestao-de-fornecedores\/wp-content\/uploads\/2024\/02\/Design-sem-nome-768x432.webp 768w, https:\/\/www.sertras.com\/gestao-de-fornecedores\/wp-content\/uploads\/2024\/02\/Design-sem-nome-1536x864.webp 1536w\" \/><\/a>\n\t\t<\/div>\n\t<\/div>\n\n\n<div class=\"post-entry-content\">\n\n\t<h3 class=\"ele-entry-title\"><a href=\"https:\/\/www.sertras.com\/gestao-de-fornecedores\/relatorio-de-homologacoes-2023\/\" rel=\"bookmark\" title=\"Relat\u00f3rio de Homologa\u00e7\u00f5es &#8211; 2023\">Relat\u00f3rio de Homologa\u00e7\u00f5es &#8211; 2023<\/a><\/h3><div class=\"entry-meta\"><span class=\"meta-item category-link\"><a href=\"https:\/\/www.sertras.com\/gestao-de-fornecedores\/category\/homologacao\/\" rel=\"tag\">Homologa\u00e7\u00e3o<\/a>, <a href=\"https:\/\/www.sertras.com\/gestao-de-fornecedores\/category\/sertras\/\" rel=\"tag\">Sertras<\/a><\/span><a href=\"https:\/\/www.sertras.com\/gestao-de-fornecedores\/2024\/02\/28\/\" title=\"08:24\" class=\"meta-item data-link\" rel=\"bookmark\"><time class=\"entry-date updated\" datetime=\"2024-02-28T08:24:39-03:00\">28 de fevereiro de 2024<\/time><\/a><\/div>\n<\/div><\/article><\/div><div class=\"visible wf-cell\" data-post-id=\"11670\" data-date=\"2024-01-17T08:34:53-03:00\" data-name=\"A perspectiva PESTEL no planejamento estrat\u00e9gico\"><article class=\"post visible post-11670 type-post status-publish format-standard has-post-thumbnail hentry category-utilidade-publica tag-compradores tag-fornecedores\" data-name=\"A perspectiva PESTEL no planejamento estrat\u00e9gico\" data-date=\"2024-01-17T08:34:53-03:00\">\n\n\t<div class=\"post-thumbnail-wrap\">\n\t\t<div class=\"post-thumbnail\">\n\n\t\t\t<a class=\"post-thumbnail-rollover layzr-bg img-css-resize-wrapper\" aria-label=\"Post image\" href=\"https:\/\/www.sertras.com\/gestao-de-fornecedores\/analise-pestel\/\"><img decoding=\"async\" width=\"1280\" height=\"720\" src=\"data:image\/svg+xml,%3Csvg%20xmlns%3D&#039;http%3A%2F%2Fwww.w3.org%2F2000%2Fsvg&#039;%20viewBox%3D&#039;0%200%201280%20720&#039;%2F%3E\" class=\"attachment-full size-full preload-me aspect lazy lazy-load\" alt=\"\" sizes=\"(max-width: 1280px) 100vw, 1280px\" style=\"--ratio: 1280 \/ 720;\" data-src=\"https:\/\/www.sertras.com\/gestao-de-fornecedores\/wp-content\/uploads\/2024\/01\/PESTEL-1024x576-1.webp\" loading=\"eager\" data-srcset=\"https:\/\/www.sertras.com\/gestao-de-fornecedores\/wp-content\/uploads\/2024\/01\/PESTEL-1024x576-1.webp 1280w, https:\/\/www.sertras.com\/gestao-de-fornecedores\/wp-content\/uploads\/2024\/01\/PESTEL-1024x576-1-300x169.webp 300w, https:\/\/www.sertras.com\/gestao-de-fornecedores\/wp-content\/uploads\/2024\/01\/PESTEL-1024x576-1-1024x576.webp 1024w, https:\/\/www.sertras.com\/gestao-de-fornecedores\/wp-content\/uploads\/2024\/01\/PESTEL-1024x576-1-768x432.webp 768w\" \/><\/a>\n\t\t<\/div>\n\t<\/div>\n\n\n<div class=\"post-entry-content\">\n\n\t<h3 class=\"ele-entry-title\"><a href=\"https:\/\/www.sertras.com\/gestao-de-fornecedores\/analise-pestel\/\" rel=\"bookmark\" title=\"A perspectiva PESTEL no planejamento estrat\u00e9gico\">A perspectiva PESTEL no planejamento estrat\u00e9gico<\/a><\/h3><div class=\"entry-meta\"><span class=\"meta-item category-link\"><a href=\"https:\/\/www.sertras.com\/gestao-de-fornecedores\/category\/utilidade-publica\/\" rel=\"tag\">Utilidade P\u00fablica<\/a><\/span><a href=\"https:\/\/www.sertras.com\/gestao-de-fornecedores\/2024\/01\/17\/\" title=\"08:34\" class=\"meta-item data-link\" rel=\"bookmark\"><time class=\"entry-date updated\" datetime=\"2024-01-17T08:34:53-03:00\">17 de janeiro de 2024<\/time><\/a><\/div>\n<\/div><\/article><\/div><div class=\"visible wf-cell\" data-post-id=\"11663\" data-date=\"2024-01-08T12:39:07-03:00\" data-name=\"An\u00e1lise SWOT\"><article class=\"post visible post-11663 type-post status-publish format-standard has-post-thumbnail hentry category-utilidade-publica tag-compradores tag-fornecedores\" data-name=\"An\u00e1lise SWOT\" data-date=\"2024-01-08T12:39:07-03:00\">\n\n\t<div class=\"post-thumbnail-wrap\">\n\t\t<div class=\"post-thumbnail\">\n\n\t\t\t<a class=\"post-thumbnail-rollover layzr-bg img-css-resize-wrapper\" aria-label=\"Post image\" href=\"https:\/\/www.sertras.com\/gestao-de-fornecedores\/analise-swot\/\"><img decoding=\"async\" width=\"1280\" height=\"720\" src=\"data:image\/svg+xml,%3Csvg%20xmlns%3D&#039;http%3A%2F%2Fwww.w3.org%2F2000%2Fsvg&#039;%20viewBox%3D&#039;0%200%201280%20720&#039;%2F%3E\" class=\"attachment-full size-full preload-me aspect lazy lazy-load\" alt=\"M\u00e3o desenhando uma matriz SWOT em um vidro.\" sizes=\"(max-width: 1280px) 100vw, 1280px\" style=\"--ratio: 1280 \/ 720;\" data-src=\"https:\/\/www.sertras.com\/gestao-de-fornecedores\/wp-content\/uploads\/2024\/01\/SWOT.webp\" loading=\"eager\" data-srcset=\"https:\/\/www.sertras.com\/gestao-de-fornecedores\/wp-content\/uploads\/2024\/01\/SWOT.webp 1280w, https:\/\/www.sertras.com\/gestao-de-fornecedores\/wp-content\/uploads\/2024\/01\/SWOT-300x169.webp 300w, https:\/\/www.sertras.com\/gestao-de-fornecedores\/wp-content\/uploads\/2024\/01\/SWOT-1024x576.webp 1024w, https:\/\/www.sertras.com\/gestao-de-fornecedores\/wp-content\/uploads\/2024\/01\/SWOT-768x432.webp 768w\" \/><\/a>\n\t\t<\/div>\n\t<\/div>\n\n\n<div class=\"post-entry-content\">\n\n\t<h3 class=\"ele-entry-title\"><a href=\"https:\/\/www.sertras.com\/gestao-de-fornecedores\/analise-swot\/\" rel=\"bookmark\" title=\"An\u00e1lise SWOT\">An\u00e1lise SWOT<\/a><\/h3><div class=\"entry-meta\"><span class=\"meta-item category-link\"><a href=\"https:\/\/www.sertras.com\/gestao-de-fornecedores\/category\/utilidade-publica\/\" rel=\"tag\">Utilidade P\u00fablica<\/a><\/span><a href=\"https:\/\/www.sertras.com\/gestao-de-fornecedores\/2024\/01\/08\/\" title=\"12:39\" class=\"meta-item data-link\" rel=\"bookmark\"><time class=\"entry-date updated\" datetime=\"2024-01-08T12:39:07-03:00\">8 de janeiro de 2024<\/time><\/a><\/div>\n<\/div><\/article><\/div><div class=\"visible wf-cell\" data-post-id=\"11649\" data-date=\"2024-01-08T09:32:12-03:00\" data-name=\"Miss\u00e3o, Vis\u00e3o e Valores: A filosofia por tr\u00e1s de toda empresa\"><article class=\"post visible post-11649 type-post status-publish format-standard has-post-thumbnail hentry category-utilidade-publica tag-compradores tag-fornecedores\" data-name=\"Miss\u00e3o, Vis\u00e3o e Valores: A filosofia por tr\u00e1s de toda empresa\" data-date=\"2024-01-08T09:32:12-03:00\">\n\n\t<div class=\"post-thumbnail-wrap\">\n\t\t<div class=\"post-thumbnail\">\n\n\t\t\t<a class=\"post-thumbnail-rollover layzr-bg img-css-resize-wrapper\" aria-label=\"Post image\" href=\"https:\/\/www.sertras.com\/gestao-de-fornecedores\/missao-visao-e-valores-a-filosofia-por-tras-de-toda-empresa\/\"><img decoding=\"async\" width=\"1280\" height=\"720\" src=\"data:image\/svg+xml,%3Csvg%20xmlns%3D&#039;http%3A%2F%2Fwww.w3.org%2F2000%2Fsvg&#039;%20viewBox%3D&#039;0%200%201280%20720&#039;%2F%3E\" class=\"attachment-full size-full preload-me aspect lazy lazy-load\" alt=\"Grupo de pessoas em reuni\u00e3o\" sizes=\"(max-width: 1280px) 100vw, 1280px\" style=\"--ratio: 1280 \/ 720;\" data-src=\"https:\/\/www.sertras.com\/gestao-de-fornecedores\/wp-content\/uploads\/2024\/01\/Artigo-Missao.webp\" loading=\"eager\" data-srcset=\"https:\/\/www.sertras.com\/gestao-de-fornecedores\/wp-content\/uploads\/2024\/01\/Artigo-Missao.webp 1280w, https:\/\/www.sertras.com\/gestao-de-fornecedores\/wp-content\/uploads\/2024\/01\/Artigo-Missao-300x169.webp 300w, https:\/\/www.sertras.com\/gestao-de-fornecedores\/wp-content\/uploads\/2024\/01\/Artigo-Missao-1024x576.webp 1024w, https:\/\/www.sertras.com\/gestao-de-fornecedores\/wp-content\/uploads\/2024\/01\/Artigo-Missao-768x432.webp 768w\" \/><\/a>\n\t\t<\/div>\n\t<\/div>\n\n\n<div class=\"post-entry-content\">\n\n\t<h3 class=\"ele-entry-title\"><a href=\"https:\/\/www.sertras.com\/gestao-de-fornecedores\/missao-visao-e-valores-a-filosofia-por-tras-de-toda-empresa\/\" rel=\"bookmark\" title=\"Miss\u00e3o, Vis\u00e3o e Valores: A filosofia por tr\u00e1s de toda empresa\">Miss\u00e3o, Vis\u00e3o e Valores: A filosofia por tr\u00e1s de toda empresa<\/a><\/h3><div class=\"entry-meta\"><span class=\"meta-item category-link\"><a href=\"https:\/\/www.sertras.com\/gestao-de-fornecedores\/category\/utilidade-publica\/\" rel=\"tag\">Utilidade P\u00fablica<\/a><\/span><a href=\"https:\/\/www.sertras.com\/gestao-de-fornecedores\/2024\/01\/08\/\" title=\"09:32\" class=\"meta-item data-link\" rel=\"bookmark\"><time class=\"entry-date updated\" datetime=\"2024-01-08T09:32:12-03:00\">8 de janeiro de 2024<\/time><\/a><\/div>\n<\/div><\/article><\/div><div class=\"visible wf-cell\" data-post-id=\"11379\" data-date=\"2023-12-11T14:39:02-03:00\" data-name=\"Greenwashing na Gest\u00e3o de Fornecedores: Desmascarando Pr\u00e1ticas Enganosas.\"><article class=\"post visible post-11379 type-post status-publish format-standard has-post-thumbnail hentry category-esg tag-compradores tag-fornecedores tag-gestao-de-fornecedores tag-kraljic\" data-name=\"Greenwashing na Gest\u00e3o de Fornecedores: Desmascarando Pr\u00e1ticas Enganosas.\" data-date=\"2023-12-11T14:39:02-03:00\">\n\n\t<div class=\"post-thumbnail-wrap\">\n\t\t<div class=\"post-thumbnail\">\n\n\t\t\t<a class=\"post-thumbnail-rollover layzr-bg img-css-resize-wrapper\" aria-label=\"Post image\" href=\"https:\/\/www.sertras.com\/gestao-de-fornecedores\/greenwashing-na-gestao-de-fornecedores\/\"><img decoding=\"async\" width=\"1920\" height=\"1280\" src=\"data:image\/svg+xml,%3Csvg%20xmlns%3D&#039;http%3A%2F%2Fwww.w3.org%2F2000%2Fsvg&#039;%20viewBox%3D&#039;0%200%201920%201280&#039;%2F%3E\" class=\"attachment-full size-full preload-me aspect lazy lazy-load\" alt=\"\" sizes=\"(max-width: 1920px) 100vw, 1920px\" style=\"--ratio: 1920 \/ 1280;\" data-src=\"https:\/\/www.sertras.com\/gestao-de-fornecedores\/wp-content\/uploads\/2023\/12\/pesquisadores-em-busca-de-fontes-alternativas-de-energia-scaled.webp\" loading=\"eager\" data-srcset=\"https:\/\/www.sertras.com\/gestao-de-fornecedores\/wp-content\/uploads\/2023\/12\/pesquisadores-em-busca-de-fontes-alternativas-de-energia-scaled.webp 1920w, https:\/\/www.sertras.com\/gestao-de-fornecedores\/wp-content\/uploads\/2023\/12\/pesquisadores-em-busca-de-fontes-alternativas-de-energia-300x200.webp 300w, https:\/\/www.sertras.com\/gestao-de-fornecedores\/wp-content\/uploads\/2023\/12\/pesquisadores-em-busca-de-fontes-alternativas-de-energia-1024x683.webp 1024w, https:\/\/www.sertras.com\/gestao-de-fornecedores\/wp-content\/uploads\/2023\/12\/pesquisadores-em-busca-de-fontes-alternativas-de-energia-768x512.webp 768w, https:\/\/www.sertras.com\/gestao-de-fornecedores\/wp-content\/uploads\/2023\/12\/pesquisadores-em-busca-de-fontes-alternativas-de-energia-1536x1024.webp 1536w\" \/><\/a>\n\t\t<\/div>\n\t<\/div>\n\n\n<div class=\"post-entry-content\">\n\n\t<h3 class=\"ele-entry-title\"><a href=\"https:\/\/www.sertras.com\/gestao-de-fornecedores\/greenwashing-na-gestao-de-fornecedores\/\" rel=\"bookmark\" title=\"Greenwashing na Gest\u00e3o de Fornecedores: Desmascarando Pr\u00e1ticas Enganosas.\">Greenwashing na Gest\u00e3o de Fornecedores: Desmascarando Pr\u00e1ticas Enganosas.<\/a><\/h3><div class=\"entry-meta\"><span class=\"meta-item category-link\"><a href=\"https:\/\/www.sertras.com\/gestao-de-fornecedores\/category\/esg\/\" rel=\"tag\">ESG<\/a><\/span><a href=\"https:\/\/www.sertras.com\/gestao-de-fornecedores\/2023\/12\/11\/\" title=\"14:39\" class=\"meta-item data-link\" rel=\"bookmark\"><time class=\"entry-date updated\" datetime=\"2023-12-11T14:39:02-03:00\">11 de dezembro de 2023<\/time><\/a><\/div>\n<\/div><\/article><\/div><div class=\"visible wf-cell\" data-post-id=\"11174\" data-date=\"2023-12-04T12:46:03-03:00\" data-name=\"An\u00e1lise financeira Sertras Atualiza\u00e7\u00e3o 2023\"><article class=\"post visible post-11174 type-post status-publish format-standard has-post-thumbnail hentry category-analise-financeira category-homologacao tag-compradores tag-gestao-de-fornecedores\" data-name=\"An\u00e1lise financeira Sertras Atualiza\u00e7\u00e3o 2023\" data-date=\"2023-12-04T12:46:03-03:00\">\n\n\t<div class=\"post-thumbnail-wrap\">\n\t\t<div class=\"post-thumbnail\">\n\n\t\t\t<a class=\"post-thumbnail-rollover layzr-bg img-css-resize-wrapper\" aria-label=\"Post image\" href=\"https:\/\/www.sertras.com\/gestao-de-fornecedores\/analise-financeira-sertras-2023\/\"><img decoding=\"async\" width=\"595\" height=\"524\" src=\"data:image\/svg+xml,%3Csvg%20xmlns%3D&#039;http%3A%2F%2Fwww.w3.org%2F2000%2Fsvg&#039;%20viewBox%3D&#039;0%200%20595%20524&#039;%2F%3E\" class=\"attachment-full size-full preload-me aspect lazy lazy-load\" alt=\"Imagem de um grafico de barras em 3D e uma de pizza em 3D com o logo da Sertras na esquina inferior direita.\" sizes=\"(max-width: 595px) 100vw, 595px\" style=\"--ratio: 595 \/ 524;\" data-src=\"https:\/\/www.sertras.com\/gestao-de-fornecedores\/wp-content\/uploads\/2023\/12\/Financeiro2.png\" loading=\"eager\" data-srcset=\"https:\/\/www.sertras.com\/gestao-de-fornecedores\/wp-content\/uploads\/2023\/12\/Financeiro2.png 595w, https:\/\/www.sertras.com\/gestao-de-fornecedores\/wp-content\/uploads\/2023\/12\/Financeiro2-300x264.png 300w\" \/><\/a>\n\t\t<\/div>\n\t<\/div>\n\n\n<div class=\"post-entry-content\">\n\n\t<h3 class=\"ele-entry-title\"><a href=\"https:\/\/www.sertras.com\/gestao-de-fornecedores\/analise-financeira-sertras-2023\/\" rel=\"bookmark\" title=\"An\u00e1lise financeira Sertras Atualiza\u00e7\u00e3o 2023\">An\u00e1lise financeira Sertras Atualiza\u00e7\u00e3o 2023<\/a><\/h3><div class=\"entry-meta\"><span class=\"meta-item category-link\"><a href=\"https:\/\/www.sertras.com\/gestao-de-fornecedores\/category\/analise-financeira\/\" rel=\"tag\">An\u00e1lise Financeira<\/a>, <a href=\"https:\/\/www.sertras.com\/gestao-de-fornecedores\/category\/homologacao\/\" rel=\"tag\">Homologa\u00e7\u00e3o<\/a><\/span><a href=\"https:\/\/www.sertras.com\/gestao-de-fornecedores\/2023\/12\/04\/\" title=\"12:46\" class=\"meta-item data-link\" rel=\"bookmark\"><time class=\"entry-date updated\" datetime=\"2023-12-04T12:46:03-03:00\">4 de dezembro de 2023<\/time><\/a><\/div>\n<\/div><\/article><\/div><div class=\"visible wf-cell\" data-post-id=\"6677\" data-date=\"2023-10-13T15:13:50-03:00\" data-name=\"Movimento Elas Lideram 2030 - Apresentamos as Gerentes\"><article class=\"post visible post-6677 type-post status-publish format-standard has-post-thumbnail hentry category-esg category-sertras tag-compradores tag-fornecedores\" data-name=\"Movimento Elas Lideram 2030 &#8211; Apresentamos as Gerentes\" data-date=\"2023-10-13T15:13:50-03:00\">\n\n\t<div class=\"post-thumbnail-wrap\">\n\t\t<div class=\"post-thumbnail\">\n\n\t\t\t<a class=\"post-thumbnail-rollover layzr-bg img-css-resize-wrapper\" aria-label=\"Post image\" href=\"https:\/\/www.sertras.com\/gestao-de-fornecedores\/movimento-elas-lideram-2030-apresentamos-as-gerentes\/\"><img decoding=\"async\" width=\"1366\" height=\"768\" src=\"data:image\/svg+xml,%3Csvg%20xmlns%3D&#039;http%3A%2F%2Fwww.w3.org%2F2000%2Fsvg&#039;%20viewBox%3D&#039;0%200%201366%20768&#039;%2F%3E\" class=\"attachment-full size-full preload-me aspect lazy lazy-load\" alt=\"\" sizes=\"(max-width: 1366px) 100vw, 1366px\" style=\"--ratio: 1366 \/ 768;\" data-src=\"https:\/\/www.sertras.com\/gestao-de-fornecedores\/wp-content\/uploads\/2022\/09\/capa-coordenadoras.png\" loading=\"eager\" data-srcset=\"https:\/\/www.sertras.com\/gestao-de-fornecedores\/wp-content\/uploads\/2022\/09\/capa-coordenadoras.png 1366w, https:\/\/www.sertras.com\/gestao-de-fornecedores\/wp-content\/uploads\/2022\/09\/capa-coordenadoras-300x169.png 300w, https:\/\/www.sertras.com\/gestao-de-fornecedores\/wp-content\/uploads\/2022\/09\/capa-coordenadoras-1024x576.png 1024w, https:\/\/www.sertras.com\/gestao-de-fornecedores\/wp-content\/uploads\/2022\/09\/capa-coordenadoras-768x432.png 768w\" \/><\/a>\n\t\t<\/div>\n\t<\/div>\n\n\n<div class=\"post-entry-content\">\n\n\t<h3 class=\"ele-entry-title\"><a href=\"https:\/\/www.sertras.com\/gestao-de-fornecedores\/movimento-elas-lideram-2030-apresentamos-as-gerentes\/\" rel=\"bookmark\" title=\"Movimento Elas Lideram 2030 &#8211; Apresentamos as Gerentes\">Movimento Elas Lideram 2030 &#8211; Apresentamos as Gerentes<\/a><\/h3><div class=\"entry-meta\"><span class=\"meta-item category-link\"><a href=\"https:\/\/www.sertras.com\/gestao-de-fornecedores\/category\/esg\/\" rel=\"tag\">ESG<\/a>, <a href=\"https:\/\/www.sertras.com\/gestao-de-fornecedores\/category\/sertras\/\" rel=\"tag\">Sertras<\/a><\/span><a href=\"https:\/\/www.sertras.com\/gestao-de-fornecedores\/2023\/10\/13\/\" title=\"15:13\" class=\"meta-item data-link\" rel=\"bookmark\"><time class=\"entry-date updated\" datetime=\"2023-10-13T15:13:50-03:00\">13 de outubro de 2023<\/time><\/a><\/div>\n<\/div><\/article><\/div><div class=\"visible wf-cell\" data-post-id=\"10491\" data-date=\"2023-08-22T13:53:55-03:00\" data-name=\"Quais os riscos de contratar um fornecedor sem an\u00e1lise financeira?\"><article class=\"post visible post-10491 type-post status-publish format-standard has-post-thumbnail hentry category-analise-financeira tag-compradores tag-gestao-de-fornecedores\" data-name=\"Quais os riscos de contratar um fornecedor sem an\u00e1lise financeira?\" data-date=\"2023-08-22T13:53:55-03:00\">\n\n\t<div class=\"post-thumbnail-wrap\">\n\t\t<div class=\"post-thumbnail\">\n\n\t\t\t<a class=\"post-thumbnail-rollover layzr-bg img-css-resize-wrapper\" aria-label=\"Post image\" href=\"https:\/\/www.sertras.com\/gestao-de-fornecedores\/quais-os-riscos-de-contratar-um-fornecedor-sem-analise-financeira\/\"><img decoding=\"async\" width=\"1920\" height=\"1080\" src=\"data:image\/svg+xml,%3Csvg%20xmlns%3D&#039;http%3A%2F%2Fwww.w3.org%2F2000%2Fsvg&#039;%20viewBox%3D&#039;0%200%201920%201080&#039;%2F%3E\" class=\"attachment-full size-full preload-me aspect lazy lazy-load\" alt=\"\" sizes=\"(max-width: 1920px) 100vw, 1920px\" style=\"--ratio: 1920 \/ 1080;\" data-src=\"https:\/\/www.sertras.com\/gestao-de-fornecedores\/wp-content\/uploads\/2023\/08\/capa-blog.png\" loading=\"eager\" data-srcset=\"https:\/\/www.sertras.com\/gestao-de-fornecedores\/wp-content\/uploads\/2023\/08\/capa-blog.png 1920w, https:\/\/www.sertras.com\/gestao-de-fornecedores\/wp-content\/uploads\/2023\/08\/capa-blog-300x169.png 300w, https:\/\/www.sertras.com\/gestao-de-fornecedores\/wp-content\/uploads\/2023\/08\/capa-blog-1024x576.png 1024w, https:\/\/www.sertras.com\/gestao-de-fornecedores\/wp-content\/uploads\/2023\/08\/capa-blog-768x432.png 768w, https:\/\/www.sertras.com\/gestao-de-fornecedores\/wp-content\/uploads\/2023\/08\/capa-blog-1536x864.png 1536w\" \/><\/a>\n\t\t<\/div>\n\t<\/div>\n\n\n<div class=\"post-entry-content\">\n\n\t<h3 class=\"ele-entry-title\"><a href=\"https:\/\/www.sertras.com\/gestao-de-fornecedores\/quais-os-riscos-de-contratar-um-fornecedor-sem-analise-financeira\/\" rel=\"bookmark\" title=\"Quais os riscos de contratar um fornecedor sem an\u00e1lise financeira?\">Quais os riscos de contratar um fornecedor sem an\u00e1lise financeira?<\/a><\/h3><div class=\"entry-meta\"><span class=\"meta-item category-link\"><a href=\"https:\/\/www.sertras.com\/gestao-de-fornecedores\/category\/analise-financeira\/\" rel=\"tag\">An\u00e1lise Financeira<\/a><\/span><a href=\"https:\/\/www.sertras.com\/gestao-de-fornecedores\/2023\/08\/22\/\" title=\"13:53\" class=\"meta-item data-link\" rel=\"bookmark\"><time class=\"entry-date updated\" datetime=\"2023-08-22T13:53:55-03:00\">22 de agosto de 2023<\/time><\/a><\/div>\n<\/div><\/article><\/div><div class=\"visible wf-cell\" data-post-id=\"10479\" data-date=\"2023-07-13T09:25:38-03:00\" data-name=\"Seis Estrat\u00e9gias Essenciais para uma Gest\u00e3o de Fornecedores Eficiente\"><article class=\"post visible post-10479 type-post status-publish format-standard has-post-thumbnail hentry category-analise-financeira category-avaliacao-de-desempenho category-compliance category-gestao-de-terceiros category-homologacao category-lgpd tag-compradores tag-gestao-de-fornecedores\" data-name=\"Seis Estrat\u00e9gias Essenciais para uma Gest\u00e3o de Fornecedores Eficiente\" data-date=\"2023-07-13T09:25:38-03:00\">\n\n\t<div class=\"post-thumbnail-wrap\">\n\t\t<div class=\"post-thumbnail\">\n\n\t\t\t<a class=\"post-thumbnail-rollover layzr-bg img-css-resize-wrapper\" aria-label=\"Post image\" href=\"https:\/\/www.sertras.com\/gestao-de-fornecedores\/seis-estrategias-para-uma-gestao-eficiente\/\"><img decoding=\"async\" width=\"1366\" height=\"768\" src=\"data:image\/svg+xml,%3Csvg%20xmlns%3D&#039;http%3A%2F%2Fwww.w3.org%2F2000%2Fsvg&#039;%20viewBox%3D&#039;0%200%201366%20768&#039;%2F%3E\" class=\"attachment-full size-full preload-me aspect lazy lazy-load\" alt=\"\" sizes=\"(max-width: 1366px) 100vw, 1366px\" style=\"--ratio: 1366 \/ 768;\" data-src=\"https:\/\/www.sertras.com\/gestao-de-fornecedores\/wp-content\/uploads\/2023\/07\/capa.png\" loading=\"eager\" data-srcset=\"https:\/\/www.sertras.com\/gestao-de-fornecedores\/wp-content\/uploads\/2023\/07\/capa.png 1366w, https:\/\/www.sertras.com\/gestao-de-fornecedores\/wp-content\/uploads\/2023\/07\/capa-300x169.png 300w, https:\/\/www.sertras.com\/gestao-de-fornecedores\/wp-content\/uploads\/2023\/07\/capa-1024x576.png 1024w, https:\/\/www.sertras.com\/gestao-de-fornecedores\/wp-content\/uploads\/2023\/07\/capa-768x432.png 768w\" \/><\/a>\n\t\t<\/div>\n\t<\/div>\n\n\n<div class=\"post-entry-content\">\n\n\t<h3 class=\"ele-entry-title\"><a href=\"https:\/\/www.sertras.com\/gestao-de-fornecedores\/seis-estrategias-para-uma-gestao-eficiente\/\" rel=\"bookmark\" title=\"Seis Estrat\u00e9gias Essenciais para uma Gest\u00e3o de Fornecedores Eficiente\">Seis Estrat\u00e9gias Essenciais para uma Gest\u00e3o de Fornecedores Eficiente<\/a><\/h3><div class=\"entry-meta\"><span class=\"meta-item category-link\"><a href=\"https:\/\/www.sertras.com\/gestao-de-fornecedores\/category\/analise-financeira\/\" rel=\"tag\">An\u00e1lise Financeira<\/a>, <a href=\"https:\/\/www.sertras.com\/gestao-de-fornecedores\/category\/avaliacao-de-desempenho\/\" rel=\"tag\">Avalia\u00e7\u00e3o de Desempenho<\/a>, <a href=\"https:\/\/www.sertras.com\/gestao-de-fornecedores\/category\/compliance\/\" rel=\"tag\">Compliance<\/a>, <a href=\"https:\/\/www.sertras.com\/gestao-de-fornecedores\/category\/gestao-de-terceiros\/\" rel=\"tag\">Gest\u00e3o de Terceiros<\/a>, <a href=\"https:\/\/www.sertras.com\/gestao-de-fornecedores\/category\/homologacao\/\" rel=\"tag\">Homologa\u00e7\u00e3o<\/a>, <a href=\"https:\/\/www.sertras.com\/gestao-de-fornecedores\/category\/lgpd\/\" rel=\"tag\">LGPD<\/a><\/span><a href=\"https:\/\/www.sertras.com\/gestao-de-fornecedores\/2023\/07\/13\/\" title=\"09:25\" class=\"meta-item data-link\" rel=\"bookmark\"><time class=\"entry-date updated\" datetime=\"2023-07-13T09:25:38-03:00\">13 de julho de 2023<\/time><\/a><\/div>\n<\/div><\/article><\/div><div class=\"visible wf-cell\" data-post-id=\"10443\" data-date=\"2023-06-13T12:21:30-03:00\" data-name=\"Gest\u00e3o de Terceiros: Como garantir a responsabilidade social nos terceirizados e quarteirizados?\"><article class=\"post visible post-10443 type-post status-publish format-standard has-post-thumbnail hentry category-gestao-de-terceiros tag-compradores tag-gestao-de-fornecedores\" data-name=\"Gest\u00e3o de Terceiros: Como garantir a responsabilidade social nos terceirizados e quarteirizados?\" data-date=\"2023-06-13T12:21:30-03:00\">\n\n\t<div class=\"post-thumbnail-wrap\">\n\t\t<div class=\"post-thumbnail\">\n\n\t\t\t<a class=\"post-thumbnail-rollover layzr-bg img-css-resize-wrapper\" aria-label=\"Post image\" href=\"https:\/\/www.sertras.com\/gestao-de-fornecedores\/analise-trabalhista-na-gestao-de-terceiros\/\"><img decoding=\"async\" width=\"1366\" height=\"768\" src=\"data:image\/svg+xml,%3Csvg%20xmlns%3D&#039;http%3A%2F%2Fwww.w3.org%2F2000%2Fsvg&#039;%20viewBox%3D&#039;0%200%201366%20768&#039;%2F%3E\" class=\"attachment-full size-full preload-me aspect lazy lazy-load\" alt=\"\" sizes=\"(max-width: 1366px) 100vw, 1366px\" style=\"--ratio: 1366 \/ 768;\" data-src=\"https:\/\/www.sertras.com\/gestao-de-fornecedores\/wp-content\/uploads\/2023\/06\/capa-1.png\" loading=\"eager\" data-srcset=\"https:\/\/www.sertras.com\/gestao-de-fornecedores\/wp-content\/uploads\/2023\/06\/capa-1.png 1366w, https:\/\/www.sertras.com\/gestao-de-fornecedores\/wp-content\/uploads\/2023\/06\/capa-1-300x169.png 300w, https:\/\/www.sertras.com\/gestao-de-fornecedores\/wp-content\/uploads\/2023\/06\/capa-1-1024x576.png 1024w, https:\/\/www.sertras.com\/gestao-de-fornecedores\/wp-content\/uploads\/2023\/06\/capa-1-768x432.png 768w\" \/><\/a>\n\t\t<\/div>\n\t<\/div>\n\n\n<div class=\"post-entry-content\">\n\n\t<h3 class=\"ele-entry-title\"><a href=\"https:\/\/www.sertras.com\/gestao-de-fornecedores\/analise-trabalhista-na-gestao-de-terceiros\/\" rel=\"bookmark\" title=\"Gest\u00e3o de Terceiros: Como garantir a responsabilidade social nos terceirizados e quarteirizados?\">Gest\u00e3o de Terceiros: Como garantir a responsabilidade social nos terceirizados e quarteirizados?<\/a><\/h3><div class=\"entry-meta\"><span class=\"meta-item category-link\"><a href=\"https:\/\/www.sertras.com\/gestao-de-fornecedores\/category\/gestao-de-terceiros\/\" rel=\"tag\">Gest\u00e3o de Terceiros<\/a><\/span><a href=\"https:\/\/www.sertras.com\/gestao-de-fornecedores\/2023\/06\/13\/\" title=\"12:21\" class=\"meta-item data-link\" rel=\"bookmark\"><time class=\"entry-date updated\" datetime=\"2023-06-13T12:21:30-03:00\">13 de junho de 2023<\/time><\/a><\/div>\n<\/div><\/article><\/div><div class=\"visible wf-cell\" data-post-id=\"10268\" data-date=\"2023-05-19T12:18:06-03:00\" data-name=\"Conhe\u00e7a a Pedagogia Empresarial: O que \u00e9, o que faz e quais s\u00e3o os desafios e benef\u00edcios da profiss\u00e3o.\"><article class=\"post visible post-10268 type-post status-publish format-standard has-post-thumbnail hentry category-sertras tag-compradores tag-fornecedores tag-ods-8\" data-name=\"Conhe\u00e7a a Pedagogia Empresarial: O que \u00e9, o que faz e quais s\u00e3o os desafios e benef\u00edcios da profiss\u00e3o.\" data-date=\"2023-05-19T12:18:06-03:00\">\n\n\t<div class=\"post-thumbnail-wrap\">\n\t\t<div class=\"post-thumbnail\">\n\n\t\t\t<a class=\"post-thumbnail-rollover layzr-bg img-css-resize-wrapper\" aria-label=\"Post image\" href=\"https:\/\/www.sertras.com\/gestao-de-fornecedores\/conheca-a-pedagogia-empresarial\/\"><img decoding=\"async\" width=\"1366\" height=\"768\" src=\"data:image\/svg+xml,%3Csvg%20xmlns%3D&#039;http%3A%2F%2Fwww.w3.org%2F2000%2Fsvg&#039;%20viewBox%3D&#039;0%200%201366%20768&#039;%2F%3E\" class=\"attachment-full size-full preload-me aspect lazy lazy-load\" alt=\"\" sizes=\"(max-width: 1366px) 100vw, 1366px\" style=\"--ratio: 1366 \/ 768;\" data-src=\"https:\/\/www.sertras.com\/gestao-de-fornecedores\/wp-content\/uploads\/2023\/05\/capa-blog.png\" loading=\"eager\" data-srcset=\"https:\/\/www.sertras.com\/gestao-de-fornecedores\/wp-content\/uploads\/2023\/05\/capa-blog.png 1366w, https:\/\/www.sertras.com\/gestao-de-fornecedores\/wp-content\/uploads\/2023\/05\/capa-blog-300x169.png 300w, https:\/\/www.sertras.com\/gestao-de-fornecedores\/wp-content\/uploads\/2023\/05\/capa-blog-1024x576.png 1024w, https:\/\/www.sertras.com\/gestao-de-fornecedores\/wp-content\/uploads\/2023\/05\/capa-blog-768x432.png 768w\" \/><\/a>\n\t\t<\/div>\n\t<\/div>\n\n\n<div class=\"post-entry-content\">\n\n\t<h3 class=\"ele-entry-title\"><a href=\"https:\/\/www.sertras.com\/gestao-de-fornecedores\/conheca-a-pedagogia-empresarial\/\" rel=\"bookmark\" title=\"Conhe\u00e7a a Pedagogia Empresarial: O que \u00e9, o que faz e quais s\u00e3o os desafios e benef\u00edcios da profiss\u00e3o.\">Conhe\u00e7a a Pedagogia Empresarial: O que \u00e9, o que faz e quais s\u00e3o os desafios e benef\u00edcios da profiss\u00e3o.<\/a><\/h3><div class=\"entry-meta\"><span class=\"meta-item category-link\"><a href=\"https:\/\/www.sertras.com\/gestao-de-fornecedores\/category\/sertras\/\" rel=\"tag\">Sertras<\/a><\/span><a href=\"https:\/\/www.sertras.com\/gestao-de-fornecedores\/2023\/05\/19\/\" title=\"12:18\" class=\"meta-item data-link\" rel=\"bookmark\"><time class=\"entry-date updated\" datetime=\"2023-05-19T12:18:06-03:00\">19 de maio de 2023<\/time><\/a><\/div>\n<\/div><\/article><\/div><div class=\"visible wf-cell\" data-post-id=\"10130\" data-date=\"2023-03-28T11:18:03-03:00\" data-name=\"&lt;strong&gt;Homologa\u00e7\u00e3o de Fornecedores Estrat\u00e9gicos&lt;\/strong&gt;\"><article class=\"post visible post-10130 type-post status-publish format-standard has-post-thumbnail hentry category-homologacao tag-compradores tag-gestao-de-fornecedores tag-kraljic\" data-name=\"&lt;strong&gt;Homologa\u00e7\u00e3o de Fornecedores Estrat\u00e9gicos&lt;\/strong&gt;\" data-date=\"2023-03-28T11:18:03-03:00\">\n\n\t<div class=\"post-thumbnail-wrap\">\n\t\t<div class=\"post-thumbnail\">\n\n\t\t\t<a class=\"post-thumbnail-rollover layzr-bg img-css-resize-wrapper\" aria-label=\"Post image\" href=\"https:\/\/www.sertras.com\/gestao-de-fornecedores\/homologacao-de-fornecedores-estrategicos\/\"><img decoding=\"async\" width=\"1366\" height=\"768\" src=\"data:image\/svg+xml,%3Csvg%20xmlns%3D&#039;http%3A%2F%2Fwww.w3.org%2F2000%2Fsvg&#039;%20viewBox%3D&#039;0%200%201366%20768&#039;%2F%3E\" class=\"attachment-full size-full preload-me aspect lazy lazy-load\" alt=\"\" sizes=\"(max-width: 1366px) 100vw, 1366px\" style=\"--ratio: 1366 \/ 768;\" data-src=\"https:\/\/www.sertras.com\/gestao-de-fornecedores\/wp-content\/uploads\/2023\/03\/capa-2.png\" loading=\"eager\" data-srcset=\"https:\/\/www.sertras.com\/gestao-de-fornecedores\/wp-content\/uploads\/2023\/03\/capa-2.png 1366w, https:\/\/www.sertras.com\/gestao-de-fornecedores\/wp-content\/uploads\/2023\/03\/capa-2-300x169.png 300w, https:\/\/www.sertras.com\/gestao-de-fornecedores\/wp-content\/uploads\/2023\/03\/capa-2-1024x576.png 1024w, https:\/\/www.sertras.com\/gestao-de-fornecedores\/wp-content\/uploads\/2023\/03\/capa-2-768x432.png 768w\" \/><\/a>\n\t\t<\/div>\n\t<\/div>\n\n\n<div class=\"post-entry-content\">\n\n\t<h3 class=\"ele-entry-title\"><a href=\"https:\/\/www.sertras.com\/gestao-de-fornecedores\/homologacao-de-fornecedores-estrategicos\/\" rel=\"bookmark\" title=\"Homologa\u00e7\u00e3o de Fornecedores Estrat\u00e9gicos\"><strong>Homologa\u00e7\u00e3o de Fornecedores Estrat\u00e9gicos<\/strong><\/a><\/h3><div class=\"entry-meta\"><span class=\"meta-item category-link\"><a href=\"https:\/\/www.sertras.com\/gestao-de-fornecedores\/category\/homologacao\/\" rel=\"tag\">Homologa\u00e7\u00e3o<\/a><\/span><a href=\"https:\/\/www.sertras.com\/gestao-de-fornecedores\/2023\/03\/28\/\" title=\"11:18\" class=\"meta-item data-link\" rel=\"bookmark\"><time class=\"entry-date updated\" datetime=\"2023-03-28T11:18:03-03:00\">28 de mar\u00e7o de 2023<\/time><\/a><\/div>\n<\/div><\/article><\/div><div class=\"visible wf-cell\" data-post-id=\"10094\" data-date=\"2023-03-14T14:20:48-03:00\" data-name=\"&lt;strong&gt;Homologa\u00e7\u00e3o de Fornecedores de Risco M\u00e9dio&lt;\/strong&gt;\"><article class=\"post visible post-10094 type-post status-publish format-standard has-post-thumbnail hentry category-homologacao tag-cnae tag-compradores tag-gestao-de-fornecedores tag-kraljic\" data-name=\"&lt;strong&gt;Homologa\u00e7\u00e3o de Fornecedores de Risco M\u00e9dio&lt;\/strong&gt;\" data-date=\"2023-03-14T14:20:48-03:00\">\n\n\t<div class=\"post-thumbnail-wrap\">\n\t\t<div class=\"post-thumbnail\">\n\n\t\t\t<a class=\"post-thumbnail-rollover layzr-bg img-css-resize-wrapper\" aria-label=\"Post image\" href=\"https:\/\/www.sertras.com\/gestao-de-fornecedores\/homologacao-ouro-descubra-se-sua-empresa-se-enquadra\/\"><img decoding=\"async\" width=\"1366\" height=\"768\" src=\"data:image\/svg+xml,%3Csvg%20xmlns%3D&#039;http%3A%2F%2Fwww.w3.org%2F2000%2Fsvg&#039;%20viewBox%3D&#039;0%200%201366%20768&#039;%2F%3E\" class=\"attachment-full size-full preload-me aspect lazy lazy-load\" alt=\"\" sizes=\"(max-width: 1366px) 100vw, 1366px\" style=\"--ratio: 1366 \/ 768;\" data-src=\"https:\/\/www.sertras.com\/gestao-de-fornecedores\/wp-content\/uploads\/2023\/03\/capa-1.png\" loading=\"eager\" data-srcset=\"https:\/\/www.sertras.com\/gestao-de-fornecedores\/wp-content\/uploads\/2023\/03\/capa-1.png 1366w, https:\/\/www.sertras.com\/gestao-de-fornecedores\/wp-content\/uploads\/2023\/03\/capa-1-300x169.png 300w, https:\/\/www.sertras.com\/gestao-de-fornecedores\/wp-content\/uploads\/2023\/03\/capa-1-1024x576.png 1024w, https:\/\/www.sertras.com\/gestao-de-fornecedores\/wp-content\/uploads\/2023\/03\/capa-1-768x432.png 768w\" \/><\/a>\n\t\t<\/div>\n\t<\/div>\n\n\n<div class=\"post-entry-content\">\n\n\t<h3 class=\"ele-entry-title\"><a href=\"https:\/\/www.sertras.com\/gestao-de-fornecedores\/homologacao-ouro-descubra-se-sua-empresa-se-enquadra\/\" rel=\"bookmark\" title=\"Homologa\u00e7\u00e3o de Fornecedores de Risco M\u00e9dio\"><strong>Homologa\u00e7\u00e3o de Fornecedores de Risco M\u00e9dio<\/strong><\/a><\/h3><div class=\"entry-meta\"><span class=\"meta-item category-link\"><a href=\"https:\/\/www.sertras.com\/gestao-de-fornecedores\/category\/homologacao\/\" rel=\"tag\">Homologa\u00e7\u00e3o<\/a><\/span><a href=\"https:\/\/www.sertras.com\/gestao-de-fornecedores\/2023\/03\/14\/\" title=\"14:20\" class=\"meta-item data-link\" rel=\"bookmark\"><time class=\"entry-date updated\" datetime=\"2023-03-14T14:20:48-03:00\">14 de mar\u00e7o de 2023<\/time><\/a><\/div>\n<\/div><\/article><\/div><div class=\"visible wf-cell\" data-post-id=\"10004\" data-date=\"2023-02-13T16:31:11-03:00\" data-name=\"Como homologar fornecedores de Baixo Risco?\"><article class=\"post visible post-10004 type-post status-publish format-standard has-post-thumbnail hentry category-homologacao tag-compradores tag-gestao-de-fornecedores\" data-name=\"Como homologar fornecedores de Baixo Risco?\" data-date=\"2023-02-13T16:31:11-03:00\">\n\n\t<div class=\"post-thumbnail-wrap\">\n\t\t<div class=\"post-thumbnail\">\n\n\t\t\t<a class=\"post-thumbnail-rollover layzr-bg img-css-resize-wrapper\" aria-label=\"Post image\" href=\"https:\/\/www.sertras.com\/gestao-de-fornecedores\/quais-fornecedores-devem-realizar-a-homologacao-prata\/\"><img decoding=\"async\" width=\"1366\" height=\"768\" src=\"data:image\/svg+xml,%3Csvg%20xmlns%3D&#039;http%3A%2F%2Fwww.w3.org%2F2000%2Fsvg&#039;%20viewBox%3D&#039;0%200%201366%20768&#039;%2F%3E\" class=\"attachment-full size-full preload-me aspect lazy lazy-load\" alt=\"\" sizes=\"(max-width: 1366px) 100vw, 1366px\" style=\"--ratio: 1366 \/ 768;\" data-src=\"https:\/\/www.sertras.com\/gestao-de-fornecedores\/wp-content\/uploads\/2023\/02\/capa-3.png\" loading=\"eager\" data-srcset=\"https:\/\/www.sertras.com\/gestao-de-fornecedores\/wp-content\/uploads\/2023\/02\/capa-3.png 1366w, https:\/\/www.sertras.com\/gestao-de-fornecedores\/wp-content\/uploads\/2023\/02\/capa-3-300x169.png 300w, https:\/\/www.sertras.com\/gestao-de-fornecedores\/wp-content\/uploads\/2023\/02\/capa-3-1024x576.png 1024w, https:\/\/www.sertras.com\/gestao-de-fornecedores\/wp-content\/uploads\/2023\/02\/capa-3-768x432.png 768w\" \/><\/a>\n\t\t<\/div>\n\t<\/div>\n\n\n<div class=\"post-entry-content\">\n\n\t<h3 class=\"ele-entry-title\"><a href=\"https:\/\/www.sertras.com\/gestao-de-fornecedores\/quais-fornecedores-devem-realizar-a-homologacao-prata\/\" rel=\"bookmark\" title=\"Como homologar fornecedores de Baixo Risco?\">Como homologar fornecedores de Baixo Risco?<\/a><\/h3><div class=\"entry-meta\"><span class=\"meta-item category-link\"><a href=\"https:\/\/www.sertras.com\/gestao-de-fornecedores\/category\/homologacao\/\" rel=\"tag\">Homologa\u00e7\u00e3o<\/a><\/span><a href=\"https:\/\/www.sertras.com\/gestao-de-fornecedores\/2023\/02\/13\/\" title=\"16:31\" class=\"meta-item data-link\" rel=\"bookmark\"><time class=\"entry-date updated\" datetime=\"2023-02-13T16:31:11-03:00\">13 de fevereiro de 2023<\/time><\/a><\/div>\n<\/div><\/article><\/div><div class=\"visible wf-cell\" data-post-id=\"9804\" data-date=\"2023-01-27T15:52:16-03:00\" data-name=\"Um pouco sobre o Dia internacional da Prote\u00e7\u00e3o de Dados\"><article class=\"post visible post-9804 type-post status-publish format-standard has-post-thumbnail hentry category-lgpd tag-compradores tag-fornecedores tag-gestao-de-fornecedores tag-lgpd\" data-name=\"Um pouco sobre o Dia internacional da Prote\u00e7\u00e3o de Dados\" data-date=\"2023-01-27T15:52:16-03:00\">\n\n\t<div class=\"post-thumbnail-wrap\">\n\t\t<div class=\"post-thumbnail\">\n\n\t\t\t<a class=\"post-thumbnail-rollover layzr-bg img-css-resize-wrapper\" aria-label=\"Post image\" href=\"https:\/\/www.sertras.com\/gestao-de-fornecedores\/um-pouco-sobre-o-dia-internacional-da-protecao-de-dados\/\"><img decoding=\"async\" width=\"1366\" height=\"768\" src=\"data:image\/svg+xml,%3Csvg%20xmlns%3D&#039;http%3A%2F%2Fwww.w3.org%2F2000%2Fsvg&#039;%20viewBox%3D&#039;0%200%201366%20768&#039;%2F%3E\" class=\"attachment-full size-full preload-me aspect lazy lazy-load\" alt=\"\" sizes=\"(max-width: 1366px) 100vw, 1366px\" style=\"--ratio: 1366 \/ 768;\" data-src=\"https:\/\/www.sertras.com\/gestao-de-fornecedores\/wp-content\/uploads\/2023\/01\/capa-marcos.png\" loading=\"eager\" data-srcset=\"https:\/\/www.sertras.com\/gestao-de-fornecedores\/wp-content\/uploads\/2023\/01\/capa-marcos.png 1366w, https:\/\/www.sertras.com\/gestao-de-fornecedores\/wp-content\/uploads\/2023\/01\/capa-marcos-300x169.png 300w, https:\/\/www.sertras.com\/gestao-de-fornecedores\/wp-content\/uploads\/2023\/01\/capa-marcos-1024x576.png 1024w, https:\/\/www.sertras.com\/gestao-de-fornecedores\/wp-content\/uploads\/2023\/01\/capa-marcos-768x432.png 768w\" \/><\/a>\n\t\t<\/div>\n\t<\/div>\n\n\n<div class=\"post-entry-content\">\n\n\t<h3 class=\"ele-entry-title\"><a href=\"https:\/\/www.sertras.com\/gestao-de-fornecedores\/um-pouco-sobre-o-dia-internacional-da-protecao-de-dados\/\" rel=\"bookmark\" title=\"Um pouco sobre o Dia internacional da Prote\u00e7\u00e3o de Dados\">Um pouco sobre o Dia internacional da Prote\u00e7\u00e3o de Dados<\/a><\/h3><div class=\"entry-meta\"><span class=\"meta-item category-link\"><a href=\"https:\/\/www.sertras.com\/gestao-de-fornecedores\/category\/lgpd\/\" rel=\"tag\">LGPD<\/a><\/span><a href=\"https:\/\/www.sertras.com\/gestao-de-fornecedores\/2023\/01\/27\/\" title=\"15:52\" class=\"meta-item data-link\" rel=\"bookmark\"><time class=\"entry-date updated\" datetime=\"2023-01-27T15:52:16-03:00\">27 de janeiro de 2023<\/time><\/a><\/div>\n<\/div><\/article><\/div><div class=\"visible wf-cell\" data-post-id=\"9710\" data-date=\"2023-01-20T12:06:34-03:00\" data-name=\"Passivos trabalhistas e como evit\u00e1-los\"><article class=\"post visible post-9710 type-post status-publish format-standard has-post-thumbnail hentry category-gestao-de-terceiros tag-compradores tag-gestao-de-fornecedores\" data-name=\"Passivos trabalhistas e como evit\u00e1-los\" data-date=\"2023-01-20T12:06:34-03:00\">\n\n\t<div class=\"post-thumbnail-wrap\">\n\t\t<div class=\"post-thumbnail\">\n\n\t\t\t<a class=\"post-thumbnail-rollover layzr-bg img-css-resize-wrapper\" aria-label=\"Post image\" href=\"https:\/\/www.sertras.com\/gestao-de-fornecedores\/passivos-trabalhistas-e-como-evita-los\/\"><img decoding=\"async\" width=\"1366\" height=\"768\" src=\"data:image\/svg+xml,%3Csvg%20xmlns%3D&#039;http%3A%2F%2Fwww.w3.org%2F2000%2Fsvg&#039;%20viewBox%3D&#039;0%200%201366%20768&#039;%2F%3E\" class=\"attachment-full size-full preload-me aspect lazy lazy-load\" alt=\"\" sizes=\"(max-width: 1366px) 100vw, 1366px\" style=\"--ratio: 1366 \/ 768;\" data-src=\"https:\/\/www.sertras.com\/gestao-de-fornecedores\/wp-content\/uploads\/2023\/01\/capa-blog.png\" loading=\"eager\" data-srcset=\"https:\/\/www.sertras.com\/gestao-de-fornecedores\/wp-content\/uploads\/2023\/01\/capa-blog.png 1366w, https:\/\/www.sertras.com\/gestao-de-fornecedores\/wp-content\/uploads\/2023\/01\/capa-blog-300x169.png 300w, https:\/\/www.sertras.com\/gestao-de-fornecedores\/wp-content\/uploads\/2023\/01\/capa-blog-1024x576.png 1024w, https:\/\/www.sertras.com\/gestao-de-fornecedores\/wp-content\/uploads\/2023\/01\/capa-blog-768x432.png 768w\" \/><\/a>\n\t\t<\/div>\n\t<\/div>\n\n\n<div class=\"post-entry-content\">\n\n\t<h3 class=\"ele-entry-title\"><a href=\"https:\/\/www.sertras.com\/gestao-de-fornecedores\/passivos-trabalhistas-e-como-evita-los\/\" rel=\"bookmark\" title=\"Passivos trabalhistas e como evit\u00e1-los\">Passivos trabalhistas e como evit\u00e1-los<\/a><\/h3><div class=\"entry-meta\"><span class=\"meta-item category-link\"><a href=\"https:\/\/www.sertras.com\/gestao-de-fornecedores\/category\/gestao-de-terceiros\/\" rel=\"tag\">Gest\u00e3o de Terceiros<\/a><\/span><a href=\"https:\/\/www.sertras.com\/gestao-de-fornecedores\/2023\/01\/20\/\" title=\"12:06\" class=\"meta-item data-link\" rel=\"bookmark\"><time class=\"entry-date updated\" datetime=\"2023-01-20T12:06:34-03:00\">20 de janeiro de 2023<\/time><\/a><\/div>\n<\/div><\/article><\/div><div class=\"visible wf-cell\" data-post-id=\"9692\" data-date=\"2023-01-16T16:15:53-03:00\" data-name=\"Homologa\u00e7\u00e3o de categorias sem risco\"><article class=\"post visible post-9692 type-post status-publish format-standard has-post-thumbnail hentry category-analise-financeira category-homologacao category-utilidade-publica tag-compradores tag-gestao-de-fornecedores\" data-name=\"Homologa\u00e7\u00e3o de categorias sem risco\" data-date=\"2023-01-16T16:15:53-03:00\">\n\n\t<div class=\"post-thumbnail-wrap\">\n\t\t<div class=\"post-thumbnail\">\n\n\t\t\t<a class=\"post-thumbnail-rollover layzr-bg img-css-resize-wrapper\" aria-label=\"Post image\" href=\"https:\/\/www.sertras.com\/gestao-de-fornecedores\/homologacao-de-categorias-sem-risco\/\"><img decoding=\"async\" width=\"1366\" height=\"768\" src=\"data:image\/svg+xml,%3Csvg%20xmlns%3D&#039;http%3A%2F%2Fwww.w3.org%2F2000%2Fsvg&#039;%20viewBox%3D&#039;0%200%201366%20768&#039;%2F%3E\" class=\"attachment-full size-full preload-me aspect lazy lazy-load\" alt=\"\" sizes=\"(max-width: 1366px) 100vw, 1366px\" style=\"--ratio: 1366 \/ 768;\" data-src=\"https:\/\/www.sertras.com\/gestao-de-fornecedores\/wp-content\/uploads\/2023\/01\/capa-simplificado.png\" loading=\"eager\" data-srcset=\"https:\/\/www.sertras.com\/gestao-de-fornecedores\/wp-content\/uploads\/2023\/01\/capa-simplificado.png 1366w, https:\/\/www.sertras.com\/gestao-de-fornecedores\/wp-content\/uploads\/2023\/01\/capa-simplificado-300x169.png 300w, https:\/\/www.sertras.com\/gestao-de-fornecedores\/wp-content\/uploads\/2023\/01\/capa-simplificado-1024x576.png 1024w, https:\/\/www.sertras.com\/gestao-de-fornecedores\/wp-content\/uploads\/2023\/01\/capa-simplificado-768x432.png 768w\" \/><\/a>\n\t\t<\/div>\n\t<\/div>\n\n\n<div class=\"post-entry-content\">\n\n\t<h3 class=\"ele-entry-title\"><a href=\"https:\/\/www.sertras.com\/gestao-de-fornecedores\/homologacao-de-categorias-sem-risco\/\" rel=\"bookmark\" title=\"Homologa\u00e7\u00e3o de categorias sem risco\">Homologa\u00e7\u00e3o de categorias sem risco<\/a><\/h3><div class=\"entry-meta\"><span class=\"meta-item category-link\"><a href=\"https:\/\/www.sertras.com\/gestao-de-fornecedores\/category\/analise-financeira\/\" rel=\"tag\">An\u00e1lise Financeira<\/a>, <a href=\"https:\/\/www.sertras.com\/gestao-de-fornecedores\/category\/homologacao\/\" rel=\"tag\">Homologa\u00e7\u00e3o<\/a>, <a href=\"https:\/\/www.sertras.com\/gestao-de-fornecedores\/category\/utilidade-publica\/\" rel=\"tag\">Utilidade P\u00fablica<\/a><\/span><a href=\"https:\/\/www.sertras.com\/gestao-de-fornecedores\/2023\/01\/16\/\" title=\"16:15\" class=\"meta-item data-link\" rel=\"bookmark\"><time class=\"entry-date updated\" datetime=\"2023-01-16T16:15:53-03:00\">16 de janeiro de 2023<\/time><\/a><\/div>\n<\/div><\/article><\/div><div class=\"visible wf-cell\" data-post-id=\"9661\" data-date=\"2023-01-11T15:31:32-03:00\" data-name=\"Processos de Gest\u00e3o de Terceiros\"><article class=\"post visible post-9661 type-post status-publish format-standard has-post-thumbnail hentry category-gestao-de-terceiros tag-compradores tag-fraudes\" data-name=\"Processos de Gest\u00e3o de Terceiros\" data-date=\"2023-01-11T15:31:32-03:00\">\n\n\t<div class=\"post-thumbnail-wrap\">\n\t\t<div class=\"post-thumbnail\">\n\n\t\t\t<a class=\"post-thumbnail-rollover layzr-bg img-css-resize-wrapper\" aria-label=\"Post image\" href=\"https:\/\/www.sertras.com\/gestao-de-fornecedores\/processos-de-gestao-de-terceiros\/\"><img decoding=\"async\" width=\"1920\" height=\"1080\" src=\"data:image\/svg+xml,%3Csvg%20xmlns%3D&#039;http%3A%2F%2Fwww.w3.org%2F2000%2Fsvg&#039;%20viewBox%3D&#039;0%200%201920%201080&#039;%2F%3E\" class=\"attachment-full size-full preload-me aspect lazy lazy-load\" alt=\"\" sizes=\"(max-width: 1920px) 100vw, 1920px\" style=\"--ratio: 1920 \/ 1080;\" data-src=\"https:\/\/www.sertras.com\/gestao-de-fornecedores\/wp-content\/uploads\/2023\/01\/capa-pablo.png\" loading=\"eager\" data-srcset=\"https:\/\/www.sertras.com\/gestao-de-fornecedores\/wp-content\/uploads\/2023\/01\/capa-pablo.png 1920w, https:\/\/www.sertras.com\/gestao-de-fornecedores\/wp-content\/uploads\/2023\/01\/capa-pablo-300x169.png 300w, https:\/\/www.sertras.com\/gestao-de-fornecedores\/wp-content\/uploads\/2023\/01\/capa-pablo-1024x576.png 1024w, https:\/\/www.sertras.com\/gestao-de-fornecedores\/wp-content\/uploads\/2023\/01\/capa-pablo-768x432.png 768w, https:\/\/www.sertras.com\/gestao-de-fornecedores\/wp-content\/uploads\/2023\/01\/capa-pablo-1536x864.png 1536w\" \/><\/a>\n\t\t<\/div>\n\t<\/div>\n\n\n<div class=\"post-entry-content\">\n\n\t<h3 class=\"ele-entry-title\"><a href=\"https:\/\/www.sertras.com\/gestao-de-fornecedores\/processos-de-gestao-de-terceiros\/\" rel=\"bookmark\" title=\"Processos de Gest\u00e3o de Terceiros\">Processos de Gest\u00e3o de Terceiros<\/a><\/h3><div class=\"entry-meta\"><span class=\"meta-item category-link\"><a href=\"https:\/\/www.sertras.com\/gestao-de-fornecedores\/category\/gestao-de-terceiros\/\" rel=\"tag\">Gest\u00e3o de Terceiros<\/a><\/span><a href=\"https:\/\/www.sertras.com\/gestao-de-fornecedores\/2023\/01\/11\/\" title=\"15:31\" class=\"meta-item data-link\" rel=\"bookmark\"><time class=\"entry-date updated\" datetime=\"2023-01-11T15:31:32-03:00\">11 de janeiro de 2023<\/time><\/a><\/div>\n<\/div><\/article><\/div><div class=\"visible wf-cell\" data-post-id=\"7158\" data-date=\"2022-12-13T14:39:54-03:00\" data-name=\"Como a Sertras te ajuda a certificar ISO 9001:2015\"><article class=\"post visible post-7158 type-post status-publish format-standard has-post-thumbnail hentry category-avaliacao-de-desempenho category-homologacao tag-compradores tag-gestao-de-fornecedores tag-iso-9001\" data-name=\"Como a Sertras te ajuda a certificar ISO 9001:2015\" data-date=\"2022-12-13T14:39:54-03:00\">\n\n\t<div class=\"post-thumbnail-wrap\">\n\t\t<div class=\"post-thumbnail\">\n\n\t\t\t<a class=\"post-thumbnail-rollover layzr-bg img-css-resize-wrapper\" aria-label=\"Post image\" href=\"https:\/\/www.sertras.com\/gestao-de-fornecedores\/como-a-sertras-te-ajuda-a-certificar-iso-90012015\/\"><img decoding=\"async\" width=\"1366\" height=\"768\" src=\"data:image\/svg+xml,%3Csvg%20xmlns%3D&#039;http%3A%2F%2Fwww.w3.org%2F2000%2Fsvg&#039;%20viewBox%3D&#039;0%200%201366%20768&#039;%2F%3E\" class=\"attachment-full size-full preload-me aspect lazy lazy-load\" alt=\"\" sizes=\"(max-width: 1366px) 100vw, 1366px\" style=\"--ratio: 1366 \/ 768;\" data-src=\"https:\/\/www.sertras.com\/gestao-de-fornecedores\/wp-content\/uploads\/2022\/12\/capa-1.png\" loading=\"eager\" data-srcset=\"https:\/\/www.sertras.com\/gestao-de-fornecedores\/wp-content\/uploads\/2022\/12\/capa-1.png 1366w, https:\/\/www.sertras.com\/gestao-de-fornecedores\/wp-content\/uploads\/2022\/12\/capa-1-300x169.png 300w, https:\/\/www.sertras.com\/gestao-de-fornecedores\/wp-content\/uploads\/2022\/12\/capa-1-1024x576.png 1024w, https:\/\/www.sertras.com\/gestao-de-fornecedores\/wp-content\/uploads\/2022\/12\/capa-1-768x432.png 768w\" \/><\/a>\n\t\t<\/div>\n\t<\/div>\n\n\n<div class=\"post-entry-content\">\n\n\t<h3 class=\"ele-entry-title\"><a href=\"https:\/\/www.sertras.com\/gestao-de-fornecedores\/como-a-sertras-te-ajuda-a-certificar-iso-90012015\/\" rel=\"bookmark\" title=\"Como a Sertras te ajuda a certificar ISO 9001:2015\">Como a Sertras te ajuda a certificar ISO 9001:2015<\/a><\/h3><div class=\"entry-meta\"><span class=\"meta-item category-link\"><a href=\"https:\/\/www.sertras.com\/gestao-de-fornecedores\/category\/avaliacao-de-desempenho\/\" rel=\"tag\">Avalia\u00e7\u00e3o de Desempenho<\/a>, <a href=\"https:\/\/www.sertras.com\/gestao-de-fornecedores\/category\/homologacao\/\" rel=\"tag\">Homologa\u00e7\u00e3o<\/a><\/span><a href=\"https:\/\/www.sertras.com\/gestao-de-fornecedores\/2022\/12\/13\/\" title=\"14:39\" class=\"meta-item data-link\" rel=\"bookmark\"><time class=\"entry-date updated\" datetime=\"2022-12-13T14:39:54-03:00\">13 de dezembro de 2022<\/time><\/a><\/div>\n<\/div><\/article><\/div><div class=\"visible wf-cell\" data-post-id=\"7131\" data-date=\"2022-11-30T16:39:12-03:00\" data-name=\"NR 35 - Trabalho em Altura\"><article class=\"post visible post-7131 type-post status-publish format-standard has-post-thumbnail hentry category-gestao-de-terceiros tag-compradores tag-gestao-de-fornecedores tag-nr-35\" data-name=\"NR 35 &#8211; Trabalho em Altura\" data-date=\"2022-11-30T16:39:12-03:00\">\n\n\t<div class=\"post-thumbnail-wrap\">\n\t\t<div class=\"post-thumbnail\">\n\n\t\t\t<a class=\"post-thumbnail-rollover layzr-bg img-css-resize-wrapper\" aria-label=\"Post image\" href=\"https:\/\/www.sertras.com\/gestao-de-fornecedores\/nr-35-trabalho-em-altura\/\"><img decoding=\"async\" width=\"1366\" height=\"768\" src=\"data:image\/svg+xml,%3Csvg%20xmlns%3D&#039;http%3A%2F%2Fwww.w3.org%2F2000%2Fsvg&#039;%20viewBox%3D&#039;0%200%201366%20768&#039;%2F%3E\" class=\"attachment-full size-full preload-me aspect lazy lazy-load\" alt=\"\" sizes=\"(max-width: 1366px) 100vw, 1366px\" style=\"--ratio: 1366 \/ 768;\" data-src=\"https:\/\/www.sertras.com\/gestao-de-fornecedores\/wp-content\/uploads\/2022\/11\/capa-7.png\" loading=\"eager\" data-srcset=\"https:\/\/www.sertras.com\/gestao-de-fornecedores\/wp-content\/uploads\/2022\/11\/capa-7.png 1366w, https:\/\/www.sertras.com\/gestao-de-fornecedores\/wp-content\/uploads\/2022\/11\/capa-7-300x169.png 300w, https:\/\/www.sertras.com\/gestao-de-fornecedores\/wp-content\/uploads\/2022\/11\/capa-7-1024x576.png 1024w, https:\/\/www.sertras.com\/gestao-de-fornecedores\/wp-content\/uploads\/2022\/11\/capa-7-768x432.png 768w\" \/><\/a>\n\t\t<\/div>\n\t<\/div>\n\n\n<div class=\"post-entry-content\">\n\n\t<h3 class=\"ele-entry-title\"><a href=\"https:\/\/www.sertras.com\/gestao-de-fornecedores\/nr-35-trabalho-em-altura\/\" rel=\"bookmark\" title=\"NR 35 &#8211; Trabalho em Altura\">NR 35 &#8211; Trabalho em Altura<\/a><\/h3><div class=\"entry-meta\"><span class=\"meta-item category-link\"><a href=\"https:\/\/www.sertras.com\/gestao-de-fornecedores\/category\/gestao-de-terceiros\/\" rel=\"tag\">Gest\u00e3o de Terceiros<\/a><\/span><a href=\"https:\/\/www.sertras.com\/gestao-de-fornecedores\/2022\/11\/30\/\" title=\"16:39\" class=\"meta-item data-link\" rel=\"bookmark\"><time class=\"entry-date updated\" datetime=\"2022-11-30T16:39:12-03:00\">30 de novembro de 2022<\/time><\/a><\/div>\n<\/div><\/article><\/div><div class=\"visible wf-cell\" data-post-id=\"7108\" data-date=\"2022-11-24T11:27:22-03:00\" data-name=\"Cen\u00e1rio do mercado de dados pessoais\"><article class=\"post visible post-7108 type-post status-publish format-standard has-post-thumbnail hentry category-lgpd tag-compradores tag-gestao-de-fornecedores\" data-name=\"Cen\u00e1rio do mercado de dados pessoais\" data-date=\"2022-11-24T11:27:22-03:00\">\n\n\t<div class=\"post-thumbnail-wrap\">\n\t\t<div class=\"post-thumbnail\">\n\n\t\t\t<a class=\"post-thumbnail-rollover layzr-bg img-css-resize-wrapper\" aria-label=\"Post image\" href=\"https:\/\/www.sertras.com\/gestao-de-fornecedores\/cenario-do-mercado-de-dados-pessoais\/\"><img decoding=\"async\" width=\"1366\" height=\"768\" src=\"data:image\/svg+xml,%3Csvg%20xmlns%3D&#039;http%3A%2F%2Fwww.w3.org%2F2000%2Fsvg&#039;%20viewBox%3D&#039;0%200%201366%20768&#039;%2F%3E\" class=\"attachment-full size-full preload-me aspect lazy lazy-load\" alt=\"\" sizes=\"(max-width: 1366px) 100vw, 1366px\" style=\"--ratio: 1366 \/ 768;\" data-src=\"https:\/\/www.sertras.com\/gestao-de-fornecedores\/wp-content\/uploads\/2022\/11\/capa-6.png\" loading=\"eager\" data-srcset=\"https:\/\/www.sertras.com\/gestao-de-fornecedores\/wp-content\/uploads\/2022\/11\/capa-6.png 1366w, https:\/\/www.sertras.com\/gestao-de-fornecedores\/wp-content\/uploads\/2022\/11\/capa-6-300x169.png 300w, https:\/\/www.sertras.com\/gestao-de-fornecedores\/wp-content\/uploads\/2022\/11\/capa-6-1024x576.png 1024w, https:\/\/www.sertras.com\/gestao-de-fornecedores\/wp-content\/uploads\/2022\/11\/capa-6-768x432.png 768w\" \/><\/a>\n\t\t<\/div>\n\t<\/div>\n\n\n<div class=\"post-entry-content\">\n\n\t<h3 class=\"ele-entry-title\"><a href=\"https:\/\/www.sertras.com\/gestao-de-fornecedores\/cenario-do-mercado-de-dados-pessoais\/\" rel=\"bookmark\" title=\"Cen\u00e1rio do mercado de dados pessoais\">Cen\u00e1rio do mercado de dados pessoais<\/a><\/h3><div class=\"entry-meta\"><span class=\"meta-item category-link\"><a href=\"https:\/\/www.sertras.com\/gestao-de-fornecedores\/category\/lgpd\/\" rel=\"tag\">LGPD<\/a><\/span><a href=\"https:\/\/www.sertras.com\/gestao-de-fornecedores\/2022\/11\/24\/\" title=\"11:27\" class=\"meta-item data-link\" rel=\"bookmark\"><time class=\"entry-date updated\" datetime=\"2022-11-24T11:27:22-03:00\">24 de novembro de 2022<\/time><\/a><\/div>\n<\/div><\/article><\/div><div class=\"visible wf-cell\" data-post-id=\"7091\" data-date=\"2022-11-22T16:27:43-03:00\" data-name=\"O que \u00e9 o Processo de Integra\u00e7\u00e3o na Gest\u00e3o de Fornecedores?\"><article class=\"post visible post-7091 type-post status-publish format-standard has-post-thumbnail hentry category-gestao-de-terceiros tag-compradores tag-gestao-de-fornecedores tag-integracao\" data-name=\"O que \u00e9 o Processo de Integra\u00e7\u00e3o na Gest\u00e3o de Fornecedores?\" data-date=\"2022-11-22T16:27:43-03:00\">\n\n\t<div class=\"post-thumbnail-wrap\">\n\t\t<div class=\"post-thumbnail\">\n\n\t\t\t<a class=\"post-thumbnail-rollover layzr-bg img-css-resize-wrapper\" aria-label=\"Post image\" href=\"https:\/\/www.sertras.com\/gestao-de-fornecedores\/o-que-e-o-processo-de-integracao-na-gestao-de-fornecedores\/\"><img decoding=\"async\" width=\"1366\" height=\"768\" src=\"data:image\/svg+xml,%3Csvg%20xmlns%3D&#039;http%3A%2F%2Fwww.w3.org%2F2000%2Fsvg&#039;%20viewBox%3D&#039;0%200%201366%20768&#039;%2F%3E\" class=\"attachment-full size-full preload-me aspect lazy lazy-load\" alt=\"\" sizes=\"(max-width: 1366px) 100vw, 1366px\" style=\"--ratio: 1366 \/ 768;\" data-src=\"https:\/\/www.sertras.com\/gestao-de-fornecedores\/wp-content\/uploads\/2022\/11\/capa-3.png\" loading=\"eager\" data-srcset=\"https:\/\/www.sertras.com\/gestao-de-fornecedores\/wp-content\/uploads\/2022\/11\/capa-3.png 1366w, https:\/\/www.sertras.com\/gestao-de-fornecedores\/wp-content\/uploads\/2022\/11\/capa-3-300x169.png 300w, https:\/\/www.sertras.com\/gestao-de-fornecedores\/wp-content\/uploads\/2022\/11\/capa-3-1024x576.png 1024w, https:\/\/www.sertras.com\/gestao-de-fornecedores\/wp-content\/uploads\/2022\/11\/capa-3-768x432.png 768w\" \/><\/a>\n\t\t<\/div>\n\t<\/div>\n\n\n<div class=\"post-entry-content\">\n\n\t<h3 class=\"ele-entry-title\"><a href=\"https:\/\/www.sertras.com\/gestao-de-fornecedores\/o-que-e-o-processo-de-integracao-na-gestao-de-fornecedores\/\" rel=\"bookmark\" title=\"O que \u00e9 o Processo de Integra\u00e7\u00e3o na Gest\u00e3o de Fornecedores?\">O que \u00e9 o Processo de Integra\u00e7\u00e3o na Gest\u00e3o de Fornecedores?<\/a><\/h3><div class=\"entry-meta\"><span class=\"meta-item category-link\"><a href=\"https:\/\/www.sertras.com\/gestao-de-fornecedores\/category\/gestao-de-terceiros\/\" rel=\"tag\">Gest\u00e3o de Terceiros<\/a><\/span><a href=\"https:\/\/www.sertras.com\/gestao-de-fornecedores\/2022\/11\/22\/\" title=\"16:27\" class=\"meta-item data-link\" rel=\"bookmark\"><time class=\"entry-date updated\" datetime=\"2022-11-22T16:27:43-03:00\">22 de novembro de 2022<\/time><\/a><\/div>\n<\/div><\/article><\/div><div class=\"visible wf-cell\" data-post-id=\"7065\" data-date=\"2022-11-18T09:27:00-03:00\" data-name=\"Igualdade Racial e Direitos Humanos\"><article class=\"post visible post-7065 type-post status-publish format-standard has-post-thumbnail hentry category-esg category-sertras tag-compradores tag-documentos tag-fornecedores\" data-name=\"Igualdade Racial e Direitos Humanos\" data-date=\"2022-11-18T09:27:00-03:00\">\n\n\t<div class=\"post-thumbnail-wrap\">\n\t\t<div class=\"post-thumbnail\">\n\n\t\t\t<a class=\"post-thumbnail-rollover layzr-bg img-css-resize-wrapper\" aria-label=\"Post image\" href=\"https:\/\/www.sertras.com\/gestao-de-fornecedores\/igualdade-racial-e-direitos-humanos\/\"><img decoding=\"async\" width=\"1366\" height=\"768\" src=\"data:image\/svg+xml,%3Csvg%20xmlns%3D&#039;http%3A%2F%2Fwww.w3.org%2F2000%2Fsvg&#039;%20viewBox%3D&#039;0%200%201366%20768&#039;%2F%3E\" class=\"attachment-full size-full preload-me aspect lazy lazy-load\" alt=\"\" sizes=\"(max-width: 1366px) 100vw, 1366px\" style=\"--ratio: 1366 \/ 768;\" data-src=\"https:\/\/www.sertras.com\/gestao-de-fornecedores\/wp-content\/uploads\/2022\/11\/capa-2.png\" loading=\"eager\" data-srcset=\"https:\/\/www.sertras.com\/gestao-de-fornecedores\/wp-content\/uploads\/2022\/11\/capa-2.png 1366w, https:\/\/www.sertras.com\/gestao-de-fornecedores\/wp-content\/uploads\/2022\/11\/capa-2-300x169.png 300w, https:\/\/www.sertras.com\/gestao-de-fornecedores\/wp-content\/uploads\/2022\/11\/capa-2-1024x576.png 1024w, https:\/\/www.sertras.com\/gestao-de-fornecedores\/wp-content\/uploads\/2022\/11\/capa-2-768x432.png 768w\" \/><\/a>\n\t\t<\/div>\n\t<\/div>\n\n\n<div class=\"post-entry-content\">\n\n\t<h3 class=\"ele-entry-title\"><a href=\"https:\/\/www.sertras.com\/gestao-de-fornecedores\/igualdade-racial-e-direitos-humanos\/\" rel=\"bookmark\" title=\"Igualdade Racial e Direitos Humanos\">Igualdade Racial e Direitos Humanos<\/a><\/h3><div class=\"entry-meta\"><span class=\"meta-item category-link\"><a href=\"https:\/\/www.sertras.com\/gestao-de-fornecedores\/category\/esg\/\" rel=\"tag\">ESG<\/a>, <a href=\"https:\/\/www.sertras.com\/gestao-de-fornecedores\/category\/sertras\/\" rel=\"tag\">Sertras<\/a><\/span><a href=\"https:\/\/www.sertras.com\/gestao-de-fornecedores\/2022\/11\/18\/\" title=\"09:27\" class=\"meta-item data-link\" rel=\"bookmark\"><time class=\"entry-date updated\" datetime=\"2022-11-18T09:27:00-03:00\">18 de novembro de 2022<\/time><\/a><\/div>\n<\/div><\/article><\/div><div class=\"visible wf-cell\" data-post-id=\"7070\" data-date=\"2022-11-16T15:11:32-03:00\" data-name=\"CNAE: Import\u00e2ncia e Riscos Associados\"><article class=\"post visible post-7070 type-post status-publish format-standard has-post-thumbnail hentry category-homologacao tag-cnae tag-compradores tag-gestao-de-fornecedores\" data-name=\"CNAE: Import\u00e2ncia e Riscos Associados\" data-date=\"2022-11-16T15:11:32-03:00\">\n\n\t<div class=\"post-thumbnail-wrap\">\n\t\t<div class=\"post-thumbnail\">\n\n\t\t\t<a class=\"post-thumbnail-rollover layzr-bg img-css-resize-wrapper\" aria-label=\"Post image\" href=\"https:\/\/www.sertras.com\/gestao-de-fornecedores\/cnae-importancia-e-riscos-associados\/\"><img decoding=\"async\" width=\"1920\" height=\"1080\" src=\"data:image\/svg+xml,%3Csvg%20xmlns%3D&#039;http%3A%2F%2Fwww.w3.org%2F2000%2Fsvg&#039;%20viewBox%3D&#039;0%200%201920%201080&#039;%2F%3E\" class=\"attachment-full size-full preload-me aspect lazy lazy-load\" alt=\"\" sizes=\"(max-width: 1920px) 100vw, 1920px\" style=\"--ratio: 1920 \/ 1080;\" data-src=\"https:\/\/www.sertras.com\/gestao-de-fornecedores\/wp-content\/uploads\/2022\/11\/capa-cnae.png\" loading=\"eager\" data-srcset=\"https:\/\/www.sertras.com\/gestao-de-fornecedores\/wp-content\/uploads\/2022\/11\/capa-cnae.png 1920w, https:\/\/www.sertras.com\/gestao-de-fornecedores\/wp-content\/uploads\/2022\/11\/capa-cnae-300x169.png 300w, https:\/\/www.sertras.com\/gestao-de-fornecedores\/wp-content\/uploads\/2022\/11\/capa-cnae-1024x576.png 1024w, https:\/\/www.sertras.com\/gestao-de-fornecedores\/wp-content\/uploads\/2022\/11\/capa-cnae-768x432.png 768w, https:\/\/www.sertras.com\/gestao-de-fornecedores\/wp-content\/uploads\/2022\/11\/capa-cnae-1536x864.png 1536w\" \/><\/a>\n\t\t<\/div>\n\t<\/div>\n\n\n<div class=\"post-entry-content\">\n\n\t<h3 class=\"ele-entry-title\"><a href=\"https:\/\/www.sertras.com\/gestao-de-fornecedores\/cnae-importancia-e-riscos-associados\/\" rel=\"bookmark\" title=\"CNAE: Import\u00e2ncia e Riscos Associados\">CNAE: Import\u00e2ncia e Riscos Associados<\/a><\/h3><div class=\"entry-meta\"><span class=\"meta-item category-link\"><a href=\"https:\/\/www.sertras.com\/gestao-de-fornecedores\/category\/homologacao\/\" rel=\"tag\">Homologa\u00e7\u00e3o<\/a><\/span><a href=\"https:\/\/www.sertras.com\/gestao-de-fornecedores\/2022\/11\/16\/\" title=\"15:11\" class=\"meta-item data-link\" rel=\"bookmark\"><time class=\"entry-date updated\" datetime=\"2022-11-16T15:11:32-03:00\">16 de novembro de 2022<\/time><\/a><\/div>\n<\/div><\/article><\/div><div class=\"visible wf-cell\" data-post-id=\"7035\" data-date=\"2022-11-11T08:07:00-03:00\" data-name=\"NR 33 e a responsabilidade das partes envolvidas\"><article class=\"post visible post-7035 type-post status-publish format-standard has-post-thumbnail hentry category-gestao-de-terceiros tag-compradores tag-gestao-de-fornecedores tag-nr-33 tag-saude-e-seguranca\" data-name=\"NR 33 e a responsabilidade das partes envolvidas\" data-date=\"2022-11-11T08:07:00-03:00\">\n\n\t<div class=\"post-thumbnail-wrap\">\n\t\t<div class=\"post-thumbnail\">\n\n\t\t\t<a class=\"post-thumbnail-rollover layzr-bg img-css-resize-wrapper\" aria-label=\"Post image\" href=\"https:\/\/www.sertras.com\/gestao-de-fornecedores\/nr-33-e-a-responsabilidade-das-partes-envolvidas\/\"><img decoding=\"async\" width=\"1920\" height=\"1080\" src=\"data:image\/svg+xml,%3Csvg%20xmlns%3D&#039;http%3A%2F%2Fwww.w3.org%2F2000%2Fsvg&#039;%20viewBox%3D&#039;0%200%201920%201080&#039;%2F%3E\" class=\"attachment-full size-full preload-me aspect lazy lazy-load\" alt=\"\" sizes=\"(max-width: 1920px) 100vw, 1920px\" style=\"--ratio: 1920 \/ 1080;\" data-src=\"https:\/\/www.sertras.com\/gestao-de-fornecedores\/wp-content\/uploads\/2022\/11\/capa.png\" loading=\"eager\" data-srcset=\"https:\/\/www.sertras.com\/gestao-de-fornecedores\/wp-content\/uploads\/2022\/11\/capa.png 1920w, https:\/\/www.sertras.com\/gestao-de-fornecedores\/wp-content\/uploads\/2022\/11\/capa-300x169.png 300w, https:\/\/www.sertras.com\/gestao-de-fornecedores\/wp-content\/uploads\/2022\/11\/capa-1024x576.png 1024w, https:\/\/www.sertras.com\/gestao-de-fornecedores\/wp-content\/uploads\/2022\/11\/capa-768x432.png 768w, https:\/\/www.sertras.com\/gestao-de-fornecedores\/wp-content\/uploads\/2022\/11\/capa-1536x864.png 1536w\" \/><\/a>\n\t\t<\/div>\n\t<\/div>\n\n\n<div class=\"post-entry-content\">\n\n\t<h3 class=\"ele-entry-title\"><a href=\"https:\/\/www.sertras.com\/gestao-de-fornecedores\/nr-33-e-a-responsabilidade-das-partes-envolvidas\/\" rel=\"bookmark\" title=\"NR 33 e a responsabilidade das partes envolvidas\">NR 33 e a responsabilidade das partes envolvidas<\/a><\/h3><div class=\"entry-meta\"><span class=\"meta-item category-link\"><a href=\"https:\/\/www.sertras.com\/gestao-de-fornecedores\/category\/gestao-de-terceiros\/\" rel=\"tag\">Gest\u00e3o de Terceiros<\/a><\/span><a href=\"https:\/\/www.sertras.com\/gestao-de-fornecedores\/2022\/11\/11\/\" title=\"08:07\" class=\"meta-item data-link\" rel=\"bookmark\"><time class=\"entry-date updated\" datetime=\"2022-11-11T08:07:00-03:00\">11 de novembro de 2022<\/time><\/a><\/div>\n<\/div><\/article><\/div><div class=\"visible wf-cell\" data-post-id=\"7022\" data-date=\"2022-11-09T15:09:00-03:00\" data-name=\"Procedimento Geral - Homologa\u00e7\u00e3o de Fornecedores\"><article class=\"post visible post-7022 type-post status-publish format-standard has-post-thumbnail hentry category-homologacao tag-compradores tag-gestao-de-fornecedores tag-qualidade\" data-name=\"Procedimento Geral &#8211; Homologa\u00e7\u00e3o de Fornecedores\" data-date=\"2022-11-09T15:09:00-03:00\">\n\n\t<div class=\"post-thumbnail-wrap\">\n\t\t<div class=\"post-thumbnail\">\n\n\t\t\t<a class=\"post-thumbnail-rollover layzr-bg img-css-resize-wrapper\" aria-label=\"Post image\" href=\"https:\/\/www.sertras.com\/gestao-de-fornecedores\/homologacao-de-fornecedores\/\"><img decoding=\"async\" width=\"1920\" height=\"1080\" src=\"data:image\/svg+xml,%3Csvg%20xmlns%3D&#039;http%3A%2F%2Fwww.w3.org%2F2000%2Fsvg&#039;%20viewBox%3D&#039;0%200%201920%201080&#039;%2F%3E\" class=\"attachment-full size-full preload-me aspect lazy lazy-load\" alt=\"\" sizes=\"(max-width: 1920px) 100vw, 1920px\" style=\"--ratio: 1920 \/ 1080;\" data-src=\"https:\/\/www.sertras.com\/gestao-de-fornecedores\/wp-content\/uploads\/2022\/11\/capa-1.png\" loading=\"eager\" data-srcset=\"https:\/\/www.sertras.com\/gestao-de-fornecedores\/wp-content\/uploads\/2022\/11\/capa-1.png 1920w, https:\/\/www.sertras.com\/gestao-de-fornecedores\/wp-content\/uploads\/2022\/11\/capa-1-300x169.png 300w, https:\/\/www.sertras.com\/gestao-de-fornecedores\/wp-content\/uploads\/2022\/11\/capa-1-1024x576.png 1024w, https:\/\/www.sertras.com\/gestao-de-fornecedores\/wp-content\/uploads\/2022\/11\/capa-1-768x432.png 768w, https:\/\/www.sertras.com\/gestao-de-fornecedores\/wp-content\/uploads\/2022\/11\/capa-1-1536x864.png 1536w\" \/><\/a>\n\t\t<\/div>\n\t<\/div>\n\n\n<div class=\"post-entry-content\">\n\n\t<h3 class=\"ele-entry-title\"><a href=\"https:\/\/www.sertras.com\/gestao-de-fornecedores\/homologacao-de-fornecedores\/\" rel=\"bookmark\" title=\"Procedimento Geral &#8211; Homologa\u00e7\u00e3o de Fornecedores\">Procedimento Geral &#8211; Homologa\u00e7\u00e3o de Fornecedores<\/a><\/h3><div class=\"entry-meta\"><span class=\"meta-item category-link\"><a href=\"https:\/\/www.sertras.com\/gestao-de-fornecedores\/category\/homologacao\/\" rel=\"tag\">Homologa\u00e7\u00e3o<\/a><\/span><a href=\"https:\/\/www.sertras.com\/gestao-de-fornecedores\/2022\/11\/09\/\" title=\"15:09\" class=\"meta-item data-link\" rel=\"bookmark\"><time class=\"entry-date updated\" datetime=\"2022-11-09T15:09:00-03:00\">9 de novembro de 2022<\/time><\/a><\/div>\n<\/div><\/article><\/div><div class=\"visible wf-cell\" data-post-id=\"6993\" data-date=\"2022-11-07T08:14:00-03:00\" data-name=\"Data Cleaning\"><article class=\"post visible post-6993 type-post status-publish format-standard has-post-thumbnail hentry category-homologacao tag-compradores tag-data-cleaning tag-data-cleansing tag-gestao-de-fornecedores\" data-name=\"Data Cleaning\" data-date=\"2022-11-07T08:14:00-03:00\">\n\n\t<div class=\"post-thumbnail-wrap\">\n\t\t<div class=\"post-thumbnail\">\n\n\t\t\t<a class=\"post-thumbnail-rollover layzr-bg img-css-resize-wrapper\" aria-label=\"Post image\" href=\"https:\/\/www.sertras.com\/gestao-de-fornecedores\/data-cleaning\/\"><img decoding=\"async\" width=\"1920\" height=\"1080\" src=\"data:image\/svg+xml,%3Csvg%20xmlns%3D&#039;http%3A%2F%2Fwww.w3.org%2F2000%2Fsvg&#039;%20viewBox%3D&#039;0%200%201920%201080&#039;%2F%3E\" class=\"attachment-full size-full preload-me aspect lazy lazy-load\" alt=\"\" sizes=\"(max-width: 1920px) 100vw, 1920px\" style=\"--ratio: 1920 \/ 1080;\" data-src=\"https:\/\/www.sertras.com\/gestao-de-fornecedores\/wp-content\/uploads\/2022\/10\/capa-3.png\" loading=\"eager\" data-srcset=\"https:\/\/www.sertras.com\/gestao-de-fornecedores\/wp-content\/uploads\/2022\/10\/capa-3.png 1920w, https:\/\/www.sertras.com\/gestao-de-fornecedores\/wp-content\/uploads\/2022\/10\/capa-3-300x169.png 300w, https:\/\/www.sertras.com\/gestao-de-fornecedores\/wp-content\/uploads\/2022\/10\/capa-3-1024x576.png 1024w, https:\/\/www.sertras.com\/gestao-de-fornecedores\/wp-content\/uploads\/2022\/10\/capa-3-768x432.png 768w, https:\/\/www.sertras.com\/gestao-de-fornecedores\/wp-content\/uploads\/2022\/10\/capa-3-1536x864.png 1536w\" \/><\/a>\n\t\t<\/div>\n\t<\/div>\n\n\n<div class=\"post-entry-content\">\n\n\t<h3 class=\"ele-entry-title\"><a href=\"https:\/\/www.sertras.com\/gestao-de-fornecedores\/data-cleaning\/\" rel=\"bookmark\" title=\"Data Cleaning\">Data Cleaning<\/a><\/h3><div class=\"entry-meta\"><span class=\"meta-item category-link\"><a href=\"https:\/\/www.sertras.com\/gestao-de-fornecedores\/category\/homologacao\/\" rel=\"tag\">Homologa\u00e7\u00e3o<\/a><\/span><a href=\"https:\/\/www.sertras.com\/gestao-de-fornecedores\/2022\/11\/07\/\" title=\"08:14\" class=\"meta-item data-link\" rel=\"bookmark\"><time class=\"entry-date updated\" datetime=\"2022-11-07T08:14:00-03:00\">7 de novembro de 2022<\/time><\/a><\/div>\n<\/div><\/article><\/div><div class=\"visible wf-cell\" data-post-id=\"6716\" data-date=\"2022-10-07T09:34:05-03:00\" data-name=\"Programa Trainee Supervisores - Uma nova jornada na Sertras\"><article class=\"post visible post-6716 type-post status-publish format-standard has-post-thumbnail hentry category-esg category-sertras tag-compradores tag-fornecedores tag-ods-8\" data-name=\"Programa Trainee Supervisores &#8211; Uma nova jornada na Sertras\" data-date=\"2022-10-07T09:34:05-03:00\">\n\n\t<div class=\"post-thumbnail-wrap\">\n\t\t<div class=\"post-thumbnail\">\n\n\t\t\t<a class=\"post-thumbnail-rollover layzr-bg img-css-resize-wrapper\" aria-label=\"Post image\" href=\"https:\/\/www.sertras.com\/gestao-de-fornecedores\/programa-trainee-supervisores-uma-nova-jornada-na-sertras\/\"><img decoding=\"async\" width=\"1366\" height=\"768\" src=\"data:image\/svg+xml,%3Csvg%20xmlns%3D&#039;http%3A%2F%2Fwww.w3.org%2F2000%2Fsvg&#039;%20viewBox%3D&#039;0%200%201366%20768&#039;%2F%3E\" class=\"attachment-full size-full preload-me aspect lazy lazy-load\" alt=\"\" sizes=\"(max-width: 1366px) 100vw, 1366px\" style=\"--ratio: 1366 \/ 768;\" data-src=\"https:\/\/www.sertras.com\/gestao-de-fornecedores\/wp-content\/uploads\/2022\/10\/capa-1.png\" loading=\"eager\" data-srcset=\"https:\/\/www.sertras.com\/gestao-de-fornecedores\/wp-content\/uploads\/2022\/10\/capa-1.png 1366w, https:\/\/www.sertras.com\/gestao-de-fornecedores\/wp-content\/uploads\/2022\/10\/capa-1-300x169.png 300w, https:\/\/www.sertras.com\/gestao-de-fornecedores\/wp-content\/uploads\/2022\/10\/capa-1-1024x576.png 1024w, https:\/\/www.sertras.com\/gestao-de-fornecedores\/wp-content\/uploads\/2022\/10\/capa-1-768x432.png 768w\" \/><\/a>\n\t\t<\/div>\n\t<\/div>\n\n\n<div class=\"post-entry-content\">\n\n\t<h3 class=\"ele-entry-title\"><a href=\"https:\/\/www.sertras.com\/gestao-de-fornecedores\/programa-trainee-supervisores-uma-nova-jornada-na-sertras\/\" rel=\"bookmark\" title=\"Programa Trainee Supervisores &#8211; Uma nova jornada na Sertras\">Programa Trainee Supervisores &#8211; Uma nova jornada na Sertras<\/a><\/h3><div class=\"entry-meta\"><span class=\"meta-item category-link\"><a href=\"https:\/\/www.sertras.com\/gestao-de-fornecedores\/category\/esg\/\" rel=\"tag\">ESG<\/a>, <a href=\"https:\/\/www.sertras.com\/gestao-de-fornecedores\/category\/sertras\/\" rel=\"tag\">Sertras<\/a><\/span><a href=\"https:\/\/www.sertras.com\/gestao-de-fornecedores\/2022\/10\/07\/\" title=\"09:34\" class=\"meta-item data-link\" rel=\"bookmark\"><time class=\"entry-date updated\" datetime=\"2022-10-07T09:34:05-03:00\">7 de outubro de 2022<\/time><\/a><\/div>\n<\/div><\/article><\/div><div class=\"visible wf-cell\" data-post-id=\"6652\" data-date=\"2022-10-05T14:23:00-03:00\" data-name=\"Movimento Elas Lideram 2030 - Apresentamos as supervisoras\"><article class=\"post visible post-6652 type-post status-publish format-standard has-post-thumbnail hentry category-esg category-sertras tag-compradores tag-fornecedores tag-ods-5\" data-name=\"Movimento Elas Lideram 2030 &#8211; Apresentamos as supervisoras\" data-date=\"2022-10-05T14:23:00-03:00\">\n\n\t<div class=\"post-thumbnail-wrap\">\n\t\t<div class=\"post-thumbnail\">\n\n\t\t\t<a class=\"post-thumbnail-rollover layzr-bg img-css-resize-wrapper\" aria-label=\"Post image\" href=\"https:\/\/www.sertras.com\/gestao-de-fornecedores\/movimento-elas-lideram-2030-apresentamos-as-supervisoras\/\"><img decoding=\"async\" width=\"1366\" height=\"768\" src=\"data:image\/svg+xml,%3Csvg%20xmlns%3D&#039;http%3A%2F%2Fwww.w3.org%2F2000%2Fsvg&#039;%20viewBox%3D&#039;0%200%201366%20768&#039;%2F%3E\" class=\"attachment-full size-full preload-me aspect lazy lazy-load\" alt=\"\" sizes=\"(max-width: 1366px) 100vw, 1366px\" style=\"--ratio: 1366 \/ 768;\" data-src=\"https:\/\/www.sertras.com\/gestao-de-fornecedores\/wp-content\/uploads\/2022\/10\/capa.png\" loading=\"eager\" data-srcset=\"https:\/\/www.sertras.com\/gestao-de-fornecedores\/wp-content\/uploads\/2022\/10\/capa.png 1366w, https:\/\/www.sertras.com\/gestao-de-fornecedores\/wp-content\/uploads\/2022\/10\/capa-300x169.png 300w, https:\/\/www.sertras.com\/gestao-de-fornecedores\/wp-content\/uploads\/2022\/10\/capa-1024x576.png 1024w, https:\/\/www.sertras.com\/gestao-de-fornecedores\/wp-content\/uploads\/2022\/10\/capa-768x432.png 768w\" \/><\/a>\n\t\t<\/div>\n\t<\/div>\n\n\n<div class=\"post-entry-content\">\n\n\t<h3 class=\"ele-entry-title\"><a href=\"https:\/\/www.sertras.com\/gestao-de-fornecedores\/movimento-elas-lideram-2030-apresentamos-as-supervisoras\/\" rel=\"bookmark\" title=\"Movimento Elas Lideram 2030 &#8211; Apresentamos as supervisoras\">Movimento Elas Lideram 2030 &#8211; Apresentamos as supervisoras<\/a><\/h3><div class=\"entry-meta\"><span class=\"meta-item category-link\"><a href=\"https:\/\/www.sertras.com\/gestao-de-fornecedores\/category\/esg\/\" rel=\"tag\">ESG<\/a>, <a href=\"https:\/\/www.sertras.com\/gestao-de-fornecedores\/category\/sertras\/\" rel=\"tag\">Sertras<\/a><\/span><a href=\"https:\/\/www.sertras.com\/gestao-de-fornecedores\/2022\/10\/05\/\" title=\"14:23\" class=\"meta-item data-link\" rel=\"bookmark\"><time class=\"entry-date updated\" datetime=\"2022-10-05T14:23:00-03:00\">5 de outubro de 2022<\/time><\/a><\/div>\n<\/div><\/article><\/div><div class=\"visible wf-cell\" data-post-id=\"6618\" data-date=\"2022-09-27T10:13:00-03:00\" data-name=\"NR 15 - Atividades e Opera\u00e7\u00f5es Insalubres\"><article class=\"post visible post-6618 type-post status-publish format-standard has-post-thumbnail hentry category-gestao-de-terceiros tag-compradores tag-gestao-de-fornecedores tag-nr-15 tag-saude-e-seguranca\" data-name=\"NR 15 &#8211; Atividades e Opera\u00e7\u00f5es Insalubres\" data-date=\"2022-09-27T10:13:00-03:00\">\n\n\t<div class=\"post-thumbnail-wrap\">\n\t\t<div class=\"post-thumbnail\">\n\n\t\t\t<a class=\"post-thumbnail-rollover layzr-bg img-css-resize-wrapper\" aria-label=\"Post image\" href=\"https:\/\/www.sertras.com\/gestao-de-fornecedores\/nr15-atividades-e-operacoes-insalubres\/\"><img decoding=\"async\" width=\"1366\" height=\"768\" src=\"data:image\/svg+xml,%3Csvg%20xmlns%3D&#039;http%3A%2F%2Fwww.w3.org%2F2000%2Fsvg&#039;%20viewBox%3D&#039;0%200%201366%20768&#039;%2F%3E\" class=\"attachment-full size-full preload-me aspect lazy lazy-load\" alt=\"\" sizes=\"(max-width: 1366px) 100vw, 1366px\" style=\"--ratio: 1366 \/ 768;\" data-src=\"https:\/\/www.sertras.com\/gestao-de-fornecedores\/wp-content\/uploads\/2022\/09\/capa-3.png\" loading=\"eager\" data-srcset=\"https:\/\/www.sertras.com\/gestao-de-fornecedores\/wp-content\/uploads\/2022\/09\/capa-3.png 1366w, https:\/\/www.sertras.com\/gestao-de-fornecedores\/wp-content\/uploads\/2022\/09\/capa-3-300x169.png 300w, https:\/\/www.sertras.com\/gestao-de-fornecedores\/wp-content\/uploads\/2022\/09\/capa-3-1024x576.png 1024w, https:\/\/www.sertras.com\/gestao-de-fornecedores\/wp-content\/uploads\/2022\/09\/capa-3-768x432.png 768w\" \/><\/a>\n\t\t<\/div>\n\t<\/div>\n\n\n<div class=\"post-entry-content\">\n\n\t<h3 class=\"ele-entry-title\"><a href=\"https:\/\/www.sertras.com\/gestao-de-fornecedores\/nr15-atividades-e-operacoes-insalubres\/\" rel=\"bookmark\" title=\"NR 15 &#8211; Atividades e Opera\u00e7\u00f5es Insalubres\">NR 15 &#8211; Atividades e Opera\u00e7\u00f5es Insalubres<\/a><\/h3><div class=\"entry-meta\"><span class=\"meta-item category-link\"><a href=\"https:\/\/www.sertras.com\/gestao-de-fornecedores\/category\/gestao-de-terceiros\/\" rel=\"tag\">Gest\u00e3o de Terceiros<\/a><\/span><a href=\"https:\/\/www.sertras.com\/gestao-de-fornecedores\/2022\/09\/27\/\" title=\"10:13\" class=\"meta-item data-link\" rel=\"bookmark\"><time class=\"entry-date updated\" datetime=\"2022-09-27T10:13:00-03:00\">27 de setembro de 2022<\/time><\/a><\/div>\n<\/div><\/article><\/div><div class=\"visible wf-cell\" data-post-id=\"6521\" data-date=\"2022-09-13T12:40:41-03:00\" data-name=\"Movimento Elas Lideram 2030 - Apresentamos Blenda Kluser\"><article class=\"post visible post-6521 type-post status-publish format-standard has-post-thumbnail hentry category-esg category-sertras tag-compradores tag-fornecedores tag-igualdade-de-genero tag-ods-5 tag-pacto-global\" data-name=\"Movimento Elas Lideram 2030 &#8211; Apresentamos Blenda Kluser\" data-date=\"2022-09-13T12:40:41-03:00\">\n\n\t<div class=\"post-thumbnail-wrap\">\n\t\t<div class=\"post-thumbnail\">\n\n\t\t\t<a class=\"post-thumbnail-rollover layzr-bg img-css-resize-wrapper\" aria-label=\"Post image\" href=\"https:\/\/www.sertras.com\/gestao-de-fornecedores\/movimento-elas-lideram-2030-apresentamos-blenda-kluser\/\"><img decoding=\"async\" width=\"1366\" height=\"768\" src=\"data:image\/svg+xml,%3Csvg%20xmlns%3D&#039;http%3A%2F%2Fwww.w3.org%2F2000%2Fsvg&#039;%20viewBox%3D&#039;0%200%201366%20768&#039;%2F%3E\" class=\"attachment-full size-full preload-me aspect lazy lazy-load\" alt=\"\" sizes=\"(max-width: 1366px) 100vw, 1366px\" style=\"--ratio: 1366 \/ 768;\" data-src=\"https:\/\/www.sertras.com\/gestao-de-fornecedores\/wp-content\/uploads\/2022\/09\/capa-4.png\" loading=\"eager\" data-srcset=\"https:\/\/www.sertras.com\/gestao-de-fornecedores\/wp-content\/uploads\/2022\/09\/capa-4.png 1366w, https:\/\/www.sertras.com\/gestao-de-fornecedores\/wp-content\/uploads\/2022\/09\/capa-4-300x169.png 300w, https:\/\/www.sertras.com\/gestao-de-fornecedores\/wp-content\/uploads\/2022\/09\/capa-4-1024x576.png 1024w, https:\/\/www.sertras.com\/gestao-de-fornecedores\/wp-content\/uploads\/2022\/09\/capa-4-768x432.png 768w\" \/><\/a>\n\t\t<\/div>\n\t<\/div>\n\n\n<div class=\"post-entry-content\">\n\n\t<h3 class=\"ele-entry-title\"><a href=\"https:\/\/www.sertras.com\/gestao-de-fornecedores\/movimento-elas-lideram-2030-apresentamos-blenda-kluser\/\" rel=\"bookmark\" title=\"Movimento Elas Lideram 2030 &#8211; Apresentamos Blenda Kluser\">Movimento Elas Lideram 2030 &#8211; Apresentamos Blenda Kluser<\/a><\/h3><div class=\"entry-meta\"><span class=\"meta-item category-link\"><a href=\"https:\/\/www.sertras.com\/gestao-de-fornecedores\/category\/esg\/\" rel=\"tag\">ESG<\/a>, <a href=\"https:\/\/www.sertras.com\/gestao-de-fornecedores\/category\/sertras\/\" rel=\"tag\">Sertras<\/a><\/span><a href=\"https:\/\/www.sertras.com\/gestao-de-fornecedores\/2022\/09\/13\/\" title=\"12:40\" class=\"meta-item data-link\" rel=\"bookmark\"><time class=\"entry-date updated\" datetime=\"2022-09-13T12:40:41-03:00\">13 de setembro de 2022<\/time><\/a><\/div>\n<\/div><\/article><\/div><div class=\"visible wf-cell\" data-post-id=\"6404\" data-date=\"2022-08-29T13:07:00-03:00\" data-name=\"NR 4 - Servi\u00e7os Especializados Em Engenharia De Seguran\u00e7a E Em Medicina Do Trabalho\"><article class=\"post visible post-6404 type-post status-publish format-standard has-post-thumbnail hentry category-gestao-de-terceiros tag-compradores tag-gestao-de-fornecedores tag-nr-04 tag-saude-e-seguranca\" data-name=\"NR 4 &#8211; Servi\u00e7os Especializados Em Engenharia De Seguran\u00e7a E Em Medicina Do Trabalho\" data-date=\"2022-08-29T13:07:00-03:00\">\n\n\t<div class=\"post-thumbnail-wrap\">\n\t\t<div class=\"post-thumbnail\">\n\n\t\t\t<a class=\"post-thumbnail-rollover layzr-bg img-css-resize-wrapper\" aria-label=\"Post image\" href=\"https:\/\/www.sertras.com\/gestao-de-fornecedores\/nr-4-servicos-especializados-em-engenharia-de-seguranca-e-em-medicina-do-trabalho\/\"><img decoding=\"async\" width=\"1366\" height=\"768\" src=\"data:image\/svg+xml,%3Csvg%20xmlns%3D&#039;http%3A%2F%2Fwww.w3.org%2F2000%2Fsvg&#039;%20viewBox%3D&#039;0%200%201366%20768&#039;%2F%3E\" class=\"attachment-full size-full preload-me aspect lazy lazy-load\" alt=\"\" sizes=\"(max-width: 1366px) 100vw, 1366px\" style=\"--ratio: 1366 \/ 768;\" data-src=\"https:\/\/www.sertras.com\/gestao-de-fornecedores\/wp-content\/uploads\/2022\/08\/capa-8.png\" loading=\"eager\" data-srcset=\"https:\/\/www.sertras.com\/gestao-de-fornecedores\/wp-content\/uploads\/2022\/08\/capa-8.png 1366w, https:\/\/www.sertras.com\/gestao-de-fornecedores\/wp-content\/uploads\/2022\/08\/capa-8-300x169.png 300w, https:\/\/www.sertras.com\/gestao-de-fornecedores\/wp-content\/uploads\/2022\/08\/capa-8-1024x576.png 1024w, https:\/\/www.sertras.com\/gestao-de-fornecedores\/wp-content\/uploads\/2022\/08\/capa-8-768x432.png 768w\" \/><\/a>\n\t\t<\/div>\n\t<\/div>\n\n\n<div class=\"post-entry-content\">\n\n\t<h3 class=\"ele-entry-title\"><a href=\"https:\/\/www.sertras.com\/gestao-de-fornecedores\/nr-4-servicos-especializados-em-engenharia-de-seguranca-e-em-medicina-do-trabalho\/\" rel=\"bookmark\" title=\"NR 4 &#8211; Servi\u00e7os Especializados Em Engenharia De Seguran\u00e7a E Em Medicina Do Trabalho\">NR 4 &#8211; Servi\u00e7os Especializados Em Engenharia De Seguran\u00e7a E Em Medicina Do Trabalho<\/a><\/h3><div class=\"entry-meta\"><span class=\"meta-item category-link\"><a href=\"https:\/\/www.sertras.com\/gestao-de-fornecedores\/category\/gestao-de-terceiros\/\" rel=\"tag\">Gest\u00e3o de Terceiros<\/a><\/span><a href=\"https:\/\/www.sertras.com\/gestao-de-fornecedores\/2022\/08\/29\/\" title=\"13:07\" class=\"meta-item data-link\" rel=\"bookmark\"><time class=\"entry-date updated\" datetime=\"2022-08-29T13:07:00-03:00\">29 de agosto de 2022<\/time><\/a><\/div>\n<\/div><\/article><\/div><div class=\"visible wf-cell\" data-post-id=\"6401\" data-date=\"2022-08-26T16:56:30-03:00\" data-name=\"Conhe\u00e7a a Psic\u00f3loga da Sertras\"><article class=\"post visible post-6401 type-post status-publish format-standard has-post-thumbnail hentry category-sertras tag-compradores tag-fornecedores\" data-name=\"Conhe\u00e7a a Psic\u00f3loga da Sertras\" data-date=\"2022-08-26T16:56:30-03:00\">\n\n\t<div class=\"post-thumbnail-wrap\">\n\t\t<div class=\"post-thumbnail\">\n\n\t\t\t<a class=\"post-thumbnail-rollover layzr-bg img-css-resize-wrapper\" aria-label=\"Post image\" href=\"https:\/\/www.sertras.com\/gestao-de-fornecedores\/conheca-a-thays-teixeira-psicologa-da-sertras\/\"><img decoding=\"async\" width=\"1366\" height=\"768\" src=\"data:image\/svg+xml,%3Csvg%20xmlns%3D&#039;http%3A%2F%2Fwww.w3.org%2F2000%2Fsvg&#039;%20viewBox%3D&#039;0%200%201366%20768&#039;%2F%3E\" class=\"attachment-full size-full preload-me aspect lazy lazy-load\" alt=\"\" sizes=\"(max-width: 1366px) 100vw, 1366px\" style=\"--ratio: 1366 \/ 768;\" data-src=\"https:\/\/www.sertras.com\/gestao-de-fornecedores\/wp-content\/uploads\/2022\/08\/capa-9.png\" loading=\"eager\" data-srcset=\"https:\/\/www.sertras.com\/gestao-de-fornecedores\/wp-content\/uploads\/2022\/08\/capa-9.png 1366w, https:\/\/www.sertras.com\/gestao-de-fornecedores\/wp-content\/uploads\/2022\/08\/capa-9-300x169.png 300w, https:\/\/www.sertras.com\/gestao-de-fornecedores\/wp-content\/uploads\/2022\/08\/capa-9-1024x576.png 1024w, https:\/\/www.sertras.com\/gestao-de-fornecedores\/wp-content\/uploads\/2022\/08\/capa-9-768x432.png 768w\" \/><\/a>\n\t\t<\/div>\n\t<\/div>\n\n\n<div class=\"post-entry-content\">\n\n\t<h3 class=\"ele-entry-title\"><a href=\"https:\/\/www.sertras.com\/gestao-de-fornecedores\/conheca-a-thays-teixeira-psicologa-da-sertras\/\" rel=\"bookmark\" title=\"Conhe\u00e7a a Psic\u00f3loga da Sertras\">Conhe\u00e7a a Psic\u00f3loga da Sertras<\/a><\/h3><div class=\"entry-meta\"><span class=\"meta-item category-link\"><a href=\"https:\/\/www.sertras.com\/gestao-de-fornecedores\/category\/sertras\/\" rel=\"tag\">Sertras<\/a><\/span><a href=\"https:\/\/www.sertras.com\/gestao-de-fornecedores\/2022\/08\/26\/\" title=\"16:56\" class=\"meta-item data-link\" rel=\"bookmark\"><time class=\"entry-date updated\" datetime=\"2022-08-26T16:56:30-03:00\">26 de agosto de 2022<\/time><\/a><\/div>\n<\/div><\/article><\/div><div class=\"visible wf-cell\" data-post-id=\"6363\" data-date=\"2022-08-23T14:07:03-03:00\" data-name=\"NR-7 - Programa De Controle M\u00e9dico De Sa\u00fade Ocupacional (PCMSO)\"><article class=\"post visible post-6363 type-post status-publish format-standard has-post-thumbnail hentry category-gestao-de-terceiros tag-compradores tag-gestao-de-fornecedores tag-nr-07 tag-saude-e-seguranca\" data-name=\"NR-7 &#8211; Programa De Controle M\u00e9dico De Sa\u00fade Ocupacional (PCMSO)\" data-date=\"2022-08-23T14:07:03-03:00\">\n\n\t<div class=\"post-thumbnail-wrap\">\n\t\t<div class=\"post-thumbnail\">\n\n\t\t\t<a class=\"post-thumbnail-rollover layzr-bg img-css-resize-wrapper\" aria-label=\"Post image\" href=\"https:\/\/www.sertras.com\/gestao-de-fornecedores\/nr-7-programa-de-controle-medico-de-saude-ocupacional-pcmso\/\"><img decoding=\"async\" width=\"1366\" height=\"768\" src=\"data:image\/svg+xml,%3Csvg%20xmlns%3D&#039;http%3A%2F%2Fwww.w3.org%2F2000%2Fsvg&#039;%20viewBox%3D&#039;0%200%201366%20768&#039;%2F%3E\" class=\"attachment-full size-full preload-me aspect lazy lazy-load\" alt=\"\" sizes=\"(max-width: 1366px) 100vw, 1366px\" style=\"--ratio: 1366 \/ 768;\" data-src=\"https:\/\/www.sertras.com\/gestao-de-fornecedores\/wp-content\/uploads\/2022\/08\/capa1.png\" loading=\"eager\" data-srcset=\"https:\/\/www.sertras.com\/gestao-de-fornecedores\/wp-content\/uploads\/2022\/08\/capa1.png 1366w, https:\/\/www.sertras.com\/gestao-de-fornecedores\/wp-content\/uploads\/2022\/08\/capa1-300x169.png 300w, https:\/\/www.sertras.com\/gestao-de-fornecedores\/wp-content\/uploads\/2022\/08\/capa1-1024x576.png 1024w, https:\/\/www.sertras.com\/gestao-de-fornecedores\/wp-content\/uploads\/2022\/08\/capa1-768x432.png 768w\" \/><\/a>\n\t\t<\/div>\n\t<\/div>\n\n\n<div class=\"post-entry-content\">\n\n\t<h3 class=\"ele-entry-title\"><a href=\"https:\/\/www.sertras.com\/gestao-de-fornecedores\/nr-7-programa-de-controle-medico-de-saude-ocupacional-pcmso\/\" rel=\"bookmark\" title=\"NR-7 &#8211; Programa De Controle M\u00e9dico De Sa\u00fade Ocupacional (PCMSO)\">NR-7 &#8211; Programa De Controle M\u00e9dico De Sa\u00fade Ocupacional (PCMSO)<\/a><\/h3><div class=\"entry-meta\"><span class=\"meta-item category-link\"><a href=\"https:\/\/www.sertras.com\/gestao-de-fornecedores\/category\/gestao-de-terceiros\/\" rel=\"tag\">Gest\u00e3o de Terceiros<\/a><\/span><a href=\"https:\/\/www.sertras.com\/gestao-de-fornecedores\/2022\/08\/23\/\" title=\"14:07\" class=\"meta-item data-link\" rel=\"bookmark\"><time class=\"entry-date updated\" datetime=\"2022-08-23T14:07:03-03:00\">23 de agosto de 2022<\/time><\/a><\/div>\n<\/div><\/article><\/div><div class=\"visible wf-cell\" data-post-id=\"6193\" data-date=\"2022-08-19T10:57:00-03:00\" data-name=\"Lei Sarbanes-Oxley na Governan\u00e7a Corporativa\"><article class=\"post visible post-6193 type-post status-publish format-standard has-post-thumbnail hentry category-analise-financeira tag-compradores tag-gestao-de-fornecedores\" data-name=\"Lei Sarbanes-Oxley na Governan\u00e7a Corporativa\" data-date=\"2022-08-19T10:57:00-03:00\">\n\n\t<div class=\"post-thumbnail-wrap\">\n\t\t<div class=\"post-thumbnail\">\n\n\t\t\t<a class=\"post-thumbnail-rollover layzr-bg img-css-resize-wrapper\" aria-label=\"Post image\" href=\"https:\/\/www.sertras.com\/gestao-de-fornecedores\/conflito-de-interesses-na-gestao-de-fornecedores-lei-sarbanes-oxley\/\"><img decoding=\"async\" width=\"1366\" height=\"768\" src=\"data:image\/svg+xml,%3Csvg%20xmlns%3D&#039;http%3A%2F%2Fwww.w3.org%2F2000%2Fsvg&#039;%20viewBox%3D&#039;0%200%201366%20768&#039;%2F%3E\" class=\"attachment-full size-full preload-me aspect lazy lazy-load\" alt=\"\" sizes=\"(max-width: 1366px) 100vw, 1366px\" style=\"--ratio: 1366 \/ 768;\" data-src=\"https:\/\/www.sertras.com\/gestao-de-fornecedores\/wp-content\/uploads\/2022\/08\/capa-6.png\" loading=\"eager\" data-srcset=\"https:\/\/www.sertras.com\/gestao-de-fornecedores\/wp-content\/uploads\/2022\/08\/capa-6.png 1366w, https:\/\/www.sertras.com\/gestao-de-fornecedores\/wp-content\/uploads\/2022\/08\/capa-6-300x169.png 300w, https:\/\/www.sertras.com\/gestao-de-fornecedores\/wp-content\/uploads\/2022\/08\/capa-6-1024x576.png 1024w, https:\/\/www.sertras.com\/gestao-de-fornecedores\/wp-content\/uploads\/2022\/08\/capa-6-768x432.png 768w\" \/><\/a>\n\t\t<\/div>\n\t<\/div>\n\n\n<div class=\"post-entry-content\">\n\n\t<h3 class=\"ele-entry-title\"><a href=\"https:\/\/www.sertras.com\/gestao-de-fornecedores\/conflito-de-interesses-na-gestao-de-fornecedores-lei-sarbanes-oxley\/\" rel=\"bookmark\" title=\"Lei Sarbanes-Oxley na Governan\u00e7a Corporativa\">Lei Sarbanes-Oxley na Governan\u00e7a Corporativa<\/a><\/h3><div class=\"entry-meta\"><span class=\"meta-item category-link\"><a href=\"https:\/\/www.sertras.com\/gestao-de-fornecedores\/category\/analise-financeira\/\" rel=\"tag\">An\u00e1lise Financeira<\/a><\/span><a href=\"https:\/\/www.sertras.com\/gestao-de-fornecedores\/2022\/08\/19\/\" title=\"10:57\" class=\"meta-item data-link\" rel=\"bookmark\"><time class=\"entry-date updated\" datetime=\"2022-08-19T10:57:00-03:00\">19 de agosto de 2022<\/time><\/a><\/div>\n<\/div><\/article><\/div><div class=\"visible wf-cell\" data-post-id=\"6195\" data-date=\"2022-08-15T14:00:00-03:00\" data-name=\"Conhe\u00e7a um dos principais respons\u00e1veis por conduzir os projetos de TI da Sertras\"><article class=\"post visible post-6195 type-post status-publish format-standard has-post-thumbnail hentry category-sertras tag-compradores tag-fornecedores\" data-name=\"Conhe\u00e7a um dos principais respons\u00e1veis por conduzir os projetos de TI da Sertras\" data-date=\"2022-08-15T14:00:00-03:00\">\n\n\t<div class=\"post-thumbnail-wrap\">\n\t\t<div class=\"post-thumbnail\">\n\n\t\t\t<a class=\"post-thumbnail-rollover layzr-bg img-css-resize-wrapper\" aria-label=\"Post image\" href=\"https:\/\/www.sertras.com\/gestao-de-fornecedores\/conheca-a-dupla-responsavel-por-encabecar-os-projetos-de-ti-da-sertras\/\"><img decoding=\"async\" width=\"1366\" height=\"768\" src=\"data:image\/svg+xml,%3Csvg%20xmlns%3D&#039;http%3A%2F%2Fwww.w3.org%2F2000%2Fsvg&#039;%20viewBox%3D&#039;0%200%201366%20768&#039;%2F%3E\" class=\"attachment-full size-full preload-me aspect lazy lazy-load\" alt=\"\" sizes=\"(max-width: 1366px) 100vw, 1366px\" style=\"--ratio: 1366 \/ 768;\" data-src=\"https:\/\/www.sertras.com\/gestao-de-fornecedores\/wp-content\/uploads\/2022\/08\/capa-5.png\" loading=\"eager\" data-srcset=\"https:\/\/www.sertras.com\/gestao-de-fornecedores\/wp-content\/uploads\/2022\/08\/capa-5.png 1366w, https:\/\/www.sertras.com\/gestao-de-fornecedores\/wp-content\/uploads\/2022\/08\/capa-5-300x169.png 300w, https:\/\/www.sertras.com\/gestao-de-fornecedores\/wp-content\/uploads\/2022\/08\/capa-5-1024x576.png 1024w, https:\/\/www.sertras.com\/gestao-de-fornecedores\/wp-content\/uploads\/2022\/08\/capa-5-768x432.png 768w\" \/><\/a>\n\t\t<\/div>\n\t<\/div>\n\n\n<div class=\"post-entry-content\">\n\n\t<h3 class=\"ele-entry-title\"><a href=\"https:\/\/www.sertras.com\/gestao-de-fornecedores\/conheca-a-dupla-responsavel-por-encabecar-os-projetos-de-ti-da-sertras\/\" rel=\"bookmark\" title=\"Conhe\u00e7a um dos principais respons\u00e1veis por conduzir os projetos de TI da Sertras\">Conhe\u00e7a um dos principais respons\u00e1veis por conduzir os projetos de TI da Sertras<\/a><\/h3><div class=\"entry-meta\"><span class=\"meta-item category-link\"><a href=\"https:\/\/www.sertras.com\/gestao-de-fornecedores\/category\/sertras\/\" rel=\"tag\">Sertras<\/a><\/span><a href=\"https:\/\/www.sertras.com\/gestao-de-fornecedores\/2022\/08\/15\/\" title=\"14:00\" class=\"meta-item data-link\" rel=\"bookmark\"><time class=\"entry-date updated\" datetime=\"2022-08-15T14:00:00-03:00\">15 de agosto de 2022<\/time><\/a><\/div>\n<\/div><\/article><\/div><div class=\"visible wf-cell\" data-post-id=\"6150\" data-date=\"2022-08-09T08:30:00-03:00\" data-name=\"An\u00e1lise Financeira de Fornecedores: Indicador de Probabilidade de Fal\u00eancia\"><article class=\"post visible post-6150 type-post status-publish format-standard has-post-thumbnail hentry category-analise-financeira tag-compradores tag-gestao-de-fornecedores tag-kanitz\" data-name=\"An\u00e1lise Financeira de Fornecedores: Indicador de Probabilidade de Fal\u00eancia\" data-date=\"2022-08-09T08:30:00-03:00\">\n\n\t<div class=\"post-thumbnail-wrap\">\n\t\t<div class=\"post-thumbnail\">\n\n\t\t\t<a class=\"post-thumbnail-rollover layzr-bg img-css-resize-wrapper\" aria-label=\"Post image\" href=\"https:\/\/www.sertras.com\/gestao-de-fornecedores\/analise-financeira-de-fornecedores-indicador-de-probabilidade-de-falencia\/\"><img decoding=\"async\" width=\"1366\" height=\"768\" src=\"data:image\/svg+xml,%3Csvg%20xmlns%3D&#039;http%3A%2F%2Fwww.w3.org%2F2000%2Fsvg&#039;%20viewBox%3D&#039;0%200%201366%20768&#039;%2F%3E\" class=\"attachment-full size-full preload-me aspect lazy lazy-load\" alt=\"\" sizes=\"(max-width: 1366px) 100vw, 1366px\" style=\"--ratio: 1366 \/ 768;\" data-src=\"https:\/\/www.sertras.com\/gestao-de-fornecedores\/wp-content\/uploads\/2022\/08\/capa-1.png\" loading=\"eager\" data-srcset=\"https:\/\/www.sertras.com\/gestao-de-fornecedores\/wp-content\/uploads\/2022\/08\/capa-1.png 1366w, https:\/\/www.sertras.com\/gestao-de-fornecedores\/wp-content\/uploads\/2022\/08\/capa-1-300x169.png 300w, https:\/\/www.sertras.com\/gestao-de-fornecedores\/wp-content\/uploads\/2022\/08\/capa-1-1024x576.png 1024w, https:\/\/www.sertras.com\/gestao-de-fornecedores\/wp-content\/uploads\/2022\/08\/capa-1-768x432.png 768w\" \/><\/a>\n\t\t<\/div>\n\t<\/div>\n\n\n<div class=\"post-entry-content\">\n\n\t<h3 class=\"ele-entry-title\"><a href=\"https:\/\/www.sertras.com\/gestao-de-fornecedores\/analise-financeira-de-fornecedores-indicador-de-probabilidade-de-falencia\/\" rel=\"bookmark\" title=\"An\u00e1lise Financeira de Fornecedores: Indicador de Probabilidade de Fal\u00eancia\">An\u00e1lise Financeira de Fornecedores: Indicador de Probabilidade de Fal\u00eancia<\/a><\/h3><div class=\"entry-meta\"><span class=\"meta-item category-link\"><a href=\"https:\/\/www.sertras.com\/gestao-de-fornecedores\/category\/analise-financeira\/\" rel=\"tag\">An\u00e1lise Financeira<\/a><\/span><a href=\"https:\/\/www.sertras.com\/gestao-de-fornecedores\/2022\/08\/09\/\" title=\"08:30\" class=\"meta-item data-link\" rel=\"bookmark\"><time class=\"entry-date updated\" datetime=\"2022-08-09T08:30:00-03:00\">9 de agosto de 2022<\/time><\/a><\/div>\n<\/div><\/article><\/div><div class=\"visible wf-cell\" data-post-id=\"6026\" data-date=\"2022-08-05T08:30:00-03:00\" data-name=\"NR 18 - Seguran\u00e7a E Sa\u00fade No Trabalho Na Ind\u00fastria Da Constru\u00e7\u00e3o\"><article class=\"post visible post-6026 type-post status-publish format-standard has-post-thumbnail hentry category-gestao-de-terceiros tag-compradores tag-gestao-de-fornecedores tag-nr-18 tag-saude-e-seguranca\" data-name=\"NR 18 &#8211; Seguran\u00e7a E Sa\u00fade No Trabalho Na Ind\u00fastria Da Constru\u00e7\u00e3o\" data-date=\"2022-08-05T08:30:00-03:00\">\n\n\t<div class=\"post-thumbnail-wrap\">\n\t\t<div class=\"post-thumbnail\">\n\n\t\t\t<a class=\"post-thumbnail-rollover layzr-bg img-css-resize-wrapper\" aria-label=\"Post image\" href=\"https:\/\/www.sertras.com\/gestao-de-fornecedores\/nr-18-seguranca-e-saude-no-trabalho-na-industria-da-construcao\/\"><img decoding=\"async\" width=\"1366\" height=\"768\" src=\"data:image\/svg+xml,%3Csvg%20xmlns%3D&#039;http%3A%2F%2Fwww.w3.org%2F2000%2Fsvg&#039;%20viewBox%3D&#039;0%200%201366%20768&#039;%2F%3E\" class=\"attachment-full size-full preload-me aspect lazy lazy-load\" alt=\"\" sizes=\"(max-width: 1366px) 100vw, 1366px\" style=\"--ratio: 1366 \/ 768;\" data-src=\"https:\/\/www.sertras.com\/gestao-de-fornecedores\/wp-content\/uploads\/2022\/07\/capa-nr18.png\" loading=\"eager\" data-srcset=\"https:\/\/www.sertras.com\/gestao-de-fornecedores\/wp-content\/uploads\/2022\/07\/capa-nr18.png 1366w, https:\/\/www.sertras.com\/gestao-de-fornecedores\/wp-content\/uploads\/2022\/07\/capa-nr18-300x169.png 300w, https:\/\/www.sertras.com\/gestao-de-fornecedores\/wp-content\/uploads\/2022\/07\/capa-nr18-1024x576.png 1024w, https:\/\/www.sertras.com\/gestao-de-fornecedores\/wp-content\/uploads\/2022\/07\/capa-nr18-768x432.png 768w\" \/><\/a>\n\t\t<\/div>\n\t<\/div>\n\n\n<div class=\"post-entry-content\">\n\n\t<h3 class=\"ele-entry-title\"><a href=\"https:\/\/www.sertras.com\/gestao-de-fornecedores\/nr-18-seguranca-e-saude-no-trabalho-na-industria-da-construcao\/\" rel=\"bookmark\" title=\"NR 18 &#8211; Seguran\u00e7a E Sa\u00fade No Trabalho Na Ind\u00fastria Da Constru\u00e7\u00e3o\">NR 18 &#8211; Seguran\u00e7a E Sa\u00fade No Trabalho Na Ind\u00fastria Da Constru\u00e7\u00e3o<\/a><\/h3><div class=\"entry-meta\"><span class=\"meta-item category-link\"><a href=\"https:\/\/www.sertras.com\/gestao-de-fornecedores\/category\/gestao-de-terceiros\/\" rel=\"tag\">Gest\u00e3o de Terceiros<\/a><\/span><a href=\"https:\/\/www.sertras.com\/gestao-de-fornecedores\/2022\/08\/05\/\" title=\"08:30\" class=\"meta-item data-link\" rel=\"bookmark\"><time class=\"entry-date updated\" datetime=\"2022-08-05T08:30:00-03:00\">5 de agosto de 2022<\/time><\/a><\/div>\n<\/div><\/article><\/div><div class=\"visible wf-cell\" data-post-id=\"6113\" data-date=\"2022-08-03T10:49:09-03:00\" data-name=\"Transporte de Produtos Perigosos e Controlados\"><article class=\"post visible post-6113 type-post status-publish format-standard has-post-thumbnail hentry category-homologacao tag-compradores tag-documentos tag-gestao-de-fornecedores tag-saude-e-seguranca\" data-name=\"Transporte de Produtos Perigosos e Controlados\" data-date=\"2022-08-03T10:49:09-03:00\">\n\n\t<div class=\"post-thumbnail-wrap\">\n\t\t<div class=\"post-thumbnail\">\n\n\t\t\t<a class=\"post-thumbnail-rollover layzr-bg img-css-resize-wrapper\" aria-label=\"Post image\" href=\"https:\/\/www.sertras.com\/gestao-de-fornecedores\/transporte-de-produtos-perigosos-e-controlados\/\"><img decoding=\"async\" width=\"1366\" height=\"768\" src=\"data:image\/svg+xml,%3Csvg%20xmlns%3D&#039;http%3A%2F%2Fwww.w3.org%2F2000%2Fsvg&#039;%20viewBox%3D&#039;0%200%201366%20768&#039;%2F%3E\" class=\"attachment-full size-full preload-me aspect lazy lazy-load\" alt=\"\" sizes=\"(max-width: 1366px) 100vw, 1366px\" style=\"--ratio: 1366 \/ 768;\" data-src=\"https:\/\/www.sertras.com\/gestao-de-fornecedores\/wp-content\/uploads\/2022\/08\/capa-2.png\" loading=\"eager\" data-srcset=\"https:\/\/www.sertras.com\/gestao-de-fornecedores\/wp-content\/uploads\/2022\/08\/capa-2.png 1366w, https:\/\/www.sertras.com\/gestao-de-fornecedores\/wp-content\/uploads\/2022\/08\/capa-2-300x169.png 300w, https:\/\/www.sertras.com\/gestao-de-fornecedores\/wp-content\/uploads\/2022\/08\/capa-2-1024x576.png 1024w, https:\/\/www.sertras.com\/gestao-de-fornecedores\/wp-content\/uploads\/2022\/08\/capa-2-768x432.png 768w\" \/><\/a>\n\t\t<\/div>\n\t<\/div>\n\n\n<div class=\"post-entry-content\">\n\n\t<h3 class=\"ele-entry-title\"><a href=\"https:\/\/www.sertras.com\/gestao-de-fornecedores\/transporte-de-produtos-perigosos-e-controlados\/\" rel=\"bookmark\" title=\"Transporte de Produtos Perigosos e Controlados\">Transporte de Produtos Perigosos e Controlados<\/a><\/h3><div class=\"entry-meta\"><span class=\"meta-item category-link\"><a href=\"https:\/\/www.sertras.com\/gestao-de-fornecedores\/category\/homologacao\/\" rel=\"tag\">Homologa\u00e7\u00e3o<\/a><\/span><a href=\"https:\/\/www.sertras.com\/gestao-de-fornecedores\/2022\/08\/03\/\" title=\"10:49\" class=\"meta-item data-link\" rel=\"bookmark\"><time class=\"entry-date updated\" datetime=\"2022-08-03T10:49:09-03:00\">3 de agosto de 2022<\/time><\/a><\/div>\n<\/div><\/article><\/div><div class=\"visible wf-cell\" data-post-id=\"6095\" data-date=\"2022-07-29T09:04:40-03:00\" data-name=\"Gerenciamento de riscos: NR 09\"><article class=\"post visible post-6095 type-post status-publish format-standard has-post-thumbnail hentry category-gestao-de-terceiros tag-compradores tag-gestao-de-fornecedores tag-nr-09 tag-saude-e-seguranca\" data-name=\"Gerenciamento de riscos: NR 09\" data-date=\"2022-07-29T09:04:40-03:00\">\n\n\t<div class=\"post-thumbnail-wrap\">\n\t\t<div class=\"post-thumbnail\">\n\n\t\t\t<a class=\"post-thumbnail-rollover layzr-bg img-css-resize-wrapper\" aria-label=\"Post image\" href=\"https:\/\/www.sertras.com\/gestao-de-fornecedores\/gerenciamento-de-riscos-nr-09\/\"><img decoding=\"async\" width=\"1366\" height=\"768\" src=\"data:image\/svg+xml,%3Csvg%20xmlns%3D&#039;http%3A%2F%2Fwww.w3.org%2F2000%2Fsvg&#039;%20viewBox%3D&#039;0%200%201366%20768&#039;%2F%3E\" class=\"attachment-full size-full preload-me aspect lazy lazy-load\" alt=\"\" sizes=\"(max-width: 1366px) 100vw, 1366px\" style=\"--ratio: 1366 \/ 768;\" data-src=\"https:\/\/www.sertras.com\/gestao-de-fornecedores\/wp-content\/uploads\/2022\/07\/capa-nr9.png\" loading=\"eager\" data-srcset=\"https:\/\/www.sertras.com\/gestao-de-fornecedores\/wp-content\/uploads\/2022\/07\/capa-nr9.png 1366w, https:\/\/www.sertras.com\/gestao-de-fornecedores\/wp-content\/uploads\/2022\/07\/capa-nr9-300x169.png 300w, https:\/\/www.sertras.com\/gestao-de-fornecedores\/wp-content\/uploads\/2022\/07\/capa-nr9-1024x576.png 1024w, https:\/\/www.sertras.com\/gestao-de-fornecedores\/wp-content\/uploads\/2022\/07\/capa-nr9-768x432.png 768w\" \/><\/a>\n\t\t<\/div>\n\t<\/div>\n\n\n<div class=\"post-entry-content\">\n\n\t<h3 class=\"ele-entry-title\"><a href=\"https:\/\/www.sertras.com\/gestao-de-fornecedores\/gerenciamento-de-riscos-nr-09\/\" rel=\"bookmark\" title=\"Gerenciamento de riscos: NR 09\">Gerenciamento de riscos: NR 09<\/a><\/h3><div class=\"entry-meta\"><span class=\"meta-item category-link\"><a href=\"https:\/\/www.sertras.com\/gestao-de-fornecedores\/category\/gestao-de-terceiros\/\" rel=\"tag\">Gest\u00e3o de Terceiros<\/a><\/span><a href=\"https:\/\/www.sertras.com\/gestao-de-fornecedores\/2022\/07\/29\/\" title=\"09:04\" class=\"meta-item data-link\" rel=\"bookmark\"><time class=\"entry-date updated\" datetime=\"2022-07-29T09:04:40-03:00\">29 de julho de 2022<\/time><\/a><\/div>\n<\/div><\/article><\/div><div class=\"visible wf-cell\" data-post-id=\"6092\" data-date=\"2022-07-28T16:14:21-03:00\" data-name=\"Cartilha Preven\u00e7\u00e3o de Acidentes de Trabalho\"><article class=\"post visible post-6092 type-post status-publish format-standard has-post-thumbnail hentry category-sertras tag-compradores tag-documentos tag-fornecedores tag-saude-e-seguranca\" data-name=\"Cartilha Preven\u00e7\u00e3o de Acidentes de Trabalho\" data-date=\"2022-07-28T16:14:21-03:00\">\n\n\t<div class=\"post-thumbnail-wrap\">\n\t\t<div class=\"post-thumbnail\">\n\n\t\t\t<a class=\"post-thumbnail-rollover layzr-bg img-css-resize-wrapper\" aria-label=\"Post image\" href=\"https:\/\/www.sertras.com\/gestao-de-fornecedores\/cartilha-prevencao-de-acidentes-de-trabalho\/\"><img decoding=\"async\" width=\"683\" height=\"384\" src=\"data:image\/svg+xml,%3Csvg%20xmlns%3D&#039;http%3A%2F%2Fwww.w3.org%2F2000%2Fsvg&#039;%20viewBox%3D&#039;0%200%20683%20384&#039;%2F%3E\" class=\"attachment-full size-full preload-me aspect lazy lazy-load\" alt=\"\" sizes=\"(max-width: 683px) 100vw, 683px\" style=\"--ratio: 683 \/ 384;\" data-src=\"https:\/\/www.sertras.com\/gestao-de-fornecedores\/wp-content\/uploads\/2022\/07\/capa-do-site.png\" loading=\"eager\" data-srcset=\"https:\/\/www.sertras.com\/gestao-de-fornecedores\/wp-content\/uploads\/2022\/07\/capa-do-site.png 683w, https:\/\/www.sertras.com\/gestao-de-fornecedores\/wp-content\/uploads\/2022\/07\/capa-do-site-300x169.png 300w\" \/><\/a>\n\t\t<\/div>\n\t<\/div>\n\n\n<div class=\"post-entry-content\">\n\n\t<h3 class=\"ele-entry-title\"><a href=\"https:\/\/www.sertras.com\/gestao-de-fornecedores\/cartilha-prevencao-de-acidentes-de-trabalho\/\" rel=\"bookmark\" title=\"Cartilha Preven\u00e7\u00e3o de Acidentes de Trabalho\">Cartilha Preven\u00e7\u00e3o de Acidentes de Trabalho<\/a><\/h3><div class=\"entry-meta\"><span class=\"meta-item category-link\"><a href=\"https:\/\/www.sertras.com\/gestao-de-fornecedores\/category\/sertras\/\" rel=\"tag\">Sertras<\/a><\/span><a href=\"https:\/\/www.sertras.com\/gestao-de-fornecedores\/2022\/07\/28\/\" title=\"16:14\" class=\"meta-item data-link\" rel=\"bookmark\"><time class=\"entry-date updated\" datetime=\"2022-07-28T16:14:21-03:00\">28 de julho de 2022<\/time><\/a><\/div>\n<\/div><\/article><\/div><div class=\"visible wf-cell\" data-post-id=\"6070\" data-date=\"2022-07-26T09:13:37-03:00\" data-name=\"PEP - o que \u00e9 e porque \u00e9 relevante para a Gest\u00e3o de Fornecedores?\"><article class=\"post visible post-6070 type-post status-publish format-standard has-post-thumbnail hentry category-compliance tag-compradores tag-due-diligence tag-gestao-de-fornecedores tag-pep\" data-name=\"PEP &#8211; o que \u00e9 e porque \u00e9 relevante para a Gest\u00e3o de Fornecedores?\" data-date=\"2022-07-26T09:13:37-03:00\">\n\n\t<div class=\"post-thumbnail-wrap\">\n\t\t<div class=\"post-thumbnail\">\n\n\t\t\t<a class=\"post-thumbnail-rollover layzr-bg img-css-resize-wrapper\" aria-label=\"Post image\" href=\"https:\/\/www.sertras.com\/gestao-de-fornecedores\/pep-o-que-e-e-porque-e-relevante-para-a-gestao-de-fornecedores\/\"><img decoding=\"async\" width=\"1366\" height=\"768\" src=\"data:image\/svg+xml,%3Csvg%20xmlns%3D&#039;http%3A%2F%2Fwww.w3.org%2F2000%2Fsvg&#039;%20viewBox%3D&#039;0%200%201366%20768&#039;%2F%3E\" class=\"attachment-full size-full preload-me aspect lazy lazy-load\" alt=\"\" sizes=\"(max-width: 1366px) 100vw, 1366px\" style=\"--ratio: 1366 \/ 768;\" data-src=\"https:\/\/www.sertras.com\/gestao-de-fornecedores\/wp-content\/uploads\/2022\/07\/capa-PEP.png\" loading=\"eager\" data-srcset=\"https:\/\/www.sertras.com\/gestao-de-fornecedores\/wp-content\/uploads\/2022\/07\/capa-PEP.png 1366w, https:\/\/www.sertras.com\/gestao-de-fornecedores\/wp-content\/uploads\/2022\/07\/capa-PEP-300x169.png 300w, https:\/\/www.sertras.com\/gestao-de-fornecedores\/wp-content\/uploads\/2022\/07\/capa-PEP-1024x576.png 1024w, https:\/\/www.sertras.com\/gestao-de-fornecedores\/wp-content\/uploads\/2022\/07\/capa-PEP-768x432.png 768w\" \/><\/a>\n\t\t<\/div>\n\t<\/div>\n\n\n<div class=\"post-entry-content\">\n\n\t<h3 class=\"ele-entry-title\"><a href=\"https:\/\/www.sertras.com\/gestao-de-fornecedores\/pep-o-que-e-e-porque-e-relevante-para-a-gestao-de-fornecedores\/\" rel=\"bookmark\" title=\"PEP &#8211; o que \u00e9 e porque \u00e9 relevante para a Gest\u00e3o de Fornecedores?\">PEP &#8211; o que \u00e9 e porque \u00e9 relevante para a Gest\u00e3o de Fornecedores?<\/a><\/h3><div class=\"entry-meta\"><span class=\"meta-item category-link\"><a href=\"https:\/\/www.sertras.com\/gestao-de-fornecedores\/category\/compliance\/\" rel=\"tag\">Compliance<\/a><\/span><a href=\"https:\/\/www.sertras.com\/gestao-de-fornecedores\/2022\/07\/26\/\" title=\"09:13\" class=\"meta-item data-link\" rel=\"bookmark\"><time class=\"entry-date updated\" datetime=\"2022-07-26T09:13:37-03:00\">26 de julho de 2022<\/time><\/a><\/div>\n<\/div><\/article><\/div><div class=\"visible wf-cell\" data-post-id=\"6050\" data-date=\"2022-07-20T15:27:00-03:00\" data-name=\"A import\u00e2ncia da LGPD na an\u00e1lise da GFIP em gest\u00e3o de terceiros\"><article class=\"post visible post-6050 type-post status-publish format-standard has-post-thumbnail hentry category-gestao-de-terceiros tag-compradores tag-gestao-de-fornecedores tag-lgpd\" data-name=\"A import\u00e2ncia da LGPD na an\u00e1lise da GFIP em gest\u00e3o de terceiros\" data-date=\"2022-07-20T15:27:00-03:00\">\n\n\t<div class=\"post-thumbnail-wrap\">\n\t\t<div class=\"post-thumbnail\">\n\n\t\t\t<a class=\"post-thumbnail-rollover layzr-bg img-css-resize-wrapper\" aria-label=\"Post image\" href=\"https:\/\/www.sertras.com\/gestao-de-fornecedores\/a-importancia-da-lgpd-na-analise-da-gfip-em-gestao-de-terceiros\/\"><img decoding=\"async\" width=\"1366\" height=\"768\" src=\"data:image\/svg+xml,%3Csvg%20xmlns%3D&#039;http%3A%2F%2Fwww.w3.org%2F2000%2Fsvg&#039;%20viewBox%3D&#039;0%200%201366%20768&#039;%2F%3E\" class=\"attachment-full size-full preload-me aspect lazy lazy-load\" alt=\"\" sizes=\"(max-width: 1366px) 100vw, 1366px\" style=\"--ratio: 1366 \/ 768;\" data-src=\"https:\/\/www.sertras.com\/gestao-de-fornecedores\/wp-content\/uploads\/2022\/07\/capa.png\" loading=\"eager\" data-srcset=\"https:\/\/www.sertras.com\/gestao-de-fornecedores\/wp-content\/uploads\/2022\/07\/capa.png 1366w, https:\/\/www.sertras.com\/gestao-de-fornecedores\/wp-content\/uploads\/2022\/07\/capa-300x169.png 300w, https:\/\/www.sertras.com\/gestao-de-fornecedores\/wp-content\/uploads\/2022\/07\/capa-1024x576.png 1024w, https:\/\/www.sertras.com\/gestao-de-fornecedores\/wp-content\/uploads\/2022\/07\/capa-768x432.png 768w\" \/><\/a>\n\t\t<\/div>\n\t<\/div>\n\n\n<div class=\"post-entry-content\">\n\n\t<h3 class=\"ele-entry-title\"><a href=\"https:\/\/www.sertras.com\/gestao-de-fornecedores\/a-importancia-da-lgpd-na-analise-da-gfip-em-gestao-de-terceiros\/\" rel=\"bookmark\" title=\"A import\u00e2ncia da LGPD na an\u00e1lise da GFIP em gest\u00e3o de terceiros\">A import\u00e2ncia da LGPD na an\u00e1lise da GFIP em gest\u00e3o de terceiros<\/a><\/h3><div class=\"entry-meta\"><span class=\"meta-item category-link\"><a href=\"https:\/\/www.sertras.com\/gestao-de-fornecedores\/category\/gestao-de-terceiros\/\" rel=\"tag\">Gest\u00e3o de Terceiros<\/a><\/span><a href=\"https:\/\/www.sertras.com\/gestao-de-fornecedores\/2022\/07\/20\/\" title=\"15:27\" class=\"meta-item data-link\" rel=\"bookmark\"><time class=\"entry-date updated\" datetime=\"2022-07-20T15:27:00-03:00\">20 de julho de 2022<\/time><\/a><\/div>\n<\/div><\/article><\/div><div class=\"visible wf-cell\" data-post-id=\"6016\" data-date=\"2022-07-13T15:46:32-03:00\" data-name=\"Qual o impacto das Listas Restritivas em uma an\u00e1lise de Compliance?\"><article class=\"post visible post-6016 type-post status-publish format-standard has-post-thumbnail hentry category-compliance tag-compradores tag-due-diligence tag-gestao-de-fornecedores\" data-name=\"Qual o impacto das Listas Restritivas em uma an\u00e1lise de Compliance?\" data-date=\"2022-07-13T15:46:32-03:00\">\n\n\t<div class=\"post-thumbnail-wrap\">\n\t\t<div class=\"post-thumbnail\">\n\n\t\t\t<a class=\"post-thumbnail-rollover layzr-bg img-css-resize-wrapper\" aria-label=\"Post image\" href=\"https:\/\/www.sertras.com\/gestao-de-fornecedores\/qual-o-impacto-das-listas-restritivas-em-uma-analise-de-compliance\/\"><img decoding=\"async\" width=\"1366\" height=\"768\" src=\"data:image\/svg+xml,%3Csvg%20xmlns%3D&#039;http%3A%2F%2Fwww.w3.org%2F2000%2Fsvg&#039;%20viewBox%3D&#039;0%200%201366%20768&#039;%2F%3E\" class=\"attachment-full size-full preload-me aspect lazy lazy-load\" alt=\"\" sizes=\"(max-width: 1366px) 100vw, 1366px\" style=\"--ratio: 1366 \/ 768;\" data-src=\"https:\/\/www.sertras.com\/gestao-de-fornecedores\/wp-content\/uploads\/2022\/07\/capa-listas-restritivas.png\" loading=\"eager\" data-srcset=\"https:\/\/www.sertras.com\/gestao-de-fornecedores\/wp-content\/uploads\/2022\/07\/capa-listas-restritivas.png 1366w, https:\/\/www.sertras.com\/gestao-de-fornecedores\/wp-content\/uploads\/2022\/07\/capa-listas-restritivas-300x169.png 300w, https:\/\/www.sertras.com\/gestao-de-fornecedores\/wp-content\/uploads\/2022\/07\/capa-listas-restritivas-1024x576.png 1024w, https:\/\/www.sertras.com\/gestao-de-fornecedores\/wp-content\/uploads\/2022\/07\/capa-listas-restritivas-768x432.png 768w\" \/><\/a>\n\t\t<\/div>\n\t<\/div>\n\n\n<div class=\"post-entry-content\">\n\n\t<h3 class=\"ele-entry-title\"><a href=\"https:\/\/www.sertras.com\/gestao-de-fornecedores\/qual-o-impacto-das-listas-restritivas-em-uma-analise-de-compliance\/\" rel=\"bookmark\" title=\"Qual o impacto das Listas Restritivas em uma an\u00e1lise de Compliance?\">Qual o impacto das Listas Restritivas em uma an\u00e1lise de Compliance?<\/a><\/h3><div class=\"entry-meta\"><span class=\"meta-item category-link\"><a href=\"https:\/\/www.sertras.com\/gestao-de-fornecedores\/category\/compliance\/\" rel=\"tag\">Compliance<\/a><\/span><a href=\"https:\/\/www.sertras.com\/gestao-de-fornecedores\/2022\/07\/13\/\" title=\"15:46\" class=\"meta-item data-link\" rel=\"bookmark\"><time class=\"entry-date updated\" datetime=\"2022-07-13T15:46:32-03:00\">13 de julho de 2022<\/time><\/a><\/div>\n<\/div><\/article><\/div><div class=\"visible wf-cell\" data-post-id=\"5993\" data-date=\"2022-06-28T16:51:59-03:00\" data-name=\"Responsabilidades da Empresa Contratante com um recurso terceirizado\"><article class=\"post visible post-5993 type-post status-publish format-standard has-post-thumbnail hentry category-gestao-de-terceiros tag-compradores tag-gestao-de-fornecedores\" data-name=\"Responsabilidades da Empresa Contratante com um recurso terceirizado\" data-date=\"2022-06-28T16:51:59-03:00\">\n\n\t<div class=\"post-thumbnail-wrap\">\n\t\t<div class=\"post-thumbnail\">\n\n\t\t\t<a class=\"post-thumbnail-rollover layzr-bg img-css-resize-wrapper\" aria-label=\"Post image\" href=\"https:\/\/www.sertras.com\/gestao-de-fornecedores\/responsabilidades-da-empresa-contratante-com-um-recurso-terceirizado\/\"><img decoding=\"async\" width=\"1366\" height=\"768\" src=\"data:image\/svg+xml,%3Csvg%20xmlns%3D&#039;http%3A%2F%2Fwww.w3.org%2F2000%2Fsvg&#039;%20viewBox%3D&#039;0%200%201366%20768&#039;%2F%3E\" class=\"attachment-full size-full preload-me aspect lazy lazy-load\" alt=\"\" sizes=\"(max-width: 1366px) 100vw, 1366px\" style=\"--ratio: 1366 \/ 768;\" data-src=\"https:\/\/www.sertras.com\/gestao-de-fornecedores\/wp-content\/uploads\/2022\/06\/capa-versao-final.png\" loading=\"eager\" data-srcset=\"https:\/\/www.sertras.com\/gestao-de-fornecedores\/wp-content\/uploads\/2022\/06\/capa-versao-final.png 1366w, https:\/\/www.sertras.com\/gestao-de-fornecedores\/wp-content\/uploads\/2022\/06\/capa-versao-final-300x169.png 300w, https:\/\/www.sertras.com\/gestao-de-fornecedores\/wp-content\/uploads\/2022\/06\/capa-versao-final-1024x576.png 1024w, https:\/\/www.sertras.com\/gestao-de-fornecedores\/wp-content\/uploads\/2022\/06\/capa-versao-final-768x432.png 768w\" \/><\/a>\n\t\t<\/div>\n\t<\/div>\n\n\n<div class=\"post-entry-content\">\n\n\t<h3 class=\"ele-entry-title\"><a href=\"https:\/\/www.sertras.com\/gestao-de-fornecedores\/responsabilidades-da-empresa-contratante-com-um-recurso-terceirizado\/\" rel=\"bookmark\" title=\"Responsabilidades da Empresa Contratante com um recurso terceirizado\">Responsabilidades da Empresa Contratante com um recurso terceirizado<\/a><\/h3><div class=\"entry-meta\"><span class=\"meta-item category-link\"><a href=\"https:\/\/www.sertras.com\/gestao-de-fornecedores\/category\/gestao-de-terceiros\/\" rel=\"tag\">Gest\u00e3o de Terceiros<\/a><\/span><a href=\"https:\/\/www.sertras.com\/gestao-de-fornecedores\/2022\/06\/28\/\" title=\"16:51\" class=\"meta-item data-link\" rel=\"bookmark\"><time class=\"entry-date updated\" datetime=\"2022-06-28T16:51:59-03:00\">28 de junho de 2022<\/time><\/a><\/div>\n<\/div><\/article><\/div><div class=\"visible wf-cell\" data-post-id=\"5864\" data-date=\"2022-05-19T09:11:51-03:00\" data-name=\"Relat\u00f3rio 1\u00ba Quadrimestre de 2022\"><article class=\"post visible post-5864 type-post status-publish format-standard has-post-thumbnail hentry category-homologacao tag-compradores tag-fornecedores tag-gestao-de-fornecedores\" data-name=\"Relat\u00f3rio 1\u00ba Quadrimestre de 2022\" data-date=\"2022-05-19T09:11:51-03:00\">\n\n\t<div class=\"post-thumbnail-wrap\">\n\t\t<div class=\"post-thumbnail\">\n\n\t\t\t<a class=\"post-thumbnail-rollover layzr-bg img-css-resize-wrapper\" aria-label=\"Post image\" href=\"https:\/\/www.sertras.com\/gestao-de-fornecedores\/relatorio-1o-quadrimestre-de-2022\/\"><img decoding=\"async\" width=\"1366\" height=\"768\" src=\"data:image\/svg+xml,%3Csvg%20xmlns%3D&#039;http%3A%2F%2Fwww.w3.org%2F2000%2Fsvg&#039;%20viewBox%3D&#039;0%200%201366%20768&#039;%2F%3E\" class=\"attachment-full size-full preload-me aspect lazy lazy-load\" alt=\"\" sizes=\"(max-width: 1366px) 100vw, 1366px\" style=\"--ratio: 1366 \/ 768;\" data-src=\"https:\/\/www.sertras.com\/gestao-de-fornecedores\/wp-content\/uploads\/2022\/05\/capa-mapa-de-empresas.png\" loading=\"eager\" data-srcset=\"https:\/\/www.sertras.com\/gestao-de-fornecedores\/wp-content\/uploads\/2022\/05\/capa-mapa-de-empresas.png 1366w, https:\/\/www.sertras.com\/gestao-de-fornecedores\/wp-content\/uploads\/2022\/05\/capa-mapa-de-empresas-300x169.png 300w, https:\/\/www.sertras.com\/gestao-de-fornecedores\/wp-content\/uploads\/2022\/05\/capa-mapa-de-empresas-1024x576.png 1024w, https:\/\/www.sertras.com\/gestao-de-fornecedores\/wp-content\/uploads\/2022\/05\/capa-mapa-de-empresas-768x432.png 768w\" \/><\/a>\n\t\t<\/div>\n\t<\/div>\n\n\n<div class=\"post-entry-content\">\n\n\t<h3 class=\"ele-entry-title\"><a href=\"https:\/\/www.sertras.com\/gestao-de-fornecedores\/relatorio-1o-quadrimestre-de-2022\/\" rel=\"bookmark\" title=\"Relat\u00f3rio 1\u00ba Quadrimestre de 2022\">Relat\u00f3rio 1\u00ba Quadrimestre de 2022<\/a><\/h3><div class=\"entry-meta\"><span class=\"meta-item category-link\"><a href=\"https:\/\/www.sertras.com\/gestao-de-fornecedores\/category\/homologacao\/\" rel=\"tag\">Homologa\u00e7\u00e3o<\/a><\/span><a href=\"https:\/\/www.sertras.com\/gestao-de-fornecedores\/2022\/05\/19\/\" title=\"09:11\" class=\"meta-item data-link\" rel=\"bookmark\"><time class=\"entry-date updated\" datetime=\"2022-05-19T09:11:51-03:00\">19 de maio de 2022<\/time><\/a><\/div>\n<\/div><\/article><\/div><div class=\"visible wf-cell\" data-post-id=\"5761\" data-date=\"2022-05-02T10:56:00-03:00\" data-name=\"A rela\u00e7\u00e3o do trabalho de Compliance perante a Lei Anticorrup\u00e7\u00e3o\"><article class=\"post visible post-5761 type-post status-publish format-standard has-post-thumbnail hentry category-compliance tag-compradores tag-due-diligence tag-gestao-de-fornecedores\" data-name=\"A rela\u00e7\u00e3o do trabalho de Compliance perante a Lei Anticorrup\u00e7\u00e3o\" data-date=\"2022-05-02T10:56:00-03:00\">\n\n\t<div class=\"post-thumbnail-wrap\">\n\t\t<div class=\"post-thumbnail\">\n\n\t\t\t<a class=\"post-thumbnail-rollover layzr-bg img-css-resize-wrapper\" aria-label=\"Post image\" href=\"https:\/\/www.sertras.com\/gestao-de-fornecedores\/a-relacao-do-trabalho-de-compliance-perante-a-lei-anticorrupcao\/\"><img decoding=\"async\" width=\"1366\" height=\"768\" src=\"data:image\/svg+xml,%3Csvg%20xmlns%3D&#039;http%3A%2F%2Fwww.w3.org%2F2000%2Fsvg&#039;%20viewBox%3D&#039;0%200%201366%20768&#039;%2F%3E\" class=\"attachment-full size-full preload-me aspect lazy lazy-load\" alt=\"\" sizes=\"(max-width: 1366px) 100vw, 1366px\" style=\"--ratio: 1366 \/ 768;\" data-src=\"https:\/\/www.sertras.com\/gestao-de-fornecedores\/wp-content\/uploads\/2022\/05\/capa-compliance-lei-anticorrupcao2.png\" loading=\"eager\" data-srcset=\"https:\/\/www.sertras.com\/gestao-de-fornecedores\/wp-content\/uploads\/2022\/05\/capa-compliance-lei-anticorrupcao2.png 1366w, https:\/\/www.sertras.com\/gestao-de-fornecedores\/wp-content\/uploads\/2022\/05\/capa-compliance-lei-anticorrupcao2-300x169.png 300w, https:\/\/www.sertras.com\/gestao-de-fornecedores\/wp-content\/uploads\/2022\/05\/capa-compliance-lei-anticorrupcao2-1024x576.png 1024w, https:\/\/www.sertras.com\/gestao-de-fornecedores\/wp-content\/uploads\/2022\/05\/capa-compliance-lei-anticorrupcao2-768x432.png 768w\" \/><\/a>\n\t\t<\/div>\n\t<\/div>\n\n\n<div class=\"post-entry-content\">\n\n\t<h3 class=\"ele-entry-title\"><a href=\"https:\/\/www.sertras.com\/gestao-de-fornecedores\/a-relacao-do-trabalho-de-compliance-perante-a-lei-anticorrupcao\/\" rel=\"bookmark\" title=\"A rela\u00e7\u00e3o do trabalho de Compliance perante a Lei Anticorrup\u00e7\u00e3o\">A rela\u00e7\u00e3o do trabalho de Compliance perante a Lei Anticorrup\u00e7\u00e3o<\/a><\/h3><div class=\"entry-meta\"><span class=\"meta-item category-link\"><a href=\"https:\/\/www.sertras.com\/gestao-de-fornecedores\/category\/compliance\/\" rel=\"tag\">Compliance<\/a><\/span><a href=\"https:\/\/www.sertras.com\/gestao-de-fornecedores\/2022\/05\/02\/\" title=\"10:56\" class=\"meta-item data-link\" rel=\"bookmark\"><time class=\"entry-date updated\" datetime=\"2022-05-02T10:56:00-03:00\">2 de maio de 2022<\/time><\/a><\/div>\n<\/div><\/article><\/div><div class=\"visible wf-cell\" data-post-id=\"5737\" data-date=\"2022-04-20T12:06:00-03:00\" data-name=\"Implanta\u00e7\u00e3o do Processo de Gest\u00e3o de Fornecedores: An\u00e1lise e Identifica\u00e7\u00e3o de Subprocessos\"><article class=\"post visible post-5737 type-post status-publish format-standard has-post-thumbnail hentry category-analise-financeira category-auditorias category-avaliacao-de-desempenho category-gestao-de-terceiros category-homologacao tag-compradores tag-gestao-de-fornecedores\" data-name=\"Implanta\u00e7\u00e3o do Processo de Gest\u00e3o de Fornecedores: An\u00e1lise e Identifica\u00e7\u00e3o de Subprocessos\" data-date=\"2022-04-20T12:06:00-03:00\">\n\n\t<div class=\"post-thumbnail-wrap\">\n\t\t<div class=\"post-thumbnail\">\n\n\t\t\t<a class=\"post-thumbnail-rollover layzr-bg img-css-resize-wrapper\" aria-label=\"Post image\" href=\"https:\/\/www.sertras.com\/gestao-de-fornecedores\/implantacao-do-processo-de-gestao-de-fornecedores-analise-e-identificacao-de-subprocessos\/\"><img decoding=\"async\" width=\"1366\" height=\"768\" src=\"data:image\/svg+xml,%3Csvg%20xmlns%3D&#039;http%3A%2F%2Fwww.w3.org%2F2000%2Fsvg&#039;%20viewBox%3D&#039;0%200%201366%20768&#039;%2F%3E\" class=\"attachment-full size-full preload-me aspect lazy lazy-load\" alt=\"\" sizes=\"(max-width: 1366px) 100vw, 1366px\" style=\"--ratio: 1366 \/ 768;\" data-src=\"https:\/\/www.sertras.com\/gestao-de-fornecedores\/wp-content\/uploads\/2022\/04\/Capa-implantacao-GF.png\" loading=\"eager\" data-srcset=\"https:\/\/www.sertras.com\/gestao-de-fornecedores\/wp-content\/uploads\/2022\/04\/Capa-implantacao-GF.png 1366w, https:\/\/www.sertras.com\/gestao-de-fornecedores\/wp-content\/uploads\/2022\/04\/Capa-implantacao-GF-300x169.png 300w, https:\/\/www.sertras.com\/gestao-de-fornecedores\/wp-content\/uploads\/2022\/04\/Capa-implantacao-GF-1024x576.png 1024w, https:\/\/www.sertras.com\/gestao-de-fornecedores\/wp-content\/uploads\/2022\/04\/Capa-implantacao-GF-768x432.png 768w\" \/><\/a>\n\t\t<\/div>\n\t<\/div>\n\n\n<div class=\"post-entry-content\">\n\n\t<h3 class=\"ele-entry-title\"><a href=\"https:\/\/www.sertras.com\/gestao-de-fornecedores\/implantacao-do-processo-de-gestao-de-fornecedores-analise-e-identificacao-de-subprocessos\/\" rel=\"bookmark\" title=\"Implanta\u00e7\u00e3o do Processo de Gest\u00e3o de Fornecedores: An\u00e1lise e Identifica\u00e7\u00e3o de Subprocessos\">Implanta\u00e7\u00e3o do Processo de Gest\u00e3o de Fornecedores: An\u00e1lise e Identifica\u00e7\u00e3o de Subprocessos<\/a><\/h3><div class=\"entry-meta\"><span class=\"meta-item category-link\"><a href=\"https:\/\/www.sertras.com\/gestao-de-fornecedores\/category\/analise-financeira\/\" rel=\"tag\">An\u00e1lise Financeira<\/a>, <a href=\"https:\/\/www.sertras.com\/gestao-de-fornecedores\/category\/auditorias\/\" rel=\"tag\">Auditorias<\/a>, <a href=\"https:\/\/www.sertras.com\/gestao-de-fornecedores\/category\/avaliacao-de-desempenho\/\" rel=\"tag\">Avalia\u00e7\u00e3o de Desempenho<\/a>, <a href=\"https:\/\/www.sertras.com\/gestao-de-fornecedores\/category\/gestao-de-terceiros\/\" rel=\"tag\">Gest\u00e3o de Terceiros<\/a>, <a href=\"https:\/\/www.sertras.com\/gestao-de-fornecedores\/category\/homologacao\/\" rel=\"tag\">Homologa\u00e7\u00e3o<\/a><\/span><a href=\"https:\/\/www.sertras.com\/gestao-de-fornecedores\/2022\/04\/20\/\" title=\"12:06\" class=\"meta-item data-link\" rel=\"bookmark\"><time class=\"entry-date updated\" datetime=\"2022-04-20T12:06:00-03:00\">20 de abril de 2022<\/time><\/a><\/div>\n<\/div><\/article><\/div><div class=\"visible wf-cell\" data-post-id=\"5314\" data-date=\"2022-03-24T10:03:00-03:00\" data-name=\"Caracteriza\u00e7\u00e3o do trabalho an\u00e1logo ao escravo no Brasil\"><article class=\"post visible post-5314 type-post status-publish format-standard has-post-thumbnail hentry category-homologacao tag-compradores tag-due-diligence tag-fornecedores tag-gestao-de-fornecedores\" data-name=\"Caracteriza\u00e7\u00e3o do trabalho an\u00e1logo ao escravo no Brasil\" data-date=\"2022-03-24T10:03:00-03:00\">\n\n\t<div class=\"post-thumbnail-wrap\">\n\t\t<div class=\"post-thumbnail\">\n\n\t\t\t<a class=\"post-thumbnail-rollover layzr-bg img-css-resize-wrapper\" aria-label=\"Post image\" href=\"https:\/\/www.sertras.com\/gestao-de-fornecedores\/caracterizacao-do-trabalho-analogo-ao-escravo-no-brasil\/\"><img decoding=\"async\" width=\"1366\" height=\"768\" src=\"data:image\/svg+xml,%3Csvg%20xmlns%3D&#039;http%3A%2F%2Fwww.w3.org%2F2000%2Fsvg&#039;%20viewBox%3D&#039;0%200%201366%20768&#039;%2F%3E\" class=\"attachment-full size-full preload-me aspect lazy lazy-load\" alt=\"\" sizes=\"(max-width: 1366px) 100vw, 1366px\" style=\"--ratio: 1366 \/ 768;\" data-src=\"https:\/\/www.sertras.com\/gestao-de-fornecedores\/wp-content\/uploads\/2022\/03\/capa-trabalho-escravo2.png\" loading=\"eager\" data-srcset=\"https:\/\/www.sertras.com\/gestao-de-fornecedores\/wp-content\/uploads\/2022\/03\/capa-trabalho-escravo2.png 1366w, https:\/\/www.sertras.com\/gestao-de-fornecedores\/wp-content\/uploads\/2022\/03\/capa-trabalho-escravo2-300x169.png 300w, https:\/\/www.sertras.com\/gestao-de-fornecedores\/wp-content\/uploads\/2022\/03\/capa-trabalho-escravo2-1024x576.png 1024w, https:\/\/www.sertras.com\/gestao-de-fornecedores\/wp-content\/uploads\/2022\/03\/capa-trabalho-escravo2-768x432.png 768w\" \/><\/a>\n\t\t<\/div>\n\t<\/div>\n\n\n<div class=\"post-entry-content\">\n\n\t<h3 class=\"ele-entry-title\"><a href=\"https:\/\/www.sertras.com\/gestao-de-fornecedores\/caracterizacao-do-trabalho-analogo-ao-escravo-no-brasil\/\" rel=\"bookmark\" title=\"Caracteriza\u00e7\u00e3o do trabalho an\u00e1logo ao escravo no Brasil\">Caracteriza\u00e7\u00e3o do trabalho an\u00e1logo ao escravo no Brasil<\/a><\/h3><div class=\"entry-meta\"><span class=\"meta-item category-link\"><a href=\"https:\/\/www.sertras.com\/gestao-de-fornecedores\/category\/homologacao\/\" rel=\"tag\">Homologa\u00e7\u00e3o<\/a><\/span><a href=\"https:\/\/www.sertras.com\/gestao-de-fornecedores\/2022\/03\/24\/\" title=\"10:03\" class=\"meta-item data-link\" rel=\"bookmark\"><time class=\"entry-date updated\" datetime=\"2022-03-24T10:03:00-03:00\">24 de mar\u00e7o de 2022<\/time><\/a><\/div>\n<\/div><\/article><\/div><div class=\"visible wf-cell\" data-post-id=\"5332\" data-date=\"2022-02-22T08:53:38-03:00\" data-name=\"O que s\u00e3o os \u201cfalsos positivos\u201d em uma an\u00e1lise de Compliance?\"><article class=\"post visible post-5332 type-post status-publish format-standard has-post-thumbnail hentry category-compliance tag-compradores tag-due-diligence tag-gestao-de-fornecedores\" data-name=\"O que s\u00e3o os \u201cfalsos positivos\u201d em uma an\u00e1lise de Compliance?\" data-date=\"2022-02-22T08:53:38-03:00\">\n\n\t<div class=\"post-thumbnail-wrap\">\n\t\t<div class=\"post-thumbnail\">\n\n\t\t\t<a class=\"post-thumbnail-rollover layzr-bg img-css-resize-wrapper\" aria-label=\"Post image\" href=\"https:\/\/www.sertras.com\/gestao-de-fornecedores\/o-que-sao-os-falsos-positivos-em-uma-analise-de-compliance\/\"><img decoding=\"async\" width=\"1366\" height=\"768\" src=\"data:image\/svg+xml,%3Csvg%20xmlns%3D&#039;http%3A%2F%2Fwww.w3.org%2F2000%2Fsvg&#039;%20viewBox%3D&#039;0%200%201366%20768&#039;%2F%3E\" class=\"attachment-full size-full preload-me aspect lazy lazy-load\" alt=\"\" sizes=\"(max-width: 1366px) 100vw, 1366px\" style=\"--ratio: 1366 \/ 768;\" data-src=\"https:\/\/www.sertras.com\/gestao-de-fornecedores\/wp-content\/uploads\/2022\/02\/capa-falsos-positivos-no-compliance.png\" loading=\"eager\" data-srcset=\"https:\/\/www.sertras.com\/gestao-de-fornecedores\/wp-content\/uploads\/2022\/02\/capa-falsos-positivos-no-compliance.png 1366w, https:\/\/www.sertras.com\/gestao-de-fornecedores\/wp-content\/uploads\/2022\/02\/capa-falsos-positivos-no-compliance-300x169.png 300w, https:\/\/www.sertras.com\/gestao-de-fornecedores\/wp-content\/uploads\/2022\/02\/capa-falsos-positivos-no-compliance-1024x576.png 1024w, https:\/\/www.sertras.com\/gestao-de-fornecedores\/wp-content\/uploads\/2022\/02\/capa-falsos-positivos-no-compliance-768x432.png 768w\" \/><\/a>\n\t\t<\/div>\n\t<\/div>\n\n\n<div class=\"post-entry-content\">\n\n\t<h3 class=\"ele-entry-title\"><a href=\"https:\/\/www.sertras.com\/gestao-de-fornecedores\/o-que-sao-os-falsos-positivos-em-uma-analise-de-compliance\/\" rel=\"bookmark\" title=\"O que s\u00e3o os \u201cfalsos positivos\u201d em uma an\u00e1lise de Compliance?\">O que s\u00e3o os \u201cfalsos positivos\u201d em uma an\u00e1lise de Compliance?<\/a><\/h3><div class=\"entry-meta\"><span class=\"meta-item category-link\"><a href=\"https:\/\/www.sertras.com\/gestao-de-fornecedores\/category\/compliance\/\" rel=\"tag\">Compliance<\/a><\/span><a href=\"https:\/\/www.sertras.com\/gestao-de-fornecedores\/2022\/02\/22\/\" title=\"08:53\" class=\"meta-item data-link\" rel=\"bookmark\"><time class=\"entry-date updated\" datetime=\"2022-02-22T08:53:38-03:00\">22 de fevereiro de 2022<\/time><\/a><\/div>\n<\/div><\/article><\/div><div class=\"visible wf-cell\" data-post-id=\"5298\" data-date=\"2022-02-16T15:22:16-03:00\" data-name=\"Prospec\u00e7\u00e3o de Fornecedores: um dos principais desafios da \u00e1rea de compras\"><article class=\"post visible post-5298 type-post status-publish format-standard has-post-thumbnail hentry category-homologacao tag-compradores tag-gestao-de-fornecedores tag-prospeccao\" data-name=\"Prospec\u00e7\u00e3o de Fornecedores: um dos principais desafios da \u00e1rea de compras\" data-date=\"2022-02-16T15:22:16-03:00\">\n\n\t<div class=\"post-thumbnail-wrap\">\n\t\t<div class=\"post-thumbnail\">\n\n\t\t\t<a class=\"post-thumbnail-rollover layzr-bg img-css-resize-wrapper\" aria-label=\"Post image\" href=\"https:\/\/www.sertras.com\/gestao-de-fornecedores\/prospeccao-de-fornecedores\/\"><img decoding=\"async\" width=\"1366\" height=\"768\" src=\"data:image\/svg+xml,%3Csvg%20xmlns%3D&#039;http%3A%2F%2Fwww.w3.org%2F2000%2Fsvg&#039;%20viewBox%3D&#039;0%200%201366%20768&#039;%2F%3E\" class=\"attachment-full size-full preload-me aspect lazy lazy-load\" alt=\"\" sizes=\"(max-width: 1366px) 100vw, 1366px\" style=\"--ratio: 1366 \/ 768;\" data-src=\"https:\/\/www.sertras.com\/gestao-de-fornecedores\/wp-content\/uploads\/2022\/02\/capa-prospeccao-de-forn.-versao-final-2.png\" loading=\"eager\" data-srcset=\"https:\/\/www.sertras.com\/gestao-de-fornecedores\/wp-content\/uploads\/2022\/02\/capa-prospeccao-de-forn.-versao-final-2.png 1366w, https:\/\/www.sertras.com\/gestao-de-fornecedores\/wp-content\/uploads\/2022\/02\/capa-prospeccao-de-forn.-versao-final-2-300x169.png 300w, https:\/\/www.sertras.com\/gestao-de-fornecedores\/wp-content\/uploads\/2022\/02\/capa-prospeccao-de-forn.-versao-final-2-1024x576.png 1024w, https:\/\/www.sertras.com\/gestao-de-fornecedores\/wp-content\/uploads\/2022\/02\/capa-prospeccao-de-forn.-versao-final-2-768x432.png 768w\" \/><\/a>\n\t\t<\/div>\n\t<\/div>\n\n\n<div class=\"post-entry-content\">\n\n\t<h3 class=\"ele-entry-title\"><a href=\"https:\/\/www.sertras.com\/gestao-de-fornecedores\/prospeccao-de-fornecedores\/\" rel=\"bookmark\" title=\"Prospec\u00e7\u00e3o de Fornecedores: um dos principais desafios da \u00e1rea de compras\">Prospec\u00e7\u00e3o de Fornecedores: um dos principais desafios da \u00e1rea de compras<\/a><\/h3><div class=\"entry-meta\"><span class=\"meta-item category-link\"><a href=\"https:\/\/www.sertras.com\/gestao-de-fornecedores\/category\/homologacao\/\" rel=\"tag\">Homologa\u00e7\u00e3o<\/a><\/span><a href=\"https:\/\/www.sertras.com\/gestao-de-fornecedores\/2022\/02\/16\/\" title=\"15:22\" class=\"meta-item data-link\" rel=\"bookmark\"><time class=\"entry-date updated\" datetime=\"2022-02-16T15:22:16-03:00\">16 de fevereiro de 2022<\/time><\/a><\/div>\n<\/div><\/article><\/div><div class=\"visible wf-cell\" data-post-id=\"5272\" data-date=\"2022-02-15T11:55:13-03:00\" data-name=\"CND&#039;s positivos e seus impactos\"><article class=\"post visible post-5272 type-post status-publish format-standard has-post-thumbnail hentry category-homologacao tag-compradores tag-gestao-de-fornecedores\" data-name=\"CND&#8217;s positivos e seus impactos\" data-date=\"2022-02-15T11:55:13-03:00\">\n\n\t<div class=\"post-thumbnail-wrap\">\n\t\t<div class=\"post-thumbnail\">\n\n\t\t\t<a class=\"post-thumbnail-rollover layzr-bg img-css-resize-wrapper\" aria-label=\"Post image\" href=\"https:\/\/www.sertras.com\/gestao-de-fornecedores\/cnds-positivos-e-seus-impactos\/\"><img decoding=\"async\" width=\"1366\" height=\"768\" src=\"data:image\/svg+xml,%3Csvg%20xmlns%3D&#039;http%3A%2F%2Fwww.w3.org%2F2000%2Fsvg&#039;%20viewBox%3D&#039;0%200%201366%20768&#039;%2F%3E\" class=\"attachment-full size-full preload-me aspect lazy lazy-load\" alt=\"\" sizes=\"(max-width: 1366px) 100vw, 1366px\" style=\"--ratio: 1366 \/ 768;\" data-src=\"https:\/\/www.sertras.com\/gestao-de-fornecedores\/wp-content\/uploads\/2022\/02\/capa-CND.png\" loading=\"eager\" data-srcset=\"https:\/\/www.sertras.com\/gestao-de-fornecedores\/wp-content\/uploads\/2022\/02\/capa-CND.png 1366w, https:\/\/www.sertras.com\/gestao-de-fornecedores\/wp-content\/uploads\/2022\/02\/capa-CND-300x169.png 300w, https:\/\/www.sertras.com\/gestao-de-fornecedores\/wp-content\/uploads\/2022\/02\/capa-CND-1024x576.png 1024w, https:\/\/www.sertras.com\/gestao-de-fornecedores\/wp-content\/uploads\/2022\/02\/capa-CND-768x432.png 768w\" \/><\/a>\n\t\t<\/div>\n\t<\/div>\n\n\n<div class=\"post-entry-content\">\n\n\t<h3 class=\"ele-entry-title\"><a href=\"https:\/\/www.sertras.com\/gestao-de-fornecedores\/cnds-positivos-e-seus-impactos\/\" rel=\"bookmark\" title=\"CND&#8217;s positivos e seus impactos\">CND&#8217;s positivos e seus impactos<\/a><\/h3><div class=\"entry-meta\"><span class=\"meta-item category-link\"><a href=\"https:\/\/www.sertras.com\/gestao-de-fornecedores\/category\/homologacao\/\" rel=\"tag\">Homologa\u00e7\u00e3o<\/a><\/span><a href=\"https:\/\/www.sertras.com\/gestao-de-fornecedores\/2022\/02\/15\/\" title=\"11:55\" class=\"meta-item data-link\" rel=\"bookmark\"><time class=\"entry-date updated\" datetime=\"2022-02-15T11:55:13-03:00\">15 de fevereiro de 2022<\/time><\/a><\/div>\n<\/div><\/article><\/div><div class=\"visible wf-cell\" data-post-id=\"5229\" data-date=\"2022-02-09T14:04:56-03:00\" data-name=\"Ibama e Licen\u00e7a Ambiental: diferen\u00e7as e import\u00e2ncias\"><article class=\"post visible post-5229 type-post status-publish format-standard has-post-thumbnail hentry category-homologacao tag-compradores tag-gestao-de-fornecedores\" data-name=\"Ibama e Licen\u00e7a Ambiental: diferen\u00e7as e import\u00e2ncias\" data-date=\"2022-02-09T14:04:56-03:00\">\n\n\t<div class=\"post-thumbnail-wrap\">\n\t\t<div class=\"post-thumbnail\">\n\n\t\t\t<a class=\"post-thumbnail-rollover layzr-bg img-css-resize-wrapper\" aria-label=\"Post image\" href=\"https:\/\/www.sertras.com\/gestao-de-fornecedores\/ibama-e-licenca-ambiental-diferencas-e-importancias\/\"><img decoding=\"async\" width=\"1366\" height=\"768\" src=\"data:image\/svg+xml,%3Csvg%20xmlns%3D&#039;http%3A%2F%2Fwww.w3.org%2F2000%2Fsvg&#039;%20viewBox%3D&#039;0%200%201366%20768&#039;%2F%3E\" class=\"attachment-full size-full preload-me aspect lazy lazy-load\" alt=\"\" sizes=\"(max-width: 1366px) 100vw, 1366px\" style=\"--ratio: 1366 \/ 768;\" data-src=\"https:\/\/www.sertras.com\/gestao-de-fornecedores\/wp-content\/uploads\/2022\/02\/ibama-e-licenca-ambiental-capa.png\" loading=\"eager\" data-srcset=\"https:\/\/www.sertras.com\/gestao-de-fornecedores\/wp-content\/uploads\/2022\/02\/ibama-e-licenca-ambiental-capa.png 1366w, https:\/\/www.sertras.com\/gestao-de-fornecedores\/wp-content\/uploads\/2022\/02\/ibama-e-licenca-ambiental-capa-300x169.png 300w, https:\/\/www.sertras.com\/gestao-de-fornecedores\/wp-content\/uploads\/2022\/02\/ibama-e-licenca-ambiental-capa-1024x576.png 1024w, https:\/\/www.sertras.com\/gestao-de-fornecedores\/wp-content\/uploads\/2022\/02\/ibama-e-licenca-ambiental-capa-768x432.png 768w\" \/><\/a>\n\t\t<\/div>\n\t<\/div>\n\n\n<div class=\"post-entry-content\">\n\n\t<h3 class=\"ele-entry-title\"><a href=\"https:\/\/www.sertras.com\/gestao-de-fornecedores\/ibama-e-licenca-ambiental-diferencas-e-importancias\/\" rel=\"bookmark\" title=\"Ibama e Licen\u00e7a Ambiental: diferen\u00e7as e import\u00e2ncias\">Ibama e Licen\u00e7a Ambiental: diferen\u00e7as e import\u00e2ncias<\/a><\/h3><div class=\"entry-meta\"><span class=\"meta-item category-link\"><a href=\"https:\/\/www.sertras.com\/gestao-de-fornecedores\/category\/homologacao\/\" rel=\"tag\">Homologa\u00e7\u00e3o<\/a><\/span><a href=\"https:\/\/www.sertras.com\/gestao-de-fornecedores\/2022\/02\/09\/\" title=\"14:04\" class=\"meta-item data-link\" rel=\"bookmark\"><time class=\"entry-date updated\" datetime=\"2022-02-09T14:04:56-03:00\">9 de fevereiro de 2022<\/time><\/a><\/div>\n<\/div><\/article><\/div><div class=\"visible wf-cell\" data-post-id=\"5202\" data-date=\"2022-01-28T09:04:36-03:00\" data-name=\"Relat\u00f3rio da Transpar\u00eancia Internacional Rebaixando o Brasil - por Dr Izaias Francisco\"><article class=\"post visible post-5202 type-post status-publish format-standard has-post-thumbnail hentry category-compliance tag-compradores\" data-name=\"Relat\u00f3rio da Transpar\u00eancia Internacional Rebaixando o Brasil &#8211; por Dr Izaias Francisco\" data-date=\"2022-01-28T09:04:36-03:00\">\n\n\t<div class=\"post-thumbnail-wrap\">\n\t\t<div class=\"post-thumbnail\">\n\n\t\t\t<a class=\"post-thumbnail-rollover layzr-bg img-css-resize-wrapper\" aria-label=\"Post image\" href=\"https:\/\/www.sertras.com\/gestao-de-fornecedores\/relatorio-da-transparencia-internacional-rebaixando-o-brasil\/\"><img decoding=\"async\" width=\"1366\" height=\"768\" src=\"data:image\/svg+xml,%3Csvg%20xmlns%3D&#039;http%3A%2F%2Fwww.w3.org%2F2000%2Fsvg&#039;%20viewBox%3D&#039;0%200%201366%20768&#039;%2F%3E\" class=\"attachment-full size-full preload-me aspect lazy lazy-load\" alt=\"\" sizes=\"(max-width: 1366px) 100vw, 1366px\" style=\"--ratio: 1366 \/ 768;\" data-src=\"https:\/\/www.sertras.com\/gestao-de-fornecedores\/wp-content\/uploads\/2022\/01\/relatorio-transparencia-capa-site-2.png\" loading=\"eager\" data-srcset=\"https:\/\/www.sertras.com\/gestao-de-fornecedores\/wp-content\/uploads\/2022\/01\/relatorio-transparencia-capa-site-2.png 1366w, https:\/\/www.sertras.com\/gestao-de-fornecedores\/wp-content\/uploads\/2022\/01\/relatorio-transparencia-capa-site-2-300x169.png 300w, https:\/\/www.sertras.com\/gestao-de-fornecedores\/wp-content\/uploads\/2022\/01\/relatorio-transparencia-capa-site-2-1024x576.png 1024w, https:\/\/www.sertras.com\/gestao-de-fornecedores\/wp-content\/uploads\/2022\/01\/relatorio-transparencia-capa-site-2-768x432.png 768w\" \/><\/a>\n\t\t<\/div>\n\t<\/div>\n\n\n<div class=\"post-entry-content\">\n\n\t<h3 class=\"ele-entry-title\"><a href=\"https:\/\/www.sertras.com\/gestao-de-fornecedores\/relatorio-da-transparencia-internacional-rebaixando-o-brasil\/\" rel=\"bookmark\" title=\"Relat\u00f3rio da Transpar\u00eancia Internacional Rebaixando o Brasil &#8211; por Dr Izaias Francisco\">Relat\u00f3rio da Transpar\u00eancia Internacional Rebaixando o Brasil &#8211; por Dr Izaias Francisco<\/a><\/h3><div class=\"entry-meta\"><span class=\"meta-item category-link\"><a href=\"https:\/\/www.sertras.com\/gestao-de-fornecedores\/category\/compliance\/\" rel=\"tag\">Compliance<\/a><\/span><a href=\"https:\/\/www.sertras.com\/gestao-de-fornecedores\/2022\/01\/28\/\" title=\"09:04\" class=\"meta-item data-link\" rel=\"bookmark\"><time class=\"entry-date updated\" datetime=\"2022-01-28T09:04:36-03:00\">28 de janeiro de 2022<\/time><\/a><\/div>\n<\/div><\/article><\/div><div class=\"visible wf-cell\" data-post-id=\"5185\" data-date=\"2022-01-27T10:46:04-03:00\" data-name=\"Atualiza\u00e7\u00e3o na Norma Regulamentadora de Ergonomia - pela Eng. Civil Vit\u00f3ria Calheiros\"><article class=\"post visible post-5185 type-post status-publish format-standard has-post-thumbnail hentry category-gestao-de-terceiros tag-compradores tag-fornecedores tag-nr-17\" data-name=\"Atualiza\u00e7\u00e3o na Norma Regulamentadora de Ergonomia &#8211; pela Eng. Civil Vit\u00f3ria Calheiros\" data-date=\"2022-01-27T10:46:04-03:00\">\n\n\t<div class=\"post-thumbnail-wrap\">\n\t\t<div class=\"post-thumbnail\">\n\n\t\t\t<a class=\"post-thumbnail-rollover layzr-bg img-css-resize-wrapper\" aria-label=\"Post image\" href=\"https:\/\/www.sertras.com\/gestao-de-fornecedores\/atualizacao-na-norma-regulamentadora-de-ergonomia-pela-eng-civil-vitoria-calheiros\/\"><img decoding=\"async\" width=\"1366\" height=\"768\" src=\"data:image\/svg+xml,%3Csvg%20xmlns%3D&#039;http%3A%2F%2Fwww.w3.org%2F2000%2Fsvg&#039;%20viewBox%3D&#039;0%200%201366%20768&#039;%2F%3E\" class=\"attachment-full size-full preload-me aspect lazy lazy-load\" alt=\"\" sizes=\"(max-width: 1366px) 100vw, 1366px\" style=\"--ratio: 1366 \/ 768;\" data-src=\"https:\/\/www.sertras.com\/gestao-de-fornecedores\/wp-content\/uploads\/2022\/01\/capa-artigo-atualizacao-NR7-1.png\" loading=\"eager\" data-srcset=\"https:\/\/www.sertras.com\/gestao-de-fornecedores\/wp-content\/uploads\/2022\/01\/capa-artigo-atualizacao-NR7-1.png 1366w, https:\/\/www.sertras.com\/gestao-de-fornecedores\/wp-content\/uploads\/2022\/01\/capa-artigo-atualizacao-NR7-1-300x169.png 300w, https:\/\/www.sertras.com\/gestao-de-fornecedores\/wp-content\/uploads\/2022\/01\/capa-artigo-atualizacao-NR7-1-1024x576.png 1024w, https:\/\/www.sertras.com\/gestao-de-fornecedores\/wp-content\/uploads\/2022\/01\/capa-artigo-atualizacao-NR7-1-768x432.png 768w\" \/><\/a>\n\t\t<\/div>\n\t<\/div>\n\n\n<div class=\"post-entry-content\">\n\n\t<h3 class=\"ele-entry-title\"><a href=\"https:\/\/www.sertras.com\/gestao-de-fornecedores\/atualizacao-na-norma-regulamentadora-de-ergonomia-pela-eng-civil-vitoria-calheiros\/\" rel=\"bookmark\" title=\"Atualiza\u00e7\u00e3o na Norma Regulamentadora de Ergonomia &#8211; pela Eng. Civil Vit\u00f3ria Calheiros\">Atualiza\u00e7\u00e3o na Norma Regulamentadora de Ergonomia &#8211; pela Eng. Civil Vit\u00f3ria Calheiros<\/a><\/h3><div class=\"entry-meta\"><span class=\"meta-item category-link\"><a href=\"https:\/\/www.sertras.com\/gestao-de-fornecedores\/category\/gestao-de-terceiros\/\" rel=\"tag\">Gest\u00e3o de Terceiros<\/a><\/span><a href=\"https:\/\/www.sertras.com\/gestao-de-fornecedores\/2022\/01\/27\/\" title=\"10:46\" class=\"meta-item data-link\" rel=\"bookmark\"><time class=\"entry-date updated\" datetime=\"2022-01-27T10:46:04-03:00\">27 de janeiro de 2022<\/time><\/a><\/div>\n<\/div><\/article><\/div><div class=\"visible wf-cell\" data-post-id=\"5175\" data-date=\"2022-01-17T16:19:41-03:00\" data-name=\"Auditoria em Fornecedores\"><article class=\"post visible post-5175 type-post status-publish format-standard has-post-thumbnail hentry category-auditorias tag-compradores\" data-name=\"Auditoria em Fornecedores\" data-date=\"2022-01-17T16:19:41-03:00\">\n\n\t<div class=\"post-thumbnail-wrap\">\n\t\t<div class=\"post-thumbnail\">\n\n\t\t\t<a class=\"post-thumbnail-rollover layzr-bg img-css-resize-wrapper\" aria-label=\"Post image\" href=\"https:\/\/www.sertras.com\/gestao-de-fornecedores\/auditoria-em-fornecedores\/\"><img decoding=\"async\" width=\"1366\" height=\"768\" src=\"data:image\/svg+xml,%3Csvg%20xmlns%3D&#039;http%3A%2F%2Fwww.w3.org%2F2000%2Fsvg&#039;%20viewBox%3D&#039;0%200%201366%20768&#039;%2F%3E\" class=\"attachment-full size-full preload-me aspect lazy lazy-load\" alt=\"\" sizes=\"(max-width: 1366px) 100vw, 1366px\" style=\"--ratio: 1366 \/ 768;\" data-src=\"https:\/\/www.sertras.com\/gestao-de-fornecedores\/wp-content\/uploads\/2022\/01\/auditoria-em-campo-capa-artigo-2.png\" loading=\"eager\" data-srcset=\"https:\/\/www.sertras.com\/gestao-de-fornecedores\/wp-content\/uploads\/2022\/01\/auditoria-em-campo-capa-artigo-2.png 1366w, https:\/\/www.sertras.com\/gestao-de-fornecedores\/wp-content\/uploads\/2022\/01\/auditoria-em-campo-capa-artigo-2-300x169.png 300w, https:\/\/www.sertras.com\/gestao-de-fornecedores\/wp-content\/uploads\/2022\/01\/auditoria-em-campo-capa-artigo-2-1024x576.png 1024w, https:\/\/www.sertras.com\/gestao-de-fornecedores\/wp-content\/uploads\/2022\/01\/auditoria-em-campo-capa-artigo-2-768x432.png 768w\" \/><\/a>\n\t\t<\/div>\n\t<\/div>\n\n\n<div class=\"post-entry-content\">\n\n\t<h3 class=\"ele-entry-title\"><a href=\"https:\/\/www.sertras.com\/gestao-de-fornecedores\/auditoria-em-fornecedores\/\" rel=\"bookmark\" title=\"Auditoria em Fornecedores\">Auditoria em Fornecedores<\/a><\/h3><div class=\"entry-meta\"><span class=\"meta-item category-link\"><a href=\"https:\/\/www.sertras.com\/gestao-de-fornecedores\/category\/auditorias\/\" rel=\"tag\">Auditorias<\/a><\/span><a href=\"https:\/\/www.sertras.com\/gestao-de-fornecedores\/2022\/01\/17\/\" title=\"16:19\" class=\"meta-item data-link\" rel=\"bookmark\"><time class=\"entry-date updated\" datetime=\"2022-01-17T16:19:41-03:00\">17 de janeiro de 2022<\/time><\/a><\/div>\n<\/div><\/article><\/div><div class=\"visible wf-cell\" data-post-id=\"5148\" data-date=\"2022-01-03T09:42:56-03:00\" data-name=\"Revoga\u00e7\u00e3o da Resolu\u00e7\u00e3o 29 COAF - por Dr Izaias Francisco\"><article class=\"post visible post-5148 type-post status-publish format-standard has-post-thumbnail hentry category-avaliacao-de-desempenho tag-compradores\" data-name=\"Revoga\u00e7\u00e3o da Resolu\u00e7\u00e3o 29 COAF &#8211; por Dr Izaias Francisco\" data-date=\"2022-01-03T09:42:56-03:00\">\n\n\t<div class=\"post-thumbnail-wrap\">\n\t\t<div class=\"post-thumbnail\">\n\n\t\t\t<a class=\"post-thumbnail-rollover layzr-bg img-css-resize-wrapper\" aria-label=\"Post image\" href=\"https:\/\/www.sertras.com\/gestao-de-fornecedores\/revogacao-da-resolucao-29-coaf\/\"><img decoding=\"async\" width=\"1366\" height=\"768\" src=\"data:image\/svg+xml,%3Csvg%20xmlns%3D&#039;http%3A%2F%2Fwww.w3.org%2F2000%2Fsvg&#039;%20viewBox%3D&#039;0%200%201366%20768&#039;%2F%3E\" class=\"attachment-full size-full preload-me aspect lazy lazy-load\" alt=\"\" sizes=\"(max-width: 1366px) 100vw, 1366px\" style=\"--ratio: 1366 \/ 768;\" data-src=\"https:\/\/www.sertras.com\/gestao-de-fornecedores\/wp-content\/uploads\/2022\/01\/artigo-29-coaf-1.png\" loading=\"eager\" data-srcset=\"https:\/\/www.sertras.com\/gestao-de-fornecedores\/wp-content\/uploads\/2022\/01\/artigo-29-coaf-1.png 1366w, https:\/\/www.sertras.com\/gestao-de-fornecedores\/wp-content\/uploads\/2022\/01\/artigo-29-coaf-1-300x169.png 300w, https:\/\/www.sertras.com\/gestao-de-fornecedores\/wp-content\/uploads\/2022\/01\/artigo-29-coaf-1-1024x576.png 1024w, https:\/\/www.sertras.com\/gestao-de-fornecedores\/wp-content\/uploads\/2022\/01\/artigo-29-coaf-1-768x432.png 768w\" \/><\/a>\n\t\t<\/div>\n\t<\/div>\n\n\n<div class=\"post-entry-content\">\n\n\t<h3 class=\"ele-entry-title\"><a href=\"https:\/\/www.sertras.com\/gestao-de-fornecedores\/revogacao-da-resolucao-29-coaf\/\" rel=\"bookmark\" title=\"Revoga\u00e7\u00e3o da Resolu\u00e7\u00e3o 29 COAF &#8211; por Dr Izaias Francisco\">Revoga\u00e7\u00e3o da Resolu\u00e7\u00e3o 29 COAF &#8211; por Dr Izaias Francisco<\/a><\/h3><div class=\"entry-meta\"><span class=\"meta-item category-link\"><a href=\"https:\/\/www.sertras.com\/gestao-de-fornecedores\/category\/avaliacao-de-desempenho\/\" rel=\"tag\">Avalia\u00e7\u00e3o de Desempenho<\/a><\/span><a href=\"https:\/\/www.sertras.com\/gestao-de-fornecedores\/2022\/01\/03\/\" title=\"09:42\" class=\"meta-item data-link\" rel=\"bookmark\"><time class=\"entry-date updated\" datetime=\"2022-01-03T09:42:56-03:00\">3 de janeiro de 2022<\/time><\/a><\/div>\n<\/div><\/article><\/div><div class=\"visible wf-cell\" data-post-id=\"5042\" data-date=\"2021-11-26T13:18:29-03:00\" data-name=\"A Revista do Fornecedor - 1\u00aa Edi\u00e7\u00e3o\"><article class=\"post visible post-5042 type-post status-publish format-standard has-post-thumbnail hentry category-utilidade-publica tag-compradores tag-fornecedores\" data-name=\"A Revista do Fornecedor &#8211; 1\u00aa Edi\u00e7\u00e3o\" data-date=\"2021-11-26T13:18:29-03:00\">\n\n\t<div class=\"post-thumbnail-wrap\">\n\t\t<div class=\"post-thumbnail\">\n\n\t\t\t<a class=\"post-thumbnail-rollover layzr-bg img-css-resize-wrapper\" aria-label=\"Post image\" href=\"https:\/\/www.sertras.com\/gestao-de-fornecedores\/revista-do-fornecedor-primeira-edicao\/\"><img decoding=\"async\" width=\"1190\" height=\"1684\" src=\"data:image\/svg+xml,%3Csvg%20xmlns%3D&#039;http%3A%2F%2Fwww.w3.org%2F2000%2Fsvg&#039;%20viewBox%3D&#039;0%200%201190%201684&#039;%2F%3E\" class=\"attachment-full size-full preload-me aspect lazy lazy-load\" alt=\"A Revista do Fornecedor - 1\u00aa Edi\u00e7\u00e3o\" sizes=\"(max-width: 1190px) 100vw, 1190px\" style=\"--ratio: 1190 \/ 1684;\" data-src=\"https:\/\/www.sertras.com\/gestao-de-fornecedores\/wp-content\/uploads\/2021\/11\/capa.png\" loading=\"eager\" data-srcset=\"https:\/\/www.sertras.com\/gestao-de-fornecedores\/wp-content\/uploads\/2021\/11\/capa.png 1190w, https:\/\/www.sertras.com\/gestao-de-fornecedores\/wp-content\/uploads\/2021\/11\/capa-212x300.png 212w, https:\/\/www.sertras.com\/gestao-de-fornecedores\/wp-content\/uploads\/2021\/11\/capa-724x1024.png 724w, https:\/\/www.sertras.com\/gestao-de-fornecedores\/wp-content\/uploads\/2021\/11\/capa-768x1087.png 768w, https:\/\/www.sertras.com\/gestao-de-fornecedores\/wp-content\/uploads\/2021\/11\/capa-1085x1536.png 1085w\" \/><\/a>\n\t\t<\/div>\n\t<\/div>\n\n\n<div class=\"post-entry-content\">\n\n\t<h3 class=\"ele-entry-title\"><a href=\"https:\/\/www.sertras.com\/gestao-de-fornecedores\/revista-do-fornecedor-primeira-edicao\/\" rel=\"bookmark\" title=\"A Revista do Fornecedor &#8211; 1\u00aa Edi\u00e7\u00e3o\">A Revista do Fornecedor &#8211; 1\u00aa Edi\u00e7\u00e3o<\/a><\/h3><div class=\"entry-meta\"><span class=\"meta-item category-link\"><a href=\"https:\/\/www.sertras.com\/gestao-de-fornecedores\/category\/utilidade-publica\/\" rel=\"tag\">Utilidade P\u00fablica<\/a><\/span><a href=\"https:\/\/www.sertras.com\/gestao-de-fornecedores\/2021\/11\/26\/\" title=\"13:18\" class=\"meta-item data-link\" rel=\"bookmark\"><time class=\"entry-date updated\" datetime=\"2021-11-26T13:18:29-03:00\">26 de novembro de 2021<\/time><\/a><\/div>\n<\/div><\/article><\/div><div class=\"visible wf-cell\" data-post-id=\"4965\" data-date=\"2021-11-08T15:46:30-03:00\" data-name=\"Manual B\u00e1sico para An\u00e1lise Financeira de Fornecedores\"><article class=\"post visible post-4965 type-post status-publish format-standard has-post-thumbnail hentry category-analise-financeira tag-compradores\" data-name=\"Manual B\u00e1sico para An\u00e1lise Financeira de Fornecedores\" data-date=\"2021-11-08T15:46:30-03:00\">\n\n\t<div class=\"post-thumbnail-wrap\">\n\t\t<div class=\"post-thumbnail\">\n\n\t\t\t<a class=\"post-thumbnail-rollover layzr-bg img-css-resize-wrapper\" aria-label=\"Post image\" href=\"https:\/\/www.sertras.com\/gestao-de-fornecedores\/manual-basico-para-analise-financeira-de-fornecedores\/\"><img decoding=\"async\" width=\"2480\" height=\"3508\" src=\"data:image\/svg+xml,%3Csvg%20xmlns%3D&#039;http%3A%2F%2Fwww.w3.org%2F2000%2Fsvg&#039;%20viewBox%3D&#039;0%200%202480%203508&#039;%2F%3E\" class=\"attachment-full size-full preload-me aspect lazy lazy-load\" alt=\"Aprenda a calcular a Sa\u00fade Financeira dos seus fornecedores!\" sizes=\"(max-width: 2480px) 100vw, 2480px\" style=\"--ratio: 2480 \/ 3508;\" data-src=\"https:\/\/www.sertras.com\/gestao-de-fornecedores\/wp-content\/uploads\/2021\/11\/capa-copiar.png\" loading=\"eager\" data-srcset=\"https:\/\/www.sertras.com\/gestao-de-fornecedores\/wp-content\/uploads\/2021\/11\/capa-copiar.png 2480w, https:\/\/www.sertras.com\/gestao-de-fornecedores\/wp-content\/uploads\/2021\/11\/capa-copiar-212x300.png 212w, https:\/\/www.sertras.com\/gestao-de-fornecedores\/wp-content\/uploads\/2021\/11\/capa-copiar-724x1024.png 724w, https:\/\/www.sertras.com\/gestao-de-fornecedores\/wp-content\/uploads\/2021\/11\/capa-copiar-768x1086.png 768w, https:\/\/www.sertras.com\/gestao-de-fornecedores\/wp-content\/uploads\/2021\/11\/capa-copiar-1086x1536.png 1086w, https:\/\/www.sertras.com\/gestao-de-fornecedores\/wp-content\/uploads\/2021\/11\/capa-copiar-1448x2048.png 1448w\" \/><\/a>\n\t\t<\/div>\n\t<\/div>\n\n\n<div class=\"post-entry-content\">\n\n\t<h3 class=\"ele-entry-title\"><a href=\"https:\/\/www.sertras.com\/gestao-de-fornecedores\/manual-basico-para-analise-financeira-de-fornecedores\/\" rel=\"bookmark\" title=\"Manual B\u00e1sico para An\u00e1lise Financeira de Fornecedores\">Manual B\u00e1sico para An\u00e1lise Financeira de Fornecedores<\/a><\/h3><div class=\"entry-meta\"><span class=\"meta-item category-link\"><a href=\"https:\/\/www.sertras.com\/gestao-de-fornecedores\/category\/analise-financeira\/\" rel=\"tag\">An\u00e1lise Financeira<\/a><\/span><a href=\"https:\/\/www.sertras.com\/gestao-de-fornecedores\/2021\/11\/08\/\" title=\"15:46\" class=\"meta-item data-link\" rel=\"bookmark\"><time class=\"entry-date updated\" datetime=\"2021-11-08T15:46:30-03:00\">8 de novembro de 2021<\/time><\/a><\/div>\n<\/div><\/article><\/div><div class=\"visible wf-cell\" data-post-id=\"4928\" data-date=\"2021-11-08T10:49:03-03:00\" data-name=\"A LGPD para Micro e Pequenas Empresas\"><article class=\"post visible post-4928 type-post status-publish format-standard has-post-thumbnail hentry category-lgpd tag-compradores tag-fornecedores tag-lgpd\" data-name=\"A LGPD para Micro e Pequenas Empresas\" data-date=\"2021-11-08T10:49:03-03:00\">\n\n\t<div class=\"post-thumbnail-wrap\">\n\t\t<div class=\"post-thumbnail\">\n\n\t\t\t<a class=\"post-thumbnail-rollover layzr-bg img-css-resize-wrapper\" aria-label=\"Post image\" href=\"https:\/\/www.sertras.com\/gestao-de-fornecedores\/a-lgpd-para-micro-e-pequenas-empresas\/\"><img decoding=\"async\" width=\"1366\" height=\"768\" src=\"data:image\/svg+xml,%3Csvg%20xmlns%3D&#039;http%3A%2F%2Fwww.w3.org%2F2000%2Fsvg&#039;%20viewBox%3D&#039;0%200%201366%20768&#039;%2F%3E\" class=\"attachment-full size-full preload-me aspect lazy lazy-load\" alt=\"\" sizes=\"(max-width: 1366px) 100vw, 1366px\" style=\"--ratio: 1366 \/ 768;\" data-src=\"https:\/\/www.sertras.com\/gestao-de-fornecedores\/wp-content\/uploads\/2021\/11\/Capa-Site.png\" loading=\"eager\" data-srcset=\"https:\/\/www.sertras.com\/gestao-de-fornecedores\/wp-content\/uploads\/2021\/11\/Capa-Site.png 1366w, https:\/\/www.sertras.com\/gestao-de-fornecedores\/wp-content\/uploads\/2021\/11\/Capa-Site-300x169.png 300w, https:\/\/www.sertras.com\/gestao-de-fornecedores\/wp-content\/uploads\/2021\/11\/Capa-Site-1024x576.png 1024w, https:\/\/www.sertras.com\/gestao-de-fornecedores\/wp-content\/uploads\/2021\/11\/Capa-Site-768x432.png 768w\" \/><\/a>\n\t\t<\/div>\n\t<\/div>\n\n\n<div class=\"post-entry-content\">\n\n\t<h3 class=\"ele-entry-title\"><a href=\"https:\/\/www.sertras.com\/gestao-de-fornecedores\/a-lgpd-para-micro-e-pequenas-empresas\/\" rel=\"bookmark\" title=\"A LGPD para Micro e Pequenas Empresas\">A LGPD para Micro e Pequenas Empresas<\/a><\/h3><div class=\"entry-meta\"><span class=\"meta-item category-link\"><a href=\"https:\/\/www.sertras.com\/gestao-de-fornecedores\/category\/lgpd\/\" rel=\"tag\">LGPD<\/a><\/span><a href=\"https:\/\/www.sertras.com\/gestao-de-fornecedores\/2021\/11\/08\/\" title=\"10:49\" class=\"meta-item data-link\" rel=\"bookmark\"><time class=\"entry-date updated\" datetime=\"2021-11-08T10:49:03-03:00\">8 de novembro de 2021<\/time><\/a><\/div>\n<\/div><\/article><\/div><\/div><!-- iso-container|iso-grid --><\/div>\t\t\t\t<\/div>\n\t\t\t\t<\/div>\n\t\t\t\t\t<\/div>\n\t\t<\/div>\n\t\t\t\t<div class=\"elementor-column elementor-col-50 elementor-top-column elementor-element elementor-element-0ae1a09\" data-id=\"0ae1a09\" data-element_type=\"column\" data-e-type=\"column\">\n\t\t\t<div class=\"elementor-widget-wrap elementor-element-populated\">\n\t\t\t\t\t\t<section class=\"elementor-section elementor-inner-section elementor-element elementor-element-5d87df5 elementor-section-boxed elementor-section-height-default elementor-section-height-default\" data-id=\"5d87df5\" data-element_type=\"section\" data-e-type=\"section\">\n\t\t\t\t\t\t<div class=\"elementor-container elementor-column-gap-default\">\n\t\t\t\t\t<div class=\"elementor-column elementor-col-100 elementor-inner-column elementor-element elementor-element-d1c763c\" data-id=\"d1c763c\" data-element_type=\"column\" data-e-type=\"column\" data-settings=\"{&quot;background_background&quot;:&quot;classic&quot;}\">\n\t\t\t<div class=\"elementor-widget-wrap elementor-element-populated\">\n\t\t\t\t\t\t<div class=\"elementor-element elementor-element-f71fbaf search-title elementor-widget elementor-widget-heading\" data-id=\"f71fbaf\" data-element_type=\"widget\" data-e-type=\"widget\" data-widget_type=\"heading.default\">\n\t\t\t\t<div class=\"elementor-widget-container\">\n\t\t\t\t\t<h5 class=\"elementor-heading-title elementor-size-default\">Pesquisar<\/h5>\t\t\t\t<\/div>\n\t\t\t\t<\/div>\n\t\t\t\t<div class=\"elementor-element elementor-element-0399f84 hfe-search-layout-icon search-bar elementor-widget__width-initial elementor-widget elementor-widget-hfe-search-button\" data-id=\"0399f84\" data-element_type=\"widget\" data-e-type=\"widget\" data-settings=\"{&quot;input_icon_size&quot;:{&quot;unit&quot;:&quot;px&quot;,&quot;size&quot;:250,&quot;sizes&quot;:[]},&quot;input_icon_size_tablet&quot;:{&quot;unit&quot;:&quot;px&quot;,&quot;size&quot;:&quot;&quot;,&quot;sizes&quot;:[]},&quot;input_icon_size_mobile&quot;:{&quot;unit&quot;:&quot;px&quot;,&quot;size&quot;:&quot;&quot;,&quot;sizes&quot;:[]},&quot;toggle_icon_size&quot;:{&quot;unit&quot;:&quot;px&quot;,&quot;size&quot;:15,&quot;sizes&quot;:[]},&quot;toggle_icon_size_tablet&quot;:{&quot;unit&quot;:&quot;px&quot;,&quot;size&quot;:&quot;&quot;,&quot;sizes&quot;:[]},&quot;toggle_icon_size_mobile&quot;:{&quot;unit&quot;:&quot;px&quot;,&quot;size&quot;:&quot;&quot;,&quot;sizes&quot;:[]}}\" data-widget_type=\"hfe-search-button.default\">\n\t\t\t\t<div class=\"elementor-widget-container\">\n\t\t\t\t\t\t\t<form class=\"hfe-search-button-wrapper\" role=\"search\" action=\"https:\/\/www.sertras.com\/gestao-de-fornecedores\/\" method=\"get\">\n\n\t\t\t\t\t\t<div class = \"hfe-search-icon-toggle\">\n\t\t\t\t<input placeholder=\"\" class=\"hfe-search-form__input\" type=\"search\" name=\"s\" title=\"Search\" value=\"\">\n\t\t\t\t<i class=\"fas fa-search\" aria-hidden=\"true\"><\/i>\n\t\t\t<\/div>\n\t\t\t\t\t<\/form>\n\t\t\t\t\t\t<\/div>\n\t\t\t\t<\/div>\n\t\t\t\t\t<\/div>\n\t\t<\/div>\n\t\t\t\t\t<\/div>\n\t\t<\/section>\n\t\t\t\t<section class=\"elementor-section elementor-inner-section elementor-element elementor-element-a0af0b9 elementor-section-boxed elementor-section-height-default elementor-section-height-default\" data-id=\"a0af0b9\" data-element_type=\"section\" data-e-type=\"section\">\n\t\t\t\t\t\t<div class=\"elementor-container elementor-column-gap-default\">\n\t\t\t\t\t<div class=\"elementor-column elementor-col-100 elementor-inner-column elementor-element elementor-element-4871ccd\" data-id=\"4871ccd\" data-element_type=\"column\" data-e-type=\"column\" data-settings=\"{&quot;background_background&quot;:&quot;classic&quot;}\">\n\t\t\t<div class=\"elementor-widget-wrap elementor-element-populated\">\n\t\t\t\t\t\t<div class=\"elementor-element elementor-element-a203f09 cateoria elementor-widget__width-initial elementor-widget elementor-widget-wp-widget-categories\" data-id=\"a203f09\" data-element_type=\"widget\" data-e-type=\"widget\" data-widget_type=\"wp-widget-categories.default\">\n\t\t\t\t<div class=\"elementor-widget-container\">\n\t\t\t\t\t<h5>Categorias<\/h5>\n\t\t\t<ul>\n\t\t\t\t\t<li class=\"cat-item cat-item-143\"><a href=\"https:\/\/www.sertras.com\/gestao-de-fornecedores\/category\/analise-financeira\/\">An\u00e1lise Financeira<\/a>\n<\/li>\n\t<li class=\"cat-item cat-item-154\"><a href=\"https:\/\/www.sertras.com\/gestao-de-fornecedores\/category\/auditorias\/\">Auditorias<\/a>\n<\/li>\n\t<li class=\"cat-item cat-item-148\"><a href=\"https:\/\/www.sertras.com\/gestao-de-fornecedores\/category\/avaliacao-de-desempenho\/\">Avalia\u00e7\u00e3o de Desempenho<\/a>\n<\/li>\n\t<li class=\"cat-item cat-item-145\"><a href=\"https:\/\/www.sertras.com\/gestao-de-fornecedores\/category\/compliance\/\">Compliance<\/a>\n<\/li>\n\t<li class=\"cat-item cat-item-149\"><a href=\"https:\/\/www.sertras.com\/gestao-de-fornecedores\/category\/esg\/\">ESG<\/a>\n<\/li>\n\t<li class=\"cat-item cat-item-142\"><a href=\"https:\/\/www.sertras.com\/gestao-de-fornecedores\/category\/gestao-de-terceiros\/\">Gest\u00e3o de Terceiros<\/a>\n<\/li>\n\t<li class=\"cat-item cat-item-144\"><a href=\"https:\/\/www.sertras.com\/gestao-de-fornecedores\/category\/homologacao\/\">Homologa\u00e7\u00e3o<\/a>\n<\/li>\n\t<li class=\"cat-item cat-item-147\"><a href=\"https:\/\/www.sertras.com\/gestao-de-fornecedores\/category\/lgpd\/\">LGPD<\/a>\n<\/li>\n\t<li class=\"cat-item cat-item-150\"><a href=\"https:\/\/www.sertras.com\/gestao-de-fornecedores\/category\/sertras\/\">Sertras<\/a>\n<\/li>\n\t<li class=\"cat-item cat-item-1\"><a href=\"https:\/\/www.sertras.com\/gestao-de-fornecedores\/category\/utilidade-publica\/\">Utilidade P\u00fablica<\/a>\n<\/li>\n\t\t\t<\/ul>\n\n\t\t\t\t\t\t\t<\/div>\n\t\t\t\t<\/div>\n\t\t\t\t\t<\/div>\n\t\t<\/div>\n\t\t\t\t\t<\/div>\n\t\t<\/section>\n\t\t\t\t<section class=\"elementor-section elementor-inner-section elementor-element elementor-element-5f0ffc0 elementor-section-boxed elementor-section-height-default elementor-section-height-default\" data-id=\"5f0ffc0\" data-element_type=\"section\" data-e-type=\"section\">\n\t\t\t\t\t\t<div class=\"elementor-container elementor-column-gap-default\">\n\t\t\t\t\t<div class=\"elementor-column elementor-col-100 elementor-inner-column elementor-element elementor-element-0fef232\" data-id=\"0fef232\" data-element_type=\"column\" data-e-type=\"column\" data-settings=\"{&quot;background_background&quot;:&quot;classic&quot;}\">\n\t\t\t<div class=\"elementor-widget-wrap elementor-element-populated\">\n\t\t\t\t\t\t<div class=\"elementor-element elementor-element-922b418 tags elementor-widget elementor-widget-wp-widget-tag_cloud\" data-id=\"922b418\" data-element_type=\"widget\" data-e-type=\"widget\" data-widget_type=\"wp-widget-tag_cloud.default\">\n\t\t\t\t<div class=\"elementor-widget-container\">\n\t\t\t\t\t<h5>Tags<\/h5><div class=\"tagcloud\"><a href=\"https:\/\/www.sertras.com\/gestao-de-fornecedores\/tag\/cnae\/\" class=\"tag-cloud-link tag-link-184 tag-link-position-1\" style=\"font-size: 9.6470588235294pt;\" aria-label=\"CNAE (2 itens)\">CNAE<\/a>\n<a href=\"https:\/\/www.sertras.com\/gestao-de-fornecedores\/tag\/compliance\/\" class=\"tag-cloud-link tag-link-164 tag-link-position-2\" style=\"font-size: 8pt;\" aria-label=\"compliance (1 item)\">compliance<\/a>\n<a href=\"https:\/\/www.sertras.com\/gestao-de-fornecedores\/tag\/compradores\/\" class=\"tag-cloud-link tag-link-152 tag-link-position-3\" style=\"font-size: 22pt;\" aria-label=\"compradores (67 itens)\">compradores<\/a>\n<a href=\"https:\/\/www.sertras.com\/gestao-de-fornecedores\/tag\/data-cleaning\/\" class=\"tag-cloud-link tag-link-180 tag-link-position-4\" style=\"font-size: 8pt;\" aria-label=\"data cleaning (1 item)\">data cleaning<\/a>\n<a href=\"https:\/\/www.sertras.com\/gestao-de-fornecedores\/tag\/data-cleansing\/\" class=\"tag-cloud-link tag-link-181 tag-link-position-5\" style=\"font-size: 8pt;\" aria-label=\"data cleansing (1 item)\">data cleansing<\/a>\n<a href=\"https:\/\/www.sertras.com\/gestao-de-fornecedores\/tag\/documentos\/\" class=\"tag-cloud-link tag-link-168 tag-link-position-6\" style=\"font-size: 10.745098039216pt;\" aria-label=\"Documentos (3 itens)\">Documentos<\/a>\n<a href=\"https:\/\/www.sertras.com\/gestao-de-fornecedores\/tag\/due-diligence\/\" class=\"tag-cloud-link tag-link-159 tag-link-position-7\" style=\"font-size: 14.40522875817pt;\" aria-label=\"due diligence (9 itens)\">due diligence<\/a>\n<a href=\"https:\/\/www.sertras.com\/gestao-de-fornecedores\/tag\/esg\/\" class=\"tag-cloud-link tag-link-163 tag-link-position-8\" style=\"font-size: 13.032679738562pt;\" aria-label=\"esg (6 itens)\">esg<\/a>\n<a href=\"https:\/\/www.sertras.com\/gestao-de-fornecedores\/tag\/fornecedores\/\" class=\"tag-cloud-link tag-link-153 tag-link-position-9\" style=\"font-size: 19.895424836601pt;\" aria-label=\"fornecedores (39 itens)\">fornecedores<\/a>\n<a href=\"https:\/\/www.sertras.com\/gestao-de-fornecedores\/tag\/fraudes\/\" class=\"tag-cloud-link tag-link-188 tag-link-position-10\" style=\"font-size: 8pt;\" aria-label=\"fraudes (1 item)\">fraudes<\/a>\n<a href=\"https:\/\/www.sertras.com\/gestao-de-fornecedores\/tag\/gestao-de-fornecedores\/\" class=\"tag-cloud-link tag-link-156 tag-link-position-11\" style=\"font-size: 20.718954248366pt;\" aria-label=\"gest\u00e3o de fornecedores (48 itens)\">gest\u00e3o de fornecedores<\/a>\n<a href=\"https:\/\/www.sertras.com\/gestao-de-fornecedores\/tag\/ia\/\" class=\"tag-cloud-link tag-link-209 tag-link-position-12\" style=\"font-size: 9.6470588235294pt;\" aria-label=\"IA (2 itens)\">IA<\/a>\n<a href=\"https:\/\/www.sertras.com\/gestao-de-fornecedores\/tag\/igualdade-de-genero\/\" class=\"tag-cloud-link tag-link-177 tag-link-position-13\" style=\"font-size: 8pt;\" aria-label=\"Igualdade de Genero (1 item)\">Igualdade de Genero<\/a>\n<a href=\"https:\/\/www.sertras.com\/gestao-de-fornecedores\/tag\/integracao\/\" class=\"tag-cloud-link tag-link-185 tag-link-position-14\" style=\"font-size: 8pt;\" aria-label=\"integra\u00e7\u00e3o (1 item)\">integra\u00e7\u00e3o<\/a>\n<a href=\"https:\/\/www.sertras.com\/gestao-de-fornecedores\/tag\/interno\/\" class=\"tag-cloud-link tag-link-202 tag-link-position-15\" style=\"font-size: 11.660130718954pt;\" aria-label=\"Interno (4 itens)\">Interno<\/a>\n<a href=\"https:\/\/www.sertras.com\/gestao-de-fornecedores\/tag\/iso-9001\/\" class=\"tag-cloud-link tag-link-187 tag-link-position-16\" style=\"font-size: 8pt;\" aria-label=\"ISO 9001 (1 item)\">ISO 9001<\/a>\n<a href=\"https:\/\/www.sertras.com\/gestao-de-fornecedores\/tag\/kanitz\/\" class=\"tag-cloud-link tag-link-172 tag-link-position-17\" style=\"font-size: 8pt;\" aria-label=\"Kanitz (1 item)\">Kanitz<\/a>\n<a href=\"https:\/\/www.sertras.com\/gestao-de-fornecedores\/tag\/kraljic\/\" class=\"tag-cloud-link tag-link-189 tag-link-position-18\" style=\"font-size: 11.660130718954pt;\" aria-label=\"Kraljic (4 itens)\">Kraljic<\/a>\n<a href=\"https:\/\/www.sertras.com\/gestao-de-fornecedores\/tag\/lgpd\/\" class=\"tag-cloud-link tag-link-151 tag-link-position-19\" style=\"font-size: 10.745098039216pt;\" aria-label=\"lgpd (3 itens)\">lgpd<\/a>\n<a href=\"https:\/\/www.sertras.com\/gestao-de-fornecedores\/tag\/nr-04\/\" class=\"tag-cloud-link tag-link-174 tag-link-position-20\" style=\"font-size: 8pt;\" aria-label=\"NR 04 (1 item)\">NR 04<\/a>\n<a href=\"https:\/\/www.sertras.com\/gestao-de-fornecedores\/tag\/nr-07\/\" class=\"tag-cloud-link tag-link-173 tag-link-position-21\" style=\"font-size: 8pt;\" aria-label=\"NR 07 (1 item)\">NR 07<\/a>\n<a href=\"https:\/\/www.sertras.com\/gestao-de-fornecedores\/tag\/nr-09\/\" class=\"tag-cloud-link tag-link-169 tag-link-position-22\" style=\"font-size: 8pt;\" aria-label=\"NR 09 (1 item)\">NR 09<\/a>\n<a href=\"https:\/\/www.sertras.com\/gestao-de-fornecedores\/tag\/nr-15\/\" class=\"tag-cloud-link tag-link-178 tag-link-position-23\" style=\"font-size: 8pt;\" aria-label=\"NR 15 (1 item)\">NR 15<\/a>\n<a href=\"https:\/\/www.sertras.com\/gestao-de-fornecedores\/tag\/nr-17\/\" class=\"tag-cloud-link tag-link-155 tag-link-position-24\" style=\"font-size: 8pt;\" aria-label=\"NR 17 (1 item)\">NR 17<\/a>\n<a href=\"https:\/\/www.sertras.com\/gestao-de-fornecedores\/tag\/nr-18\/\" class=\"tag-cloud-link tag-link-170 tag-link-position-25\" style=\"font-size: 8pt;\" aria-label=\"NR 18 (1 item)\">NR 18<\/a>\n<a href=\"https:\/\/www.sertras.com\/gestao-de-fornecedores\/tag\/nr-33\/\" class=\"tag-cloud-link tag-link-183 tag-link-position-26\" style=\"font-size: 8pt;\" aria-label=\"NR 33 (1 item)\">NR 33<\/a>\n<a href=\"https:\/\/www.sertras.com\/gestao-de-fornecedores\/tag\/nr-35\/\" class=\"tag-cloud-link tag-link-186 tag-link-position-27\" style=\"font-size: 8pt;\" aria-label=\"NR 35 (1 item)\">NR 35<\/a>\n<a href=\"https:\/\/www.sertras.com\/gestao-de-fornecedores\/tag\/ods-5\/\" class=\"tag-cloud-link tag-link-176 tag-link-position-28\" style=\"font-size: 9.6470588235294pt;\" aria-label=\"ODS 5 (2 itens)\">ODS 5<\/a>\n<a href=\"https:\/\/www.sertras.com\/gestao-de-fornecedores\/tag\/ods-8\/\" class=\"tag-cloud-link tag-link-179 tag-link-position-29\" style=\"font-size: 9.6470588235294pt;\" aria-label=\"ODS 8 (2 itens)\">ODS 8<\/a>\n<a href=\"https:\/\/www.sertras.com\/gestao-de-fornecedores\/tag\/pacto-global\/\" class=\"tag-cloud-link tag-link-175 tag-link-position-30\" style=\"font-size: 8pt;\" aria-label=\"Pacto Global (1 item)\">Pacto Global<\/a>\n<a href=\"https:\/\/www.sertras.com\/gestao-de-fornecedores\/tag\/pep\/\" class=\"tag-cloud-link tag-link-165 tag-link-position-31\" style=\"font-size: 8pt;\" aria-label=\"PEP (1 item)\">PEP<\/a>\n<a href=\"https:\/\/www.sertras.com\/gestao-de-fornecedores\/tag\/prospeccao\/\" class=\"tag-cloud-link tag-link-158 tag-link-position-32\" style=\"font-size: 8pt;\" aria-label=\"prospec\u00e7\u00e3o (1 item)\">prospec\u00e7\u00e3o<\/a>\n<a href=\"https:\/\/www.sertras.com\/gestao-de-fornecedores\/tag\/qualidade\/\" class=\"tag-cloud-link tag-link-182 tag-link-position-33\" style=\"font-size: 8pt;\" aria-label=\"qualidade (1 item)\">qualidade<\/a>\n<a href=\"https:\/\/www.sertras.com\/gestao-de-fornecedores\/tag\/rh\/\" class=\"tag-cloud-link tag-link-161 tag-link-position-34\" style=\"font-size: 9.6470588235294pt;\" aria-label=\"rh (2 itens)\">rh<\/a>\n<a href=\"https:\/\/www.sertras.com\/gestao-de-fornecedores\/tag\/saude-e-seguranca\/\" class=\"tag-cloud-link tag-link-166 tag-link-position-35\" style=\"font-size: 13.947712418301pt;\" aria-label=\"Saude e Seguran\u00e7a (8 itens)\">Saude e Seguran\u00e7a<\/a>\n<a href=\"https:\/\/www.sertras.com\/gestao-de-fornecedores\/tag\/saude-mental\/\" class=\"tag-cloud-link tag-link-160 tag-link-position-36\" style=\"font-size: 8pt;\" aria-label=\"saude mental (1 item)\">saude mental<\/a><\/div>\n\t\t\t\t<\/div>\n\t\t\t\t<\/div>\n\t\t\t\t\t<\/div>\n\t\t<\/div>\n\t\t\t\t\t<\/div>\n\t\t<\/section>\n\t\t\t\t\t<\/div>\n\t\t<\/div>\n\t\t\t\t\t<\/div>\n\t\t<\/section>\n\t\t\t\t<section class=\"elementor-section elementor-top-section elementor-element elementor-element-6d05f61 elementor-section-boxed elementor-section-height-default elementor-section-height-default\" data-id=\"6d05f61\" data-element_type=\"section\" data-e-type=\"section\">\n\t\t\t\t\t\t<div class=\"elementor-container elementor-column-gap-default\">\n\t\t\t\t\t<div class=\"elementor-column elementor-col-100 elementor-top-column elementor-element elementor-element-60e7092\" data-id=\"60e7092\" data-element_type=\"column\" data-e-type=\"column\">\n\t\t\t<div class=\"elementor-widget-wrap elementor-element-populated\">\n\t\t\t\t\t\t<div class=\"elementor-element elementor-element-8d96a30 elementor-widget elementor-widget-spacer\" data-id=\"8d96a30\" data-element_type=\"widget\" data-e-type=\"widget\" data-widget_type=\"spacer.default\">\n\t\t\t\t<div class=\"elementor-widget-container\">\n\t\t\t\t\t\t\t<div class=\"elementor-spacer\">\n\t\t\t<div class=\"elementor-spacer-inner\"><\/div>\n\t\t<\/div>\n\t\t\t\t\t\t<\/div>\n\t\t\t\t<\/div>\n\t\t\t\t\t<\/div>\n\t\t<\/div>\n\t\t\t\t\t<\/div>\n\t\t<\/section>\n\t\t\t\t<\/div>\n\t\t","protected":false},"excerpt":{"rendered":"<p>Blog do Comprador Material para compradores profissionais. Miss\u00e3o, Vis\u00e3o e Valores: A filosofia por tr\u00e1s de toda empresa Utilidade Publica8 de janeiro de 2024 Greenwashing na Gest\u00e3o de Fornecedores: Desmascarando Pr\u00e1ticas Enganosas. ESG11 de dezembro de 2023 An\u00e1lise financeira Sertras Atualiza\u00e7\u00e3o 2023 An\u00e1lise Financeira, Homologa\u00e7\u00e3o4 de dezembro de 2023 Movimento Elas Lideram 2030 &#8211; Apresentamos&hellip;<\/p>\n","protected":false},"author":2,"featured_media":0,"parent":0,"menu_order":0,"comment_status":"closed","ping_status":"closed","template":"elementor_canvas","meta":{"footnotes":""},"class_list":["post-4738","page","type-page","status-publish","hentry"],"yoast_head":"<!-- This site is optimized with the Yoast SEO Premium plugin v27.3 (Yoast SEO v27.3) - https:\/\/yoast.com\/product\/yoast-seo-premium-wordpress\/ -->\n<title>Blog - Sertras Gest\u00e3o de Fornecedores<\/title>\n<meta name=\"description\" content=\"Informa\u00e7\u00e3o criada para compradores profissionais que desejam saber mais sobre Compliance, An\u00e1lise Financeira, Homologa\u00e7\u00e3o e Due Diligence de fornecedores.\" \/>\n<meta name=\"robots\" content=\"index, follow, max-snippet:-1, max-image-preview:large, max-video-preview:-1\" \/>\n<link rel=\"canonical\" href=\"https:\/\/www.sertras.com\/gestao-de-fornecedores\/blog\/\" \/>\n<meta property=\"og:locale\" content=\"pt_BR\" \/>\n<meta property=\"og:type\" content=\"article\" \/>\n<meta property=\"og:title\" content=\"Blog\" \/>\n<meta property=\"og:description\" content=\"Informa\u00e7\u00e3o criada para compradores profissionais que desejam saber mais sobre Compliance, An\u00e1lise Financeira, Homologa\u00e7\u00e3o e Due Diligence de fornecedores.\" \/>\n<meta property=\"og:url\" content=\"https:\/\/www.sertras.com\/gestao-de-fornecedores\/blog\/\" \/>\n<meta property=\"og:site_name\" content=\"Sertras Gest\u00e3o de Fornecedores\" \/>\n<meta property=\"article:publisher\" content=\"https:\/\/pt-br.facebook.com\/sertras\/\" \/>\n<meta property=\"article:modified_time\" content=\"2025-04-14T20:24:42+00:00\" \/>\n<meta property=\"og:image\" content=\"https:\/\/www.sertras.com\/gestao-de-fornecedores\/wp-content\/uploads\/2022\/05\/logo-completa-alta-resolucao.png\" \/>\n\t<meta property=\"og:image:width\" content=\"10243\" \/>\n\t<meta property=\"og:image:height\" content=\"2409\" \/>\n\t<meta property=\"og:image:type\" content=\"image\/png\" \/>\n<meta name=\"twitter:label1\" content=\"Est. tempo de leitura\" \/>\n\t<meta name=\"twitter:data1\" content=\"17 minutos\" \/>\n<script type=\"application\/ld+json\" class=\"yoast-schema-graph\">{\"@context\":\"https:\\\/\\\/schema.org\",\"@graph\":[{\"@type\":\"WebPage\",\"@id\":\"https:\\\/\\\/www.sertras.com\\\/gestao-de-fornecedores\\\/blog\\\/\",\"url\":\"https:\\\/\\\/www.sertras.com\\\/gestao-de-fornecedores\\\/blog\\\/\",\"name\":\"Blog - Sertras Gest\u00e3o de Fornecedores\",\"isPartOf\":{\"@id\":\"https:\\\/\\\/www.sertras.com\\\/gestao-de-fornecedores\\\/#website\"},\"datePublished\":\"2021-10-28T17:21:19+00:00\",\"dateModified\":\"2025-04-14T20:24:42+00:00\",\"description\":\"Informa\u00e7\u00e3o criada para compradores profissionais que desejam saber mais sobre Compliance, An\u00e1lise Financeira, Homologa\u00e7\u00e3o e Due Diligence de fornecedores.\",\"breadcrumb\":{\"@id\":\"https:\\\/\\\/www.sertras.com\\\/gestao-de-fornecedores\\\/blog\\\/#breadcrumb\"},\"inLanguage\":\"pt-BR\",\"potentialAction\":[{\"@type\":\"ReadAction\",\"target\":[\"https:\\\/\\\/www.sertras.com\\\/gestao-de-fornecedores\\\/blog\\\/\"]}]},{\"@type\":\"BreadcrumbList\",\"@id\":\"https:\\\/\\\/www.sertras.com\\\/gestao-de-fornecedores\\\/blog\\\/#breadcrumb\",\"itemListElement\":[{\"@type\":\"ListItem\",\"position\":1,\"name\":\"In\u00edcio\",\"item\":\"https:\\\/\\\/www.sertras.com\\\/gestao-de-fornecedores\\\/\"},{\"@type\":\"ListItem\",\"position\":2,\"name\":\"Blog\"}]},{\"@type\":\"WebSite\",\"@id\":\"https:\\\/\\\/www.sertras.com\\\/gestao-de-fornecedores\\\/#website\",\"url\":\"https:\\\/\\\/www.sertras.com\\\/gestao-de-fornecedores\\\/\",\"name\":\"Sertras Gest\u00e3o de Fornecedores\",\"description\":\"Servi\u00e7os profissionais para compradores e fornecedores\",\"publisher\":{\"@id\":\"https:\\\/\\\/www.sertras.com\\\/gestao-de-fornecedores\\\/#organization\"},\"alternateName\":\"Sertras\",\"potentialAction\":[{\"@type\":\"SearchAction\",\"target\":{\"@type\":\"EntryPoint\",\"urlTemplate\":\"https:\\\/\\\/www.sertras.com\\\/gestao-de-fornecedores\\\/?s={search_term_string}\"},\"query-input\":{\"@type\":\"PropertyValueSpecification\",\"valueRequired\":true,\"valueName\":\"search_term_string\"}}],\"inLanguage\":\"pt-BR\"},{\"@type\":\"Organization\",\"@id\":\"https:\\\/\\\/www.sertras.com\\\/gestao-de-fornecedores\\\/#organization\",\"name\":\"Sertras Gest\u00e3o de Fornecedores\",\"alternateName\":\"Sertras\",\"url\":\"https:\\\/\\\/www.sertras.com\\\/gestao-de-fornecedores\\\/\",\"logo\":{\"@type\":\"ImageObject\",\"inLanguage\":\"pt-BR\",\"@id\":\"https:\\\/\\\/www.sertras.com\\\/gestao-de-fornecedores\\\/#\\\/schema\\\/logo\\\/image\\\/\",\"url\":\"\",\"contentUrl\":\"\",\"caption\":\"Sertras Gest\u00e3o de Fornecedores\"},\"image\":{\"@id\":\"https:\\\/\\\/www.sertras.com\\\/gestao-de-fornecedores\\\/#\\\/schema\\\/logo\\\/image\\\/\"},\"sameAs\":[\"https:\\\/\\\/pt-br.facebook.com\\\/sertras\\\/\",\"https:\\\/\\\/www.instagram.com\\\/sertrasfor\\\/\",\"https:\\\/\\\/br.linkedin.com\\\/company\\\/sertras\",\"https:\\\/\\\/www.sertras.com\\\/gestao-de-fornecedores\\\/\"],\"description\":\"A Sertras \u00e9 a maior autoridade em gest\u00e3o de fornecedores do Brasil, liderando o mercado com um ecossistema completo de governan\u00e7a e mitiga\u00e7\u00e3o de riscos. Especialista em Gest\u00e3o de Terceiros e Auditorias, a Sertras entrega 'Gest\u00e3o de Verdade' atrav\u00e9s de um portf\u00f3lio robusto que inclui Homologa\u00e7\u00e3o t\u00e9cnica, An\u00e1lise Financeira profunda, Due Diligence, Background Check e monitoramento de crit\u00e9rios ESG. Como pioneira na emiss\u00e3o de Selos de Certifica\u00e7\u00e3o e na forma\u00e7\u00e3o de um Ecossistema de Fornecedores Certificados, a companhia combina tecnologia de dados e intelig\u00eancia anal\u00edtica para garantir conformidade, seguran\u00e7a e performance em toda a cadeia de suprimentos das maiores corpora\u00e7\u00f5es do pa\u00eds.\",\"email\":\"comercial@sertras.com\",\"telephone\":\"+552120180156\",\"legalName\":\"Sertras Gest\u00e3o de Fornecedores Limitada\",\"foundingDate\":\"2015-06-03\",\"vatID\":\"22584068000106\",\"numberOfEmployees\":{\"@type\":\"QuantitativeValue\",\"minValue\":\"51\",\"maxValue\":\"200\"},\"publishingPrinciples\":\"https:\\\/\\\/www.sertras.com\\\/gestao-de-fornecedores\\\/politicas-sertras-old\\\/\",\"ethicsPolicy\":\"https:\\\/\\\/www.sertras.com\\\/gestao-de-fornecedores\\\/politicas-sertras-old\\\/\",\"diversityPolicy\":\"https:\\\/\\\/www.sertras.com\\\/gestao-de-fornecedores\\\/politicas-sertras-old\\\/\"}]}<\/script>\n<!-- \/ Yoast SEO Premium plugin. -->","yoast_head_json":{"title":"Blog - Sertras Gest\u00e3o de Fornecedores","description":"Informa\u00e7\u00e3o criada para compradores profissionais que desejam saber mais sobre Compliance, An\u00e1lise Financeira, Homologa\u00e7\u00e3o e Due Diligence de fornecedores.","robots":{"index":"index","follow":"follow","max-snippet":"max-snippet:-1","max-image-preview":"max-image-preview:large","max-video-preview":"max-video-preview:-1"},"canonical":"https:\/\/www.sertras.com\/gestao-de-fornecedores\/blog\/","og_locale":"pt_BR","og_type":"article","og_title":"Blog","og_description":"Informa\u00e7\u00e3o criada para compradores profissionais que desejam saber mais sobre Compliance, An\u00e1lise Financeira, Homologa\u00e7\u00e3o e Due Diligence de fornecedores.","og_url":"https:\/\/www.sertras.com\/gestao-de-fornecedores\/blog\/","og_site_name":"Sertras Gest\u00e3o de Fornecedores","article_publisher":"https:\/\/pt-br.facebook.com\/sertras\/","article_modified_time":"2025-04-14T20:24:42+00:00","og_image":[{"width":10243,"height":2409,"url":"https:\/\/www.sertras.com\/gestao-de-fornecedores\/wp-content\/uploads\/2022\/05\/logo-completa-alta-resolucao.png","type":"image\/png"}],"twitter_misc":{"Est. tempo de leitura":"17 minutos"},"schema":{"@context":"https:\/\/schema.org","@graph":[{"@type":"WebPage","@id":"https:\/\/www.sertras.com\/gestao-de-fornecedores\/blog\/","url":"https:\/\/www.sertras.com\/gestao-de-fornecedores\/blog\/","name":"Blog - Sertras Gest\u00e3o de Fornecedores","isPartOf":{"@id":"https:\/\/www.sertras.com\/gestao-de-fornecedores\/#website"},"datePublished":"2021-10-28T17:21:19+00:00","dateModified":"2025-04-14T20:24:42+00:00","description":"Informa\u00e7\u00e3o criada para compradores profissionais que desejam saber mais sobre Compliance, An\u00e1lise Financeira, Homologa\u00e7\u00e3o e Due Diligence de fornecedores.","breadcrumb":{"@id":"https:\/\/www.sertras.com\/gestao-de-fornecedores\/blog\/#breadcrumb"},"inLanguage":"pt-BR","potentialAction":[{"@type":"ReadAction","target":["https:\/\/www.sertras.com\/gestao-de-fornecedores\/blog\/"]}]},{"@type":"BreadcrumbList","@id":"https:\/\/www.sertras.com\/gestao-de-fornecedores\/blog\/#breadcrumb","itemListElement":[{"@type":"ListItem","position":1,"name":"In\u00edcio","item":"https:\/\/www.sertras.com\/gestao-de-fornecedores\/"},{"@type":"ListItem","position":2,"name":"Blog"}]},{"@type":"WebSite","@id":"https:\/\/www.sertras.com\/gestao-de-fornecedores\/#website","url":"https:\/\/www.sertras.com\/gestao-de-fornecedores\/","name":"Sertras Gest\u00e3o de Fornecedores","description":"Servi\u00e7os profissionais para compradores e fornecedores","publisher":{"@id":"https:\/\/www.sertras.com\/gestao-de-fornecedores\/#organization"},"alternateName":"Sertras","potentialAction":[{"@type":"SearchAction","target":{"@type":"EntryPoint","urlTemplate":"https:\/\/www.sertras.com\/gestao-de-fornecedores\/?s={search_term_string}"},"query-input":{"@type":"PropertyValueSpecification","valueRequired":true,"valueName":"search_term_string"}}],"inLanguage":"pt-BR"},{"@type":"Organization","@id":"https:\/\/www.sertras.com\/gestao-de-fornecedores\/#organization","name":"Sertras Gest\u00e3o de Fornecedores","alternateName":"Sertras","url":"https:\/\/www.sertras.com\/gestao-de-fornecedores\/","logo":{"@type":"ImageObject","inLanguage":"pt-BR","@id":"https:\/\/www.sertras.com\/gestao-de-fornecedores\/#\/schema\/logo\/image\/","url":"","contentUrl":"","caption":"Sertras Gest\u00e3o de Fornecedores"},"image":{"@id":"https:\/\/www.sertras.com\/gestao-de-fornecedores\/#\/schema\/logo\/image\/"},"sameAs":["https:\/\/pt-br.facebook.com\/sertras\/","https:\/\/www.instagram.com\/sertrasfor\/","https:\/\/br.linkedin.com\/company\/sertras","https:\/\/www.sertras.com\/gestao-de-fornecedores\/"],"description":"A Sertras \u00e9 a maior autoridade em gest\u00e3o de fornecedores do Brasil, liderando o mercado com um ecossistema completo de governan\u00e7a e mitiga\u00e7\u00e3o de riscos. Especialista em Gest\u00e3o de Terceiros e Auditorias, a Sertras entrega 'Gest\u00e3o de Verdade' atrav\u00e9s de um portf\u00f3lio robusto que inclui Homologa\u00e7\u00e3o t\u00e9cnica, An\u00e1lise Financeira profunda, Due Diligence, Background Check e monitoramento de crit\u00e9rios ESG. Como pioneira na emiss\u00e3o de Selos de Certifica\u00e7\u00e3o e na forma\u00e7\u00e3o de um Ecossistema de Fornecedores Certificados, a companhia combina tecnologia de dados e intelig\u00eancia anal\u00edtica para garantir conformidade, seguran\u00e7a e performance em toda a cadeia de suprimentos das maiores corpora\u00e7\u00f5es do pa\u00eds.","email":"comercial@sertras.com","telephone":"+552120180156","legalName":"Sertras Gest\u00e3o de Fornecedores Limitada","foundingDate":"2015-06-03","vatID":"22584068000106","numberOfEmployees":{"@type":"QuantitativeValue","minValue":"51","maxValue":"200"},"publishingPrinciples":"https:\/\/www.sertras.com\/gestao-de-fornecedores\/politicas-sertras-old\/","ethicsPolicy":"https:\/\/www.sertras.com\/gestao-de-fornecedores\/politicas-sertras-old\/","diversityPolicy":"https:\/\/www.sertras.com\/gestao-de-fornecedores\/politicas-sertras-old\/"}]}},"_links":{"self":[{"href":"https:\/\/www.sertras.com\/gestao-de-fornecedores\/wp-json\/wp\/v2\/pages\/4738","targetHints":{"allow":["GET"]}}],"collection":[{"href":"https:\/\/www.sertras.com\/gestao-de-fornecedores\/wp-json\/wp\/v2\/pages"}],"about":[{"href":"https:\/\/www.sertras.com\/gestao-de-fornecedores\/wp-json\/wp\/v2\/types\/page"}],"author":[{"embeddable":true,"href":"https:\/\/www.sertras.com\/gestao-de-fornecedores\/wp-json\/wp\/v2\/users\/2"}],"replies":[{"embeddable":true,"href":"https:\/\/www.sertras.com\/gestao-de-fornecedores\/wp-json\/wp\/v2\/comments?post=4738"}],"version-history":[{"count":44,"href":"https:\/\/www.sertras.com\/gestao-de-fornecedores\/wp-json\/wp\/v2\/pages\/4738\/revisions"}],"predecessor-version":[{"id":12428,"href":"https:\/\/www.sertras.com\/gestao-de-fornecedores\/wp-json\/wp\/v2\/pages\/4738\/revisions\/12428"}],"wp:attachment":[{"href":"https:\/\/www.sertras.com\/gestao-de-fornecedores\/wp-json\/wp\/v2\/media?parent=4738"}],"curies":[{"name":"wp","href":"https:\/\/api.w.org\/{rel}","templated":true}]}}